{"id":8696,"date":"2015-12-21T11:49:26","date_gmt":"2015-12-21T11:49:26","guid":{"rendered":"https:\/\/www.meteo.cat\/wpweb\/?page_id=8696"},"modified":"2026-03-05T07:42:30","modified_gmt":"2026-03-05T07:42:30","slug":"convocatories-de-personal","status":"publish","type":"page","link":"https:\/\/www.meteo.cat\/wpweb\/transparencia-i-bon-govern\/contractacio\/convocatories-de-personal\/","title":{"rendered":"Convocat\u00f2ries de personal"},"content":{"rendered":"\n<p>Si vols formar part del personal del Servei Meteorol\u00f2gic de Catalunya, a continuaci\u00f3 trobar\u00e0s la relaci\u00f3 de les convocat\u00f2ries vigents, segons el tipus de pla\u00e7a en qu\u00e8 estiguis interessat. <strong>Cal que envi\u00efs la teva candidatura presentant un curr\u00edculum i breu descripci\u00f3 de les tasques desenvolupades utilitzant el <a href=\"https:\/\/static-m.meteo.cat\/wordpressweb\/wp-content\/uploads\/2023\/10\/26083732\/CV-normalitzat-SMC.pdf\" target=\"_blank\" rel=\"noreferrer noopener\">formulari normalitzat <\/a> i la documentaci\u00f3 requerida per cada convocat\u00f2ria.<\/strong><\/p>\n\n\n\n<p>Si&nbsp;decideixes prendre part en algun dels processos de selecci\u00f3,&nbsp;consulta els requisits espec\u00edfics a les bases de la convocat\u00f2ria.<\/p>\n\n\n\n<p>En el seg\u00fcent acord es descriu el proc\u00e9s de provisi\u00f3 de vacants signat el 26 de mar\u00e7 de 2019 pel Director i el Comit\u00e8 d&#8217;Empresa: <\/p>\n\n\n\n<p class=\"icon-link-arrow\"><a href=\"https:\/\/static-m.meteo.cat\/wordpressweb\/wp-content\/uploads\/2020\/06\/03062616\/20190326_Acord-proc%C3%A9s-de-provisi%C3%B3-vacants.pdf\" target=\"_blank\" rel=\"noreferrer noopener\">Acord sobre el proc\u00e9s de provisi\u00f3 de vacants i criteris d\u2019aplicaci\u00f3 dels barems de valoraci\u00f3 de les convocat\u00f2ries<\/a><\/p>\n\n\n\n<p>La borsa de treball t\u00e9 per objecte proveir amb personal temporal, les necessitat per substitucions temporals per raons d\u2019urg\u00e8ncia i necessitat dels llocs de treball de t\u00e8cnics\/iques. <a href=\"https:\/\/static-m.meteo.cat\/wordpressweb\/wp-content\/uploads\/2023\/05\/17065628\/Bases-borsa-SMC-Signatures_signed.pdf\">A l&#8217;Acord s\u2019estableixen els criteris i procediment per a la creaci\u00f3 i funcionament de la borsa de treball del SMC. <\/a><\/p>\n\n\n\n<div style=\"height:30px\" aria-hidden=\"true\" class=\"wp-block-spacer\"><\/div>\n\n\n\n<h2 class=\"taula-continguts-titol\" id=\"taula_continguts\">\u00c0mbits<\/h2>\n\n\n\n<ol class=\"taula-continguts\"><li><a href=\"https:\/\/www.meteo.cat\/wpweb\/transparencia-i-bon-govern\/contractacio\/convocatories-de-personal\/#RAM\">Recerca aplicada i modelitzaci\u00f3<\/a><\/li><li><a href=\"https:\/\/www.meteo.cat\/wpweb\/transparencia-i-bon-govern\/contractacio\/convocatories-de-personal\/#SOM\">Sistemes d&#8217;observaci\u00f3 meteorol\u00f2gica<\/a><\/li><li><a href=\"https:\/\/www.meteo.cat\/wpweb\/transparencia-i-bon-govern\/contractacio\/convocatories-de-personal\/#EPV\">Predicci\u00f3<\/a><\/li><li><a href=\"https:\/\/www.meteo.cat\/wpweb\/transparencia-i-bon-govern\/contractacio\/convocatories-de-personal\/#CLIMA\">Climatologia<\/a><\/li><li><a href=\"https:\/\/www.meteo.cat\/wpweb\/transparencia-i-bon-govern\/contractacio\/convocatories-de-personal\/#SUC\">Serveis a l&#8217;usuari i al client<\/a><\/li><li><a href=\"https:\/\/www.meteo.cat\/wpweb\/transparencia-i-bon-govern\/contractacio\/convocatories-de-personal\/#TIC\">Tecnologies de la informaci\u00f3 i la comunicaci\u00f3<\/a><\/li><li><a href=\"https:\/\/www.meteo.cat\/wpweb\/transparencia-i-bon-govern\/contractacio\/convocatories-de-personal\/#ADMIN\">Administraci\u00f3<\/a><\/li><li><a href=\"https:\/\/www.meteo.cat\/wpweb\/transparencia-i-bon-govern\/contractacio\/convocatories-de-personal\/#COM\">Comunicaci\u00f3<\/a><\/li><li><a href=\"https:\/\/www.meteo.cat\/wpweb\/transparencia-i-bon-govern\/contractacio\/convocatories-de-personal\/#FI\">Convocat\u00f2ries finalitzades<\/a><\/li><\/ol>\n\n\n\n<div style=\"height:50px\" aria-hidden=\"true\" class=\"wp-block-spacer\"><\/div>\n\n\n\n<h2 id=\"RAM\">Recerca aplicada i modelitzaci\u00f3<\/h2>\n\n\n\n<p>Actualment no hi ha convocat\u00f2ries de personal obertes.<\/p>\n\n\n\n<div style=\"height:20px\" aria-hidden=\"true\" class=\"wp-block-spacer\"><\/div>\n\n\n\n<h2 id=\"SOM\">Sistemes d&#8217;observaci\u00f3 meteorol\u00f2gica<\/h2>\n\n\n\n<figure class=\"wp-block-table sortable\"><table><thead><tr><th>Tipus<\/th><th>Refer\u00e8ncia<\/th><th>Pla\u00e7a<\/th><th>Documentaci\u00f3<\/th><\/tr><\/thead><tbody>\n<tr><td>Oferta temporal<\/td><td>TER775-25<\/td><td>T\u00e8cnic\/a Equipament d&#8217;Observaci\u00f3 Meteorol\u00f2gica (Calibratge)<\/td><td>\nConvocat\u00f2ria del <a href=\"https:\/\/territori.gencat.cat\/ca\/01_departament\/servidors-publics\/ofertes-treball\/index.html\" target=\"_blank\" rel=\"noreferrer noopener\">Departament de Territori, Habitatge i Transici\u00f3 Ecol\u00f2gica<\/a>\n<ul><li><a href=\"https:\/\/territori.gencat.cat\/web\/.content\/home\/01_departament\/servidors-publics\/resultats\/2025\/TER775-25.pdf\" target=\"_blank\" rel=\"noreferrer noopener\">Bases de la convocat\u00f2ria TER775-25<\/a>. Data l\u00edmit per presentar candidatures 1 de desembre de 2025<\/li><\/ul>\n<\/td><\/tr>\n<\/tbody><\/table><\/figure>\n\n\n\n<div style=\"height:20px\" aria-hidden=\"true\" class=\"wp-block-spacer\"><\/div>\n\n\n\n<h2 id=\"EPV\">Predicci\u00f3<\/h2>\n\n\n\n<p>Actualment no hi ha convocat\u00f2ries de personal obertes.<\/p>\n\n\n\n<div style=\"height:20px\" aria-hidden=\"true\" class=\"wp-block-spacer\"><\/div>\n\n\n\n<h2 id=\"CLIMA\">Climatologia<\/h2>\n\n\n\n<p>Actualment no hi ha convocat\u00f2ries de personal obertes.<\/p>\n\n\n\n<div style=\"height:20px\" aria-hidden=\"true\" class=\"wp-block-spacer\"><\/div>\n\n\n\n<h2 id=\"SUC\">Serveis a l&#8217;usuari i al client<\/h2>\n\n\n\n<p>Actualment no hi ha convocat\u00f2ries de personal obertes.<\/p>\n\n\n\n<div style=\"height:20px\" aria-hidden=\"true\" class=\"wp-block-spacer\"><\/div>\n\n\n\n<h2 id=\"TIC\">Tecnologies de la informaci\u00f3 i la comunicaci\u00f3<\/h2>\n\n\n\n<figure class=\"wp-block-table sortable\"><table><thead><tr><th>Tipus<\/th><th>Refer\u00e8ncia<\/th><th>Pla\u00e7a<\/th><th>Documentaci\u00f3<\/th><\/tr><\/thead><tbody>\n\n<tr><td>Oferta p\u00fablica ocupaci\u00f3. Concurs d\u2019oposici\u00f3<\/td><td>DBA\/OPO22<\/td><td>Administrador\/a de base de dades<\/td><td> \n<ul><li> \n<a href=\"https:\/\/static-m.meteo.cat\/wordpressweb\/wp-content\/uploads\/2025\/12\/02111459\/BASES_OPO_2022_TIC_2025-3a_convocatoria.pdf\" target=\"_blank\" rel=\"noreferrer noopener\">\nResoluci\u00f3 de 26 de novembre <\/a>per la qual s\u2019aprova i es fa p\u00fablica la convocat\u00f2ria de processos de selecci\u00f3, mitjan\u00e7ant concurs oposici\u00f3, per a la provisi\u00f3, en r\u00e8gim de contracte laboral indefinit fix, de l\u2019oferta p\u00fablica d\u2019ocupaci\u00f3 del Servei Meteorol\u00f2gic de Catalunya de l\u2019any 2022. Data l\u00edmit per presentar candidatures 29 de desembre.<\/li>\n<li> \n<a href=\"https:\/\/static-m.meteo.cat\/wordpressweb\/wp-content\/uploads\/2026\/01\/27081559\/1-Concurs-OPOSICIo_-DBA-Llistat-provisional-candidatures-admeses-i-excloses_signat.pdf\" target=\"_blank\" rel=\"noreferrer noopener\">\nLlistat provisional de candidatures admeses i excloses.<\/a> Data l\u00edmit per presentar al\u00b7legacions \u00e9s el proper dimarts 10 de febrer.<\/li>\n<li> \n<a href=\"https:\/\/static-m.meteo.cat\/wordpressweb\/wp-content\/uploads\/2026\/02\/24114348\/1.-Concurs_OPOSICIO_-DBA_Llistat_DEFINITIU-candidatures-admeses_excloses.pdf\" target=\"_blank\" rel=\"noreferrer noopener\">\nLlistat definitiu de candidatures admeses i excloses.<\/a> <\/li>\n<li> \n<a href=\"https:\/\/static-m.meteo.cat\/wordpressweb\/wp-content\/uploads\/2026\/03\/05073451\/1-Concurs-OPOSICIO_-DBA-Llistat-DEFINITIU-candidatures-admeses-i-excloses-Corregida_signada2.pdf\" target=\"_blank\" rel=\"noreferrer noopener\">\nLlistat definitiu de candidatures admeses i excloses amb correccions (fe d\u2019errates).<\/a> <\/li>\n\n\n<\/ul>\n<\/td><\/tr>\n<\/tbody><\/table><\/figure>\n\n\n\n<div style=\"height:20px\" aria-hidden=\"true\" class=\"wp-block-spacer\"><\/div>\n\n\n\n<h2 id=\"ADMIN\">Administraci\u00f3<\/h2>\n\n\n\n<p>Actualment no hi ha convocat\u00f2ries de personal obertes.<\/p>\n\n\n\n<div style=\"height:20px\" aria-hidden=\"true\" class=\"wp-block-spacer\"><\/div>\n\n\n\n<h2 id=\"COM\">Comunicaci\u00f3<\/h2>\n\n\n\n<p>Actualment no hi ha convocat\u00f2ries de personal obertes.<\/p>\n\n\n\n<div style=\"height:50px\" aria-hidden=\"true\" class=\"wp-block-spacer\"><\/div>\n\n\n\n<h2 id=\"FI\">Convocat\u00f2ries finalitzades 2025<\/h2>\n\n\n\n<h3>Tecnologies de la informaci\u00f3 i la comunicaci\u00f3<\/h3>\n\n\n\n<figure class=\"wp-block-table sortable\"><table><thead><tr><th>Tipus<\/th><th>Refer\u00e8ncia<\/th><th>Pla\u00e7a<\/th><th>Documentaci\u00f3<\/th><\/tr><\/thead><tbody>\n<tr><td>Oferta p\u00fablica ocupaci\u00f3. Concurs d\u2019oposici\u00f3<\/td><td>DBA\/OPO22<\/td><td>Administrador\/a de base de dades<\/td><td> \n<ul><li> \n<a href=\"https:\/\/static-m.meteo.cat\/wordpressweb\/wp-content\/uploads\/2025\/01\/14141530\/BASES-OPO-2022-TIC.pdf\" target=\"_blank\" rel=\"noreferrer noopener\">\nResoluci\u00f3 de 27 de novembre <\/a>per la qual s\u2019aprova i es fa p\u00fablica la convocat\u00f2ria de processos de selecci\u00f3, mitjan\u00e7ant concurs oposici\u00f3, per a la provisi\u00f3, en r\u00e8gim de contracte laboral indefinit fix, de l\u2019oferta p\u00fablica d\u2019ocupaci\u00f3 del Servei Meteorol\u00f2gic de Catalunya de l\u2019any 2022. Data l\u00edmit per presentar candidatures 4 de febrer.<\/li>\n\n<li> \n<a href=\"https:\/\/static-m.meteo.cat\/wordpressweb\/wp-content\/uploads\/2025\/02\/19144952\/1-Concurs-OPOSICIO_-DBA-Llistat-provisional-candidatures-admeses-i-excloses.pdf\" target=\"_blank\" rel=\"noreferrer noopener\">\nLlistat provisional d\u2019admesos i exclosos.<\/a> Data l\u00edmit per presentar al\u00b7legacions \u00e9s el proper dilluns 10 de mar\u00e7.<\/li>\n\n<li> \n<a href=\"https:\/\/static-m.meteo.cat\/wordpressweb\/wp-content\/uploads\/2025\/03\/17080115\/Signat-1-Concurs-OPOSICIO_-DBA-Llistat-DEFINITIU-candidatures-admeses-i-excloses.pdf\" target=\"_blank\" rel=\"noreferrer noopener\">\nLlistat definitiu d\u2019admesos i exclosos.<\/a> <\/li>\n\n<li> \n<a href=\"https:\/\/static-m.meteo.cat\/wordpressweb\/wp-content\/uploads\/2025\/04\/01060139\/LLISTAT_Exercici_v2.pdf\" target=\"_blank\" rel=\"noreferrer noopener\">\nLlistat resultat exercici te\u00f2ric-pr\u00e0ctic.<\/a> <\/li>\n<li> \n<a href=\"https:\/\/static-m.meteo.cat\/wordpressweb\/wp-content\/uploads\/2025\/06\/25082214\/2-Llistat-provisional-resultat-OPOSICIO_signat2.pdf\" target=\"_blank\" rel=\"noreferrer noopener\">\nLlistat resultat provisional fase oposici\u00f3. <\/a><strong>Data l\u00edmit per presentar al\u00b7legacions \u00e9s el proper dimarts 8 de juliol de 2025. <\/strong><\/li>\n\n<li> \n<a href=\"https:\/\/static-m.meteo.cat\/wordpressweb\/wp-content\/uploads\/2025\/10\/10072841\/2_Llistat_DEFINITIU_resultat0_OPOSICIo_Signat2.pdf\" target=\"_blank\" rel=\"noreferrer noopener\">\nResultat final del proc\u00e9s de selecci\u00f3.<\/a> <\/li>\n\n<li> \n<a href=\"https:\/\/static-m.meteo.cat\/wordpressweb\/wp-content\/uploads\/2025\/11\/06124429\/Resolucio_Deserta_convocatoria_Sistemes.pdf\" target=\"_blank\" rel=\"noreferrer noopener\">\nResoluci\u00f3 convocat\u00f2ria deserta.<\/a> <\/li>\n\n<\/ul>\n<\/td><\/tr>\n<tr><td>Oferta temporal<\/td><td>SMC05\/AUXTIC01\/25<\/td><td>T\u00e8cnic\/a auxiliar de suport a Sistemes<\/td><td> \n<ul>\n<li> \n<a href=\"https:\/\/static-m.meteo.cat\/wordpressweb\/wp-content\/uploads\/2025\/05\/29063707\/Auxiliar-Suport-Sistemes-TIC-2025.pdf\" target=\"_blank\" rel=\"noreferrer noopener\">\nBases de la convocat\u00f2ria SMC05\/AUXTIC01\/25SMC05\/AUXTIC01\/25. <\/a> Data l\u00edmit per presentar candidatures 7 de juny de 2025.<\/li>\n\n<li> \n<a href=\"https:\/\/static-m.meteo.cat\/wordpressweb\/wp-content\/uploads\/2025\/06\/12074729\/1-Llista-provisiona-candidatures-admese-i-excloses_signat2.pdf\" target=\"_blank\" rel=\"noreferrer noopener\">\nLlistat provisional d\u2019admesos i exclosos. <\/a> Data l\u00edmit per presentar al\u00b7legacions \u00e9s el proper dilluns 16 de juny de 2025<\/li>\n\n<li> \n<a href=\"https:\/\/static-m.meteo.cat\/wordpressweb\/wp-content\/uploads\/2025\/06\/18083622\/1-Llistat-definitu-candidatures-admeses-i-excloses_signat2auxTIC.pdf\" target=\"_blank\" rel=\"noreferrer noopener\">\nLlistat definitiu d\u2019admesos i exclosos. <\/a> <\/li>\n\n<li> \n<a href=\"https:\/\/static-m.meteo.cat\/wordpressweb\/wp-content\/uploads\/2025\/06\/19093848\/2-Llistat-1a-fase-auxTIC.pdf\" target=\"_blank\" rel=\"noreferrer noopener\">\nLlistat valoraci\u00f3 1a fase. <\/a> <\/li>\n\n<li> \n<a href=\"https:\/\/static-m.meteo.cat\/wordpressweb\/wp-content\/uploads\/2025\/06\/27121319\/3-Resulta-Final.pdf\" target=\"_blank\" rel=\"noreferrer noopener\">\nResultat final del proc\u00e9s de selecci\u00f3. <\/a> <\/li>\n\n<li> \n<a href=\"https:\/\/static-m.meteo.cat\/wordpressweb\/wp-content\/uploads\/2025\/07\/02102332\/25-_Resolucio-contractacio-auxtic-v2.pdf\" target=\"_blank\" rel=\"noreferrer noopener\">\nResoluci\u00f3 de finalitzaci\u00f3 del proc\u00e9s de selecci\u00f3. <\/a> <\/li>\n\n<\/ul>\n <\/td><\/tr>\n\n<tr><td>Oferta p\u00fablica ocupaci\u00f3. Concurs d\u2019oposici\u00f3<\/td><td>PROJE_2\/OPO22<\/td><td>2 T\u00e8cnics\/ques de Projectes<\/td><td> \n<ul>\n<li> \n<a href=\"https:\/\/static-m.meteo.cat\/wordpressweb\/wp-content\/uploads\/2025\/01\/14141530\/BASES-OPO-2022-TIC.pdf\" target=\"_blank\" rel=\"noreferrer noopener\">\nResoluci\u00f3 de 27 de novembre <\/a>per la qual s\u2019aprova i es fa p\u00fablica la convocat\u00f2ria de processos de selecci\u00f3, mitjan\u00e7ant concurs oposici\u00f3, per a la provisi\u00f3, en r\u00e8gim de contracte laboral indefinit fix, de l\u2019oferta p\u00fablica d\u2019ocupaci\u00f3 del Servei Meteorol\u00f2gic de Catalunya de l\u2019any 2022. Data l\u00edmit per presentar candidatures 4 de febrer.<\/li>\n\n<li> \n<a href=\"https:\/\/static-m.meteo.cat\/wordpressweb\/wp-content\/uploads\/2025\/02\/19144953\/1-Concurs-OPOSICIO_-Projectes-Llistat-provisional-candidatures-admeses-i-excloses.pdf\" target=\"_blank\" rel=\"noreferrer noopener\">\nLlistat provisional d\u2019admesos i exclosos.<\/a>Data l\u00edmit per presentar al\u00b7legacions \u00e9s el proper dilluns 10 de mar\u00e7.<\/li>\n\n<li> \n<a href=\"https:\/\/static-m.meteo.cat\/wordpressweb\/wp-content\/uploads\/2025\/03\/17083833\/1-Concurs-OPOSICIO_-Projectes-Llistat-DEFINITIU-candidatures-admeses-i-excloses_signat.pdf\" target=\"_blank\" rel=\"noreferrer noopener\">\nLlistat definitiu d\u2019admesos i exclosos.<\/a> <\/li>\n\n<li> \n<a href=\"https:\/\/static-m.meteo.cat\/wordpressweb\/wp-content\/uploads\/2025\/05\/05074607\/2.-Llistat-resultat-valoracio-fase-oposicio.pdf\" target=\"_blank\" rel=\"noreferrer noopener\">\nLlistat resultats fase oposici\u00f3.<\/a> Data l\u00edmit per presentar al\u00b7legacions \u00e9s el proper dimarts 20 de maig.<\/li>\n\n<li> \n<a href=\"https:\/\/static-m.meteo.cat\/wordpressweb\/wp-content\/uploads\/2025\/05\/26092900\/2-Llistat-Definitiu-resultat-OPO_signed2.pdf\" target=\"_blank\" rel=\"noreferrer noopener\">\nLlistat definitiu fase oposici\u00f3.<\/a> <\/li>\n\n<li> \n<a href=\"https:\/\/static-m.meteo.cat\/wordpressweb\/wp-content\/uploads\/2025\/06\/06084857\/2-Llistat-provisional-resulta-OPO-Merits_ticprojectes.pdf\" target=\"_blank\" rel=\"noreferrer noopener\">\nLlistat resultat provisional fase de m\u00e8rits.<\/a>Data l\u00edmit per presentar al\u00b7legacions \u00e9s el proper dilluns 23 de juny de 2025. <\/li>\n\n<li> \n<a href=\"https:\/\/static-m.meteo.cat\/wordpressweb\/wp-content\/uploads\/2025\/07\/02100532\/4.-Llistat-DEFINITIU-resultat-OPO_signat_signed.pdf\" target=\"_blank\" rel=\"noreferrer noopener\">\nResultat final del proc\u00e9s de selecci\u00f3.<\/a> <\/li>\n\n<\/ul>\n <\/td><\/tr>\n\n\n<\/tbody><\/table><\/figure>\n\n\n\n<div style=\"height:20px\" aria-hidden=\"true\" class=\"wp-block-spacer\"><\/div>\n\n\n\n<h3>Serveis a l&#8217;usuari i al client<\/h3>\n\n\n\n<figure class=\"wp-block-table sortable\"><table><thead><tr><th>Tipus<\/th><th>Refer\u00e8ncia<\/th><th>Pla\u00e7a<\/th><th>Documentaci\u00f3<\/th><\/tr><\/thead><tbody>\n\n<tr><td>Oferta temporal<\/td><td>SMC03\/TECSUC01\/25<\/td><td>T\u00e8cnic\/a de Serveis a l&#8217;usuari i al client (SUC)<\/td><td> \n<ul>\n\n<li> \n<a href=\"https:\/\/static-m.meteo.cat\/wordpressweb\/wp-content\/uploads\/2025\/05\/07053242\/Tecnic-Divulgacio_v2.pdf\" target=\"_blank\" rel=\"noreferrer noopener\">\nBases de la convocat\u00f2ria SMC03\/TECSUC01\/25. <\/a> Data l\u00edmit per presentar candidatures 18 de maig de 2025.<\/li>\n\n<li> \n<a href=\"https:\/\/static-m.meteo.cat\/wordpressweb\/wp-content\/uploads\/2025\/05\/26071311\/1-Llistat-provisional-candidatures-admeses-i-excloses.pdf\" target=\"_blank\" rel=\"noreferrer noopener\">\nLlistat provisional d\u2019admesos i exclosos. <\/a> Data l\u00edmit per presentar al\u00b7legacions \u00e9s el proper dijous 29 de maig de 2025.<\/li>\n\n<li> \n<a href=\"https:\/\/static-m.meteo.cat\/wordpressweb\/wp-content\/uploads\/2025\/06\/03075723\/1-Llistat-Definitiu-candidatures-admeses-i-excloses.pdf\" target=\"_blank\" rel=\"noreferrer noopener\">\nLlistat definitiu d\u2019admesos i exclosos. <\/a> <\/li>\n\n<li> \n<a href=\"https:\/\/static-m.meteo.cat\/wordpressweb\/wp-content\/uploads\/2025\/06\/06104912\/2-Llistat-1a-faseSUCEDUCATIU.pdf\" target=\"_blank\" rel=\"noreferrer noopener\">\nLlistat valoraci\u00f3 1a fase  <\/a> <\/li>\n\n<li> \n<a href=\"https:\/\/static-m.meteo.cat\/wordpressweb\/wp-content\/uploads\/2025\/07\/21104521\/25-_Resoluci0_contractacio_Desestimacio.pdf\" target=\"_blank\" rel=\"noreferrer noopener\">\nResoluci\u00f3 desestimaci\u00f3 convocat\u00f2ria<\/a> <\/li>\n\n<\/ul>\n <\/td><\/tr>\n\n<\/tbody><\/table><\/figure>\n\n\n\n<h3 id=\"COM\">Comunicaci\u00f3<\/h3>\n\n\n\n<figure class=\"wp-block-table sortable\"><table><thead><tr><th>Tipus<\/th><th>Refer\u00e8ncia<\/th><th>Pla\u00e7a<\/th><th>Documentaci\u00f3<\/th><\/tr><\/thead><tbody>\n\n<tr><td>Oferta temporal <\/td><td>SMC01\/CCOM01\/25<\/td><td>Cap de Comunicaci\u00f3<\/td><td> \n<ul>\n<li> \n<a href=\"https:\/\/static-m.meteo.cat\/wordpressweb\/wp-content\/uploads\/2025\/01\/16090227\/Cap-Comunicacio-externa.pdf\" target=\"_blank\" rel=\"noreferrer noopener\">\nBases de la convocat\u00f2ria SMC01\/CCOM01\/25.<\/a> Data l\u00edmit per presentar candidatures 27 de gener de 2025.<\/li>\n\n<li> \n<a href=\"https:\/\/static-m.meteo.cat\/wordpressweb\/wp-content\/uploads\/2025\/03\/04114322\/CCOM_Llistat-provisional-candidatures-admeses-i-excloses.pdf\" target=\"_blank\" rel=\"noreferrer noopener\">\nLlistat provisional d\u2019admesos i exclosos.<\/a>  Data l\u00edmit per presentar al\u00b7legacions 7 de mar\u00e7 de 2025.<\/li><\/li>\n\n<li> \n<a href=\"https:\/\/static-m.meteo.cat\/wordpressweb\/wp-content\/uploads\/2025\/03\/17083832\/4-CCOM_Llistat-DEFINITIU-candidatures-admeses-i-excloses-1_signat.pdf\" target=\"_blank\" rel=\"noreferrer noopener\">\nLlistat definitiu d\u2019admesos i exclosos.<\/a> <\/li>\n\n<li> \n<a href=\"https:\/\/static-m.meteo.cat\/wordpressweb\/wp-content\/uploads\/2025\/03\/24182151\/2.CCOM_25_Llistat-valoracio-1a-fase-1_signat.pdf\" target=\"_blank\" rel=\"noreferrer noopener\">\nLlistat valoraci\u00f3 1a fase.<\/a> <\/li>\n\n<li> \n<a href=\"https:\/\/static-m.meteo.cat\/wordpressweb\/wp-content\/uploads\/2025\/04\/24124125\/2.CCOM_25_Llistat_RESULTAT_FINAL.pdf\" target=\"_blank\" rel=\"noreferrer noopener\">\nResultat final del proc\u00e9s de selecci\u00f3.<\/a> <\/li>\n\n<li> \n<a href=\"https:\/\/static-m.meteo.cat\/wordpressweb\/wp-content\/uploads\/2025\/05\/07104733\/25-_Resolucio-contractacioCOM.pdf\" target=\"_blank\" rel=\"noreferrer noopener\">\nResoluci\u00f3 de finalitzaci\u00f3 del proc\u00e9s de selecci\u00f3.<\/a> <\/li>\n\n<\/ul>\n <\/td><\/tr>\n\n<\/tbody><\/table><\/figure>\n\n\n\n<h3 id=\"CLIMA\">Climatologia<\/h3>\n\n\n\n<figure class=\"wp-block-table sortable\"><table><thead><tr><th>Tipus<\/th><th>Refer\u00e8ncia<\/th><th>Pla\u00e7a<\/th><th>Documentaci\u00f3<\/th><\/tr><\/thead><tbody>\n\n<tr><td>Oferta temporal<\/td><td>PROJE_2\/OPO22<\/td><td>T\u00e8cnic\/a de Serveis Clim\u00e0tics<\/td><td> \n<ul>\n<li> \n<a href=\"https:\/\/static-m.meteo.cat\/wordpressweb\/wp-content\/uploads\/2025\/02\/05092312\/SMC009_CLIMA-02_22-Convocatoria-Serveis-Climatics.pdf\" target=\"_blank\" rel=\"noreferrer noopener\">\nBases de la convocat\u00f2ria SMC01\/SSCC01\/25. <\/a> Data l\u00edmit per presentar candidatures 19 de febrer de 2025.<\/li>\n<li> \n<a href=\"https:\/\/static-m.meteo.cat\/wordpressweb\/wp-content\/uploads\/2025\/03\/10150539\/SSCC_01_25_Llistat-provisional-candidatures-admeses-i-excloses-3.pdf\" target=\"_blank\" rel=\"noreferrer noopener\">\nLlistat provisional d\u2019admesos i exclosos.<\/a> Data l\u00edmit per presentar al\u00b7legacions \u00e9s el proper divendres 14 de mar\u00e7.<\/li>\n<li> \n<a href=\"https:\/\/static-m.meteo.cat\/wordpressweb\/wp-content\/uploads\/2025\/03\/19132840\/SSCC_01_25_Llistat-definitiu-candidatures-admeses-i-excloses-1.pdf\" target=\"_blank\" rel=\"noreferrer noopener\">\nLlistat definitiu d\u2019admesos i exclosos.<\/a> <\/li>\n\n<li> \n<a href=\"https:\/\/static-m.meteo.cat\/wordpressweb\/wp-content\/uploads\/2025\/04\/02070153\/2.TSC_Llistat-valoracio-1a-fase.pdf\" target=\"_blank\" rel=\"noreferrer noopener\">\nLlistat valoraci\u00f3 1a fase.<\/a> <\/li>\n\n<li> \n<a href=\"https:\/\/static-m.meteo.cat\/wordpressweb\/wp-content\/uploads\/2025\/04\/09144030\/3.-Llistat-RESULTAT-FINAL.pdf\" target=\"_blank\" rel=\"noreferrer noopener\">\nResultat final del proc\u00e9s de selecci\u00f3.<\/a> <\/li>\n\n<li> \n<a href=\"https:\/\/static-m.meteo.cat\/wordpressweb\/wp-content\/uploads\/2025\/04\/24124126\/25-_Resolucio-contractacio.pdf\" target=\"_blank\" rel=\"noreferrer noopener\">\nResoluci\u00f3 de finalitzaci\u00f3 del proc\u00e9s de selecci\u00f3.<\/a> <\/li>\n\n<\/ul>\n <\/td><\/tr>\n\n<\/tbody><\/table><\/figure>\n\n\n\n<h3 id=\"ADMIN\">Administraci\u00f3<\/h3>\n\n\n\n<figure class=\"wp-block-table sortable\"><table><thead><tr><th>Tipus<\/th><th>Refer\u00e8ncia<\/th><th>Pla\u00e7a<\/th><th>Documentaci\u00f3<\/th><\/tr><\/thead><tbody>\n\n<tr><td>Oferta temporal<\/td><td>SMC07\/TCRI03\/24<\/td><td>T\u00e8cnic\/a de contractaci\u00f3 publica i suport jur\u00eddic<\/td><td> <ul> \n<li><a rel=\"noreferrer noopener\" href=\"https:\/\/static-m.meteo.cat\/wordpressweb\/wp-content\/uploads\/2025\/05\/26092603\/convocatoria_Tecnic_contractacio_05-25-2_2.pdf\" target=\"_blank\">Bases de la convocat\u00f2ria SMC04\/TCRI01\/25<\/a>.  Data l\u00edmit per presentar candidatures 2 de juny de 2025.<\/li>\n\n<li><a rel=\"noreferrer noopener\" href=\"https:\/\/static-m.meteo.cat\/wordpressweb\/wp-content\/uploads\/2025\/06\/05115021\/1-Llistat-provisional-candidatures-admeses-i-excloses.pdf\" target=\"_blank\">Llistat provisional d\u2019admesos i exclosos.<\/a>   Data l\u00edmit per presentar al\u00b7legacions el 8 de juny de 2025. <\/li>\n\n<li><a rel=\"noreferrer noopener\" href=\"https:\/\/static-m.meteo.cat\/wordpressweb\/wp-content\/uploads\/2025\/06\/11143325\/2-Llistat-DEFINITIU-candidatures-admeses-i-excloses-12.pdf\" target=\"_blank\">Llistat definitiu d\u2019admesos i exclosos.<\/a> <\/li>\n\n<li><a rel=\"noreferrer noopener\" href=\"https:\/\/static-m.meteo.cat\/wordpressweb\/wp-content\/uploads\/2025\/06\/16065905\/2-Llistat-1a-Fase-contractacio.pdf\" target=\"_blank\">Llistat valoraci\u00f3 1a fase.<\/a> <\/li>\n\n<li><a rel=\"noreferrer noopener\" href=\"https:\/\/static-m.meteo.cat\/wordpressweb\/wp-content\/uploads\/2025\/06\/19093847\/3_Llistat-Resultat-Final-contractacio.pdf\" target=\"_blank\">Resultat final del proc\u00e9s de selecci\u00f3.<\/a> <\/li>\n\n<li><a rel=\"noreferrer noopener\" href=\"https:\/\/static-m.meteo.cat\/wordpressweb\/wp-content\/uploads\/2025\/06\/26142756\/25-_Resolucio-contractacio-.pdf\" target=\"_blank\">Resoluci\u00f3 de finalitzaci\u00f3 del proc\u00e9s de selecci\u00f3.<\/a> <\/li>\n\n<\/ul><\/td><\/tr>\n\n<tr><td>Oferta temporal<\/td><td>SMC07\/TCRI03\/24<\/td><td>2 T\u00e8cnics\/ques de contractaci\u00f3 publica i suport jur\u00eddic<\/td><td> <ul> <li><a rel=\"noreferrer noopener\" href=\"https:\/\/static-m.meteo.cat\/wordpressweb\/wp-content\/uploads\/2024\/11\/11112408\/convocatoria-Tecnic-contractacio-07-24.pdf\" target=\"_blank\">Bases de la convocat\u00f2ria SMC07\/TCRI03\/24<\/a>.  Data l\u00edmit per presentar candidatures 21 de novembre de 2024.<\/li> <li><a rel=\"noreferrer noopener\" href=\"https:\/\/static-m.meteo.cat\/wordpressweb\/wp-content\/uploads\/2024\/12\/02153550\/2-TCRI03_24_Llistat-provisional-candidatures-admeses-i-excloses_signat.pdf\" target=\"_blank\">Llistat provisional d\u2019admesos i exclosos <\/a>. Data l\u00edmit per presentar al\u00b7legacions \u00e9s el proper divendres 6 de desembre. <\/li> <li><a rel=\"noreferrer noopener\" href=\"https:\/\/static-m.meteo.cat\/wordpressweb\/wp-content\/uploads\/2024\/12\/12082102\/2.-TCRI03-LListat-Definitiu-admesos-i-exclosos-signat.pdf\" target=\"_blank\">Llistat definitiu d\u2019admesos i exclosos <\/a>. <\/li> <li><a rel=\"noreferrer noopener\" href=\"https:\/\/static-m.meteo.cat\/wordpressweb\/wp-content\/uploads\/2024\/12\/12082103\/3.-Llistat-valoracio-1a-fase-TCRI03-signat.pdf\" target=\"_blank\">Llistat valoraci\u00f3 1a fase<\/a>. <\/li><li><a href=\"https:\/\/static-m.meteo.cat\/wordpressweb\/wp-content\/uploads\/2024\/12\/23095327\/3.-Llistat-RESULTAT-FINAL-TCRI03-24-2_signat.pdf\" data-type=\"URL\">Resultat final del proc\u00e9s de selecci\u00f3.<\/li><\/a>\n<li><a href=\"https:\/\/static-m.meteo.cat\/wordpressweb\/wp-content\/uploads\/2025\/01\/10120122\/25-_Resolucio_contractacio.pdf\" data-type=\"URL\">Resoluci\u00f3 de finalitzaci\u00f3 del proc\u00e9s de selecci\u00f3.<\/li><\/a>\n\n<\/td><\/tr>\n\n\n<tr><td>Oferta p\u00fablica ocupaci\u00f3. Concurs d\u2019oposici\u00f3<\/td><td>GEOCI\/OPO22<\/td><td>Responsable de Gesti\u00f3 Econ\u00f2mica i \u00f2rgan de control intern<\/td><td>  <ul><li>  <a rel=\"noreferrer noopener\" href=\"https:\/\/static-m.meteo.cat\/wordpressweb\/wp-content\/uploads\/2024\/02\/02121023\/Resolucio-2024-02-01.pdf\" target=\"_blank\"> Resoluci\u00f3 de 23 de gener <\/a>per la qual s&#8217;aprova i es fa p\u00fablica la convocat\u00f2ria de processos de selecci\u00f3, mitjan\u00e7ant concurs oposici\u00f3, per a la provisi\u00f3, en r\u00e8gim de contracte laboral indefinit fix, de l&#8217;oferta p\u00fablica d&#8217;ocupaci\u00f3 del Servei Meteorol\u00f2gic de Catalunya de l&#8217;any 2022. Data l\u00edmit per presentar candidatures 23 de febrer.<\/li> <li>  <a rel=\"noreferrer noopener\" href=\"https:\/\/static-m.meteo.cat\/wordpressweb\/wp-content\/uploads\/2024\/10\/14114834\/1_Concurs_OPOSICIO_-GE_OCI_Llistat-provisional-candidatures-admeses-i-excloses.pdf\" target=\"_blank\"> Llistat provisional de candidatures admeses i excloses.<\/a>Data l\u00edmit per presentar al\u00b7legacions 4 de novembre de 2024.<\/li> <li>  <a rel=\"noreferrer noopener\" href=\"https:\/\/static-m.meteo.cat\/wordpressweb\/wp-content\/uploads\/2024\/11\/11080423\/2-Concurs-OPOSICIO_-GE-i-OCI_Llistat-candidatures-admeses-i-excloses.pdf\" target=\"_blank\"> Llistat definitiu de candidatures admeses i excloses. <\/a>   <a rel=\"noreferrer noopener\" href=\"https:\/\/static-m.meteo.cat\/wordpressweb\/wp-content\/uploads\/2024\/11\/27111040\/3-Llistat-de-merit-GE-OCI.pdf\" target=\"_blank\"> Llistat provisional de valoraci\u00f3 de m\u00e8rits.<\/a>Data l\u00edmit per presentar al\u00b7legacions 11 de desembre de 2024.<\/li><li><a href=\"https:\/\/static-m.meteo.cat\/wordpressweb\/wp-content\/uploads\/2024\/12\/23121557\/5.-Llistat-RESULTAT-FINAL-GE-i-OCI_signat.pdf\">Resultat final del proc\u00e9s de selecci\u00f3.  <\/a>Data l\u00edmit per presentar al\u00b7legacions 17 de gener de 2025.<\/li>\n\n <li>  <a rel=\"noreferrer noopener\" href=\"https:\/\/static-m.meteo.cat\/wordpressweb\/wp-content\/uploads\/2025\/02\/10150420\/7.-Resolucio-adjudicacio-placa-GE-i-OCI.pdf\" target=\"_blank\"> Resoluci\u00f3 de finalitzaci\u00f3 del proc\u00e9s de selecci\u00f3. <\/a>   <\/li>\n\n<\/ul><\/td><\/tr><\/tbody><\/table><\/figure>\n\n\n\n<div style=\"height:50px\" aria-hidden=\"true\" class=\"wp-block-spacer\"><\/div>\n","protected":false},"excerpt":{"rendered":"<p>Si vols formar part del personal del Servei Meteorol\u00f2gic de Catalunya, a continuaci\u00f3 trobar\u00e0s la relaci\u00f3 de les convocat\u00f2ries vigents, segons el tipus de pla\u00e7a en qu\u00e8 estiguis interessat. Cal que envi\u00efs la teva candidatura presentant un curr\u00edculum i breu descripci\u00f3 de les tasques desenvolupades utilitzant el formulari normalitzat i la documentaci\u00f3 requerida per cada [&hellip;]<\/p>\n","protected":false},"author":2,"featured_media":0,"parent":8662,"menu_order":1,"comment_status":"closed","ping_status":"closed","template":"","meta":{"_mi_skip_tracking":false,"_monsterinsights_sitenote_active":false,"_monsterinsights_sitenote_note":"","_monsterinsights_sitenote_category":0},"_links":{"self":[{"href":"https:\/\/www.meteo.cat\/wpweb\/wp-json\/wp\/v2\/pages\/8696"}],"collection":[{"href":"https:\/\/www.meteo.cat\/wpweb\/wp-json\/wp\/v2\/pages"}],"about":[{"href":"https:\/\/www.meteo.cat\/wpweb\/wp-json\/wp\/v2\/types\/page"}],"author":[{"embeddable":true,"href":"https:\/\/www.meteo.cat\/wpweb\/wp-json\/wp\/v2\/users\/2"}],"replies":[{"embeddable":true,"href":"https:\/\/www.meteo.cat\/wpweb\/wp-json\/wp\/v2\/comments?post=8696"}],"version-history":[{"count":780,"href":"https:\/\/www.meteo.cat\/wpweb\/wp-json\/wp\/v2\/pages\/8696\/revisions"}],"predecessor-version":[{"id":45228,"href":"https:\/\/www.meteo.cat\/wpweb\/wp-json\/wp\/v2\/pages\/8696\/revisions\/45228"}],"up":[{"embeddable":true,"href":"https:\/\/www.meteo.cat\/wpweb\/wp-json\/wp\/v2\/pages\/8662"}],"wp:attachment":[{"href":"https:\/\/www.meteo.cat\/wpweb\/wp-json\/wp\/v2\/media?parent=8696"}],"curies":[{"name":"wp","href":"https:\/\/api.w.org\/{rel}","templated":true}]}}