{"id":68,"date":"2014-12-11T09:34:33","date_gmt":"2014-12-11T09:34:33","guid":{"rendered":"http:\/\/\/wpweb\/?page_id=68"},"modified":"2024-07-17T11:42:20","modified_gmt":"2024-07-17T11:42:20","slug":"contacte","status":"publish","type":"page","link":"https:\/\/www.meteo.cat\/wpweb\/contacte\/","title":{"rendered":"Contacte"},"content":{"rendered":"\n<p>Utilitzeu aquest formulari per enviar les vostres<strong>\u202fconsultes, queixes i suggeriments<\/strong>\u202fsobre qualsevol dels serveis que ofereix el Servei Meteorol\u00f2gic de Catalunya.<\/p>\n\n\n\n<p>Per accedir a <strong>prediccions meteorol\u00f2giques<\/strong> podeu consultar l&#8217;apartat corresponent del <a href=\"https:\/\/www.meteo.cat\/wpweb\/prediccio\/\">web<\/a>, no facilitem prediccions personalitzades. <\/p>\n\n\n\n<p>Per<strong> peticions d&#8217;informaci\u00f3 o d&#8217;altres serveis <\/strong>posem al teu abast els seg\u00fcents formularis espec\u00edfics:<\/p>\n\n\n\n<ul><li><a href=\"https:\/\/www.meteo.cat\/wpweb\/serveis\/formularis\/peticio-dinformes-i-dades-meteorologiques\/peticio-dinformes-meteorologics\/\">Petici\u00f3 de dades i d&#8217;informes per dies concrets<\/a><\/li><li><a href=\"https:\/\/www.meteo.cat\/wpweb\/serveis\/formularis\/peticio-dinformes-i-dades-meteorologiques\/peticio-de-dades-meteorologiques\/\">Petici\u00f3 de fitxers amb dades meteorol\u00f2giques<\/a><\/li><li><a href=\"https:\/\/www.meteo.cat\/wpweb\/serveis\/formularis\/contractacio-de-serveis-del-cataleg\/\">Contractaci\u00f3 de serveis del cat\u00e0leg<\/a><\/li><li><a href=\"https:\/\/apidocs.meteocat.gencat.cat\/section\/informacio-general\/plans-i-registre\/\">Registre a l\u2019API de l\u2019SMC <\/a><\/li><\/ul>\n\n\n\n<div style=\"height:10px\" aria-hidden=\"true\" class=\"wp-block-spacer\"><\/div>\n\n\n<div role=\"form\" class=\"wpcf7\" id=\"wpcf7-f30248-o1\" lang=\"ca\" dir=\"ltr\">\n<div class=\"screen-reader-response\"><p role=\"status\" aria-live=\"polite\" aria-atomic=\"true\"><\/p> <ul><\/ul><\/div>\n<form action=\"\/wpweb\/wp-json\/wp\/v2\/pages\/68#wpcf7-f30248-o1\" method=\"post\" class=\"wpcf7-form init\" enctype=\"multipart\/form-data\" novalidate=\"novalidate\" data-status=\"init\">\n<div style=\"display: none;\">\n<input type=\"hidden\" name=\"_wpcf7\" value=\"30248\" \/>\n<input type=\"hidden\" name=\"_wpcf7_version\" value=\"5.4.1\" \/>\n<input type=\"hidden\" name=\"_wpcf7_locale\" value=\"ca\" \/>\n<input type=\"hidden\" name=\"_wpcf7_unit_tag\" value=\"wpcf7-f30248-o1\" \/>\n<input type=\"hidden\" name=\"_wpcf7_container_post\" value=\"0\" \/>\n<input type=\"hidden\" name=\"_wpcf7_posted_data_hash\" value=\"\" \/>\n<input type=\"hidden\" name=\"_wpcf7cf_hidden_group_fields\" value=\"\" \/>\n<input type=\"hidden\" name=\"_wpcf7cf_hidden_groups\" value=\"\" \/>\n<input type=\"hidden\" name=\"_wpcf7cf_visible_groups\" value=\"\" \/>\n<input type=\"hidden\" name=\"_wpcf7cf_repeaters\" value=\"[]\" \/>\n<input type=\"hidden\" name=\"_wpcf7cf_steps\" value=\"{}\" \/>\n<input type=\"hidden\" name=\"_wpcf7cf_options\" value=\"{&quot;form_id&quot;:30248,&quot;conditions&quot;:[],&quot;settings&quot;:{&quot;animation&quot;:&quot;yes&quot;,&quot;animation_intime&quot;:200,&quot;animation_outtime&quot;:200,&quot;conditions_ui&quot;:&quot;normal&quot;,&quot;notice_dismissed&quot;:false,&quot;notice_dismissed_update-cf7-5.5.1&quot;:true}}\" \/>\n<input type=\"hidden\" name=\"_wpcf7_recaptcha_response\" value=\"\" \/>\n<\/div>\n<fieldset>\n<legend>Vull<\/legend>\n<p><span class=\"wpcf7-form-control-wrap vull\"><span class=\"wpcf7-form-control wpcf7-radio\"><span class=\"wpcf7-list-item first\"><label><input type=\"radio\" name=\"vull\" value=\"Realitzar una consulta general\" checked=\"checked\" \/><span class=\"wpcf7-list-item-label\">Realitzar una consulta general<\/span><\/label><\/span><span class=\"wpcf7-list-item\"><label><input type=\"radio\" name=\"vull\" value=\"Formular una queixa\" \/><span class=\"wpcf7-list-item-label\">Formular una queixa<\/span><\/label><\/span><span class=\"wpcf7-list-item last\"><label><input type=\"radio\" name=\"vull\" value=\"Donar una opini\u00f3 o fer un suggeriment\" \/><span class=\"wpcf7-list-item-label\">Donar una opini\u00f3 o fer un suggeriment<\/span><\/label><\/span><\/span><\/span>\n<\/p><\/fieldset>\n<fieldset style=\"margin-top:35px;\">\n<legend>Comunicaci\u00f3<\/legend>\n<p><label for=\"assumpte\">Assumpte (obligatori):<\/label><\/p>\n<p><span class=\"wpcf7-form-control-wrap assumpte\"><input type=\"text\" name=\"assumpte\" value=\"\" size=\"40\" class=\"wpcf7-form-control wpcf7-text wpcf7-validates-as-required\" id=\"assumpte\" aria-required=\"true\" aria-invalid=\"false\" \/><\/span><\/p>\n<p><label for=\"missatge\">Missatge (obligatori):<\/label><\/p>\n<p><span class=\"wpcf7-form-control-wrap missatge\"><textarea name=\"missatge\" cols=\"40\" rows=\"10\" class=\"wpcf7-form-control wpcf7-textarea wpcf7-validates-as-required\" id=\"missatge\" aria-required=\"true\" aria-invalid=\"false\"><\/textarea><\/span><\/p>\n<p><label for=\"adjunt\">Adjuntar fitxer (pes m\u00e0xim de 2MB):<\/label><\/p>\n<p><span class=\"wpcf7-form-control-wrap adjunt\"><input type=\"file\" name=\"adjunt\" size=\"40\" class=\"wpcf7-form-control wpcf7-file\" id=\"adjunt\" accept=\".jpg,.jpeg,.png,.gif,.pdf,.doc,.docx,.ppt,.pptx,.odt,.avi,.ogg,.m4a,.mov,.mp3,.mp4,.mpg,.wav,.wmv\" aria-invalid=\"false\" \/><\/span><\/p>\n<\/fieldset>\n<fieldset style=\"margin-top:35px;\">\n<legend>Dades de contacte<\/legend>\n<p><label for=\"nom\">Nom (obligatori)<\/label><\/p>\n<p><span class=\"wpcf7-form-control-wrap your-name\"><input type=\"text\" name=\"your-name\" value=\"\" size=\"40\" class=\"wpcf7-form-control wpcf7-text wpcf7-validates-as-required\" id=\"nom\" autocomplete=\"given-name\" aria-required=\"true\" aria-invalid=\"false\" \/><\/span><\/p>\n<p><label for=\"cognom\">Cognoms (obligatori)<\/label><\/p>\n<p><span class=\"wpcf7-form-control-wrap your-surname\"><input type=\"text\" name=\"your-surname\" value=\"\" size=\"40\" class=\"wpcf7-form-control wpcf7-text wpcf7-validates-as-required\" id=\"cognom\" autocomplete=\"family-name\" aria-required=\"true\" aria-invalid=\"false\" \/><\/span><\/p>\n<p><label for=\"mail\">Adre\u00e7a electr\u00f2nica (obligatori)<\/label><\/p>\n<p><span class=\"wpcf7-form-control-wrap your-email\"><input type=\"email\" name=\"your-email\" value=\"\" size=\"40\" class=\"wpcf7-form-control wpcf7-text wpcf7-email wpcf7-validates-as-required wpcf7-validates-as-email\" id=\"mail\" autocomplete=\"email\" aria-required=\"true\" aria-invalid=\"false\" \/><\/span><\/p>\n<\/fieldset>\n<div class=\"lopd\">\n<p>El Servei Meteorol\u00f2gic de Catalunya us respondr\u00e0 en catal\u00e0. Si voleu rebre la resposta en una altra llengua oficial a Catalunya, o en angl\u00e8s, indiqueu-ho al contingut de la vostra comunicaci\u00f3.<\/p>\n<fieldset>\n<legend>Informaci\u00f3 sobre el tractament de dades personals<\/legend>\n<ul>\n<li><strong>Responsable del tractament<\/strong>: Servei Meteorol\u00f2gic de Catalunya<\/li>\n<li><strong>Delegat de protecci\u00f3 de dades<\/strong>: &#x70;r&#x6f;&#116;&#x65;&#99;c&#x69;&#111;&#x64;&#97;d&#x65;&#115;&#x2e;&#109;e&#x74;e&#x6f;&#99;&#x61;&#x74;&#64;&#x67;&#101;&#x6e;&#99;a&#x74;&#46;&#x63;&#97;t<\/li>\n<li><strong>Finalitat del tractament<\/strong>: Tramitar les peticions d\u2019informaci\u00f3, atendre les queixes i recollir els suggeriments dels ciutadans sobre la mat\u00e8ria compet\u00e8ncia del SMC.<\/li>\n<li><strong>Base jur\u00eddica<\/strong>: Compliment de missi\u00f3 en inter\u00e9s p\u00fablic (Art. 6.1.e. RGPD). Les dades identificatives i de contacte s\u00f3n necess\u00e0ries per tramitar la vostra sol\u00b7licitud. El fet de no proporcionar-les pot impedir que es tramiti.<\/li>\n<li><strong>Destinataris<\/strong>: No es preveu comunicar dades a tercers, excepte si hagu\u00e9s una obligaci\u00f3n legal.<\/li>\n<li><strong>Drets\u202fde les persones<\/strong>: Podeu accedir a les vostres dades, sol\u00b7licitar-ne la rectificaci\u00f3 o supressi\u00f3, oposar-vos al tractament i sol\u00b7licitar-ne la limitaci\u00f3, enviant la vostra sol\u00b7licitud a trav\u00e9s d\u2019un correu electr\u00f2nic, indicant el vostre NIF o document identificatiu equivalent a &#112;&#x72;o&#x74;&#x65;&#99;&#x63;i&#x6f;&#x64;&#97;&#x64;e&#x73;&#x2e;&#109;&#x65;t&#x65;&#x6f;&#99;&#x61;t&#x40;&#x67;&#101;&#x6e;c&#x61;&#x74;&#46;&#x63;a&#x74;<\/li>\n<li><strong>Termini de conservaci\u00f3 de les dades<\/strong>: Les dades personals proporcionades es conservaran mentre l'interessat no en sol\u00b7liciti la supressi\u00f3. En qualsevol cas, es conservaran el temps necessari per complir amb obligacions legals<\/li>\n<li><strong>Reclamaci\u00f3<\/strong>: Si considereu que els vostres drets no s'han at\u00e8s adequadament, teniu dret a presentar una reclamaci\u00f3 adre\u00e7ada a l'APDCAT, mitjan\u00e7ant la seu electr\u00f2nica de l'Autoritat (https:\/\/seu.apd.cat) o per mitjans no electr\u00f2nics.<\/li>\n<\/ul>\n<\/div>\n<p><span class=\"wpcf7-form-control-wrap acceptance-545\"><span class=\"wpcf7-form-control wpcf7-acceptance\"><span class=\"wpcf7-list-item\"><input type=\"checkbox\" name=\"acceptance-545\" value=\"1\" aria-invalid=\"false\" id=\"accept\" \/><\/span><\/span><\/span> <label for=\"accept\">He llegit i accepto les condicions sobre el tractament de dades personals<\/label><br \/>\n<\/fieldset>\n<p><input type=\"submit\" value=\"Enviar\" class=\"wpcf7-form-control wpcf7-submit\" \/><\/p>\n<div class=\"wpcf7-response-output\" aria-hidden=\"true\"><\/div><\/form><\/div>\n\n\n\n<div style=\"height:50px\" aria-hidden=\"true\" class=\"wp-block-spacer\"><\/div>\n\n\n\n<h2>Oficines<\/h2>\n\n\n\n<p class=\"FW_sEditPro\">C. Dr. Roux n\u00fam. 80 1a<br>08017 Barcelona<br>Tel\u00e8fon: 93 567 60 90<br>A\/e: <a href=\"&#x6d;&#x61;&#x69;&#108;&#116;o:&#x73;&#x6d;&#x63;&#46;&#109;et&#x65;&#x6f;&#x63;&#97;&#116;&#64;g&#x65;&#x6e;&#x63;&#97;&#116;&#46;c&#x61;&#x74;\">&#115;&#x6d;c&#x2e;&#x6d;&#101;&#x74;e&#x6f;&#x63;&#97;&#x74;&#64;&#x67;&#x65;&#110;&#x63;a&#x74;&#x2e;&#99;&#x61;t<\/a><\/p>\n\n\n\n<iframe loading=\"lazy\" src=\"https:\/\/www.google.com\/maps\/embed?pb=!1m14!1m8!1m3!1d11974.307726905377!2d2.1394422!3d41.3832756!3m2!1i1024!2i768!4f13.1!3m3!1m2!1s0x0%3A0xabf6106f8523f4fe!2sServei%20Meteorol%C3%B2gic%20de%20Catalunya%20-%20Departament%20de%20Territori%20i%20Sostenibilitat!5e0!3m2!1sca!2ses!4v1606304049382!5m2!1sca!2ses\" width=\"600\" height=\"450\" frameborder=\"0\" style=\"border:0;\" allowfullscreen=\"\" aria-hidden=\"false\" tabindex=\"0\" title=\"Ubicaci\u00f3 meteocat a Google Maps\"><\/iframe>\n\n\n<p><!--EndFragment--><\/p>\n<p><\/p>","protected":false},"excerpt":{"rendered":"<p>Utilitzeu aquest formulari per enviar les vostres\u202fconsultes, queixes i suggeriments\u202fsobre qualsevol dels serveis que ofereix el Servei Meteorol\u00f2gic de Catalunya. Per accedir a prediccions meteorol\u00f2giques podeu consultar l&#8217;apartat corresponent del web, no facilitem prediccions personalitzades. Per peticions d&#8217;informaci\u00f3 o d&#8217;altres serveis posem al teu abast els seg\u00fcents formularis espec\u00edfics: Petici\u00f3 de dades i d&#8217;informes per [&hellip;]<\/p>\n","protected":false},"author":1,"featured_media":0,"parent":0,"menu_order":6,"comment_status":"closed","ping_status":"closed","template":"template-sidebar.php","meta":{"_mi_skip_tracking":false,"_monsterinsights_sitenote_active":false,"_monsterinsights_sitenote_note":"","_monsterinsights_sitenote_category":0},"_links":{"self":[{"href":"https:\/\/www.meteo.cat\/wpweb\/wp-json\/wp\/v2\/pages\/68"}],"collection":[{"href":"https:\/\/www.meteo.cat\/wpweb\/wp-json\/wp\/v2\/pages"}],"about":[{"href":"https:\/\/www.meteo.cat\/wpweb\/wp-json\/wp\/v2\/types\/page"}],"author":[{"embeddable":true,"href":"https:\/\/www.meteo.cat\/wpweb\/wp-json\/wp\/v2\/users\/1"}],"replies":[{"embeddable":true,"href":"https:\/\/www.meteo.cat\/wpweb\/wp-json\/wp\/v2\/comments?post=68"}],"version-history":[{"count":25,"href":"https:\/\/www.meteo.cat\/wpweb\/wp-json\/wp\/v2\/pages\/68\/revisions"}],"predecessor-version":[{"id":41037,"href":"https:\/\/www.meteo.cat\/wpweb\/wp-json\/wp\/v2\/pages\/68\/revisions\/41037"}],"wp:attachment":[{"href":"https:\/\/www.meteo.cat\/wpweb\/wp-json\/wp\/v2\/media?parent=68"}],"curies":[{"name":"wp","href":"https:\/\/api.w.org\/{rel}","templated":true}]}}