{"id":637,"date":"2014-12-19T09:03:26","date_gmt":"2014-12-19T09:03:26","guid":{"rendered":"http:\/\/\/wpweb\/?page_id=637"},"modified":"2020-10-23T11:17:59","modified_gmt":"2020-10-23T11:17:59","slug":"reduccio-de-la-pressio-atmosferica-a-un-nivell-de-referencia","status":"publish","type":"page","link":"https:\/\/www.meteo.cat\/wpweb\/divulgacio\/equipaments-meteorologics\/estacions-meteorologiques-automatiques\/xarxa-destacions-meteorologiques-automatiques-xema\/informacio-sobre-les-dades-meteorologiques-de-les-ema-que-es-mostren-al-web\/reduccio-de-la-pressio-atmosferica-a-un-nivell-de-referencia\/","title":{"rendered":"Reducci\u00f3 de la pressi\u00f3 atmosf\u00e8rica a un nivell de refer\u00e8ncia"},"content":{"rendered":"\n<p>L&#8217;Assaig d&#8217;un Vocabulari Meteorol\u00f2gic Catal\u00e0 d&#8217;Eduard Fontser\u00e9 defineix la pressi\u00f3 com la \u201cfor\u00e7a per unitat de superf\u00edcie\u201d i en concret la pressi\u00f3 atmosf\u00e8rica com \u201cla pressi\u00f3 de l&#8217;aire deguda al seu pes i que es mesura amb el bar\u00f2metre\u201d. Moltes de les EMA de la Xemec mesuren aquesta variable meteorol\u00f2gica. Per tal que els diferents valors de pressi\u00f3 atmosf\u00e8rica puguin ser comparables entre ells, es fa necessari referenciar-los a un mateix nivell i eliminar d&#8217;aquesta forma els canvis de pressi\u00f3 atmosf\u00e8rica deguts a les diferents altituds.<\/p>\n\n\n\n<p>En un estat d&#8217;equilibri, la for\u00e7a de la gravetat est\u00e0 compensada a qualsevol punt per les forces de pressi\u00f3. L&#8217;expressi\u00f3 matem\u00e0tica d&#8217;aquest principi \u00e9s el que s&#8217;anomena \u201cequaci\u00f3 hidrost\u00e0tica\u201d i ve expressada de la forma:<\/p>\n\n\n\n<figure class=\"wp-block-image\"><a href=\"https:\/\/static-m.meteo.cat\/wordpressweb\/wp-content\/uploads\/2014\/11\/19090326\/formula1.gif\"><img loading=\"lazy\" width=\"80\" height=\"21\" src=\"https:\/\/static-m.meteo.cat\/wordpressweb\/wp-content\/uploads\/2014\/11\/19090326\/formula1.gif\" alt=\"formula1\" class=\"wp-image-810\"\/><\/a><\/figure>\n\n\n\n<p>on g \u00e9s la gravetat i \u03c1 \u00e9s la densitat de l&#8217;aire. La integraci\u00f3 d&#8217;aquesta equaci\u00f3 permet reduir les diferents pressions a un mateix nivell de refer\u00e8ncia. Aquesta integraci\u00f3 es fa assumint diverses hip\u00f2tesis on a banda de la pressi\u00f3 hi ha altres variables que entren en joc.<\/p>\n\n\n\n<p>Les expressions que s&#8217;utilitzen per tal de reduir la pressi\u00f3 atmosf\u00e8rica s\u00f3n:<\/p>\n\n\n\n<p>Quan es coneix la temperatura i la humitat de l&#8217;estaci\u00f3 s&#8217;estima una temperatura virtual mitjana <sup>1<\/sup> entre el nivell de refer\u00e8nciaZ<sub>0<\/sub> i el nivell de l&#8217;estaci\u00f3 Z.<\/p>\n\n\n\n<figure class=\"wp-block-image\"><a href=\"https:\/\/static-m.meteo.cat\/wordpressweb\/wp-content\/uploads\/2014\/11\/19090326\/formula2.gif\"><img loading=\"lazy\" width=\"133\" height=\"41\" src=\"https:\/\/static-m.meteo.cat\/wordpressweb\/wp-content\/uploads\/2014\/11\/19090326\/formula2.gif\" alt=\"formula2\" class=\"wp-image-812\"\/><\/a><\/figure>\n\n\n\n<p>Si es coneix la temperatura de l&#8217;estaci\u00f3 per\u00f2 no es disposa de la dada d&#8217;humitat relativa es fa la suposici\u00f3 d&#8217;una atmosfera tipus OACI a excepci\u00f3 de la temperatura al nivell de refer\u00e8ncia Z<sub>0<\/sub> que es calcula a partir de la temperatura de l&#8217;estaci\u00f3 una altitud Z<\/p>\n\n\n\n<figure class=\"wp-block-image\"><a href=\"https:\/\/static-m.meteo.cat\/wordpressweb\/wp-content\/uploads\/2014\/11\/19090326\/formula3.gif\"><img loading=\"lazy\" width=\"183\" height=\"60\" src=\"https:\/\/static-m.meteo.cat\/wordpressweb\/wp-content\/uploads\/2014\/11\/19090326\/formula3.gif\" alt=\"formula3\" class=\"wp-image-813\"\/><\/a><\/figure>\n\n\n\n<p>Si no es disposa de dades de temperatura i humitat relativa s&#8217;assumeix una atmosfera tipus OACI.<\/p>\n\n\n\n<figure class=\"wp-block-image\"><a href=\"https:\/\/static-m.meteo.cat\/wordpressweb\/wp-content\/uploads\/2014\/11\/19090326\/formula4.gif\"><img loading=\"lazy\" width=\"183\" height=\"60\" src=\"https:\/\/static-m.meteo.cat\/wordpressweb\/wp-content\/uploads\/2014\/11\/19090326\/formula4.gif\" alt=\"formula4\" class=\"wp-image-814\"\/><\/a><\/figure>\n\n\n\n<p>En tots els casos:<\/p>\n\n\n\n<p>P<sub>0<\/sub>s(hPa): pressi\u00f3 atmosf\u00e8rica al nivell de refer\u00e8ncia<\/p>\n\n\n\n<p>P(hPa): pressi\u00f3 atmosf\u00e8rica al nivell de l&#8217;estaci\u00f3<\/p>\n\n\n\n<p>Z<sub>0<\/sub>(m): nivell de refer\u00e8ncia<\/p>\n\n\n\n<p>Z(m): nivell de refer\u00e8ncia de l&#8217;estaci\u00f3<\/p>\n\n\n\n<p>T(K): temperatura al nivell de l&#8217;estaci\u00f3<\/p>\n\n\n\n<p>T<sub>V<\/sub> (K): temperatura virtual al nivell de l&#8217;estaci\u00f3<\/p>\n\n\n\n<p>e: pressi\u00f3 de vapor a nivell de l&#8217;estaci\u00f3<\/p>\n\n\n\n<p>e<sub>sat<\/sub>: pressi\u00f3 de vapor saturant a nivell de l&#8217;estaci\u00f3<\/p>\n\n\n\n<p>U(%): humitat relativa al nivell de l&#8217;estaci\u00f3<\/p>\n\n\n\n<p>\u03b2<sub>0<\/sub>(K km<sup>-1<\/sup>): gradient de temperatura de atmosfera OACI 6.5\u00b710<sup>-3<\/sup> K m<sup>-1<\/sup><\/p>\n\n\n\n<p>T<sub>OACI<\/sub>( K ): temperatura OACI a nivell mig del mar 288.15 K<\/p>\n\n\n\n<p>R<sub>d<\/sub>(Jkg<sup>-1<\/sup>K<sup>-1<\/sup>): constant d&#8217;aire sec 287.05 J kg<sup>-1<\/sup> K<sup>-1<\/sup><\/p>\n\n\n\n<p>g<sub>0<\/sub>(ms<sup>-2<\/sup> ): valor estandar de l&#8217;acceleraci\u00f3 de la gravetat al nivell mig del mar 9.80665 ms<sup>-2<\/sup><\/p>\n\n\n\n<p>Per les estacions a una nivell de refer\u00e8ncia inferior a 1500 metres, la pressi\u00f3 atmosf\u00e8rica es reduir\u00e0 al nivell del mar, \u00e9s a dir, la Z<sub>0<\/sub> ser\u00e0 de 0 metres. En el cas d&#8217;estacions situades per sobre de 1500 metres, la reducci\u00f3 es far\u00e0 a 1500 metres, \u00e9s a dir, la Z<sub>0<\/sub> ser\u00e0 de 1500 metres.<\/p>\n\n\n\n<h2>Bibliografia<\/h2>\n\n\n\n<p>Eduard Fontser\u00e9 i Riba. Assaig d\u2019un Vocabulari Meteorol\u00f2gic Catal\u00e0. ACAM Associaci\u00f3 Catalana de Meteorologia.J.V. Iribarne y W,L. Godson. Termodin\u00e1mica de la atm\u00f3sfera. Ministerio de Medio Ambiente. Direcci\u00f3n General del Instituto Nacional de Meteorolog\u00eda.<br>UNE 500510:2005 IN. AENOR. Asociaci\u00f3n Espa\u00f1ola de Normalizaci\u00f3n y Certificaci\u00f3n. <\/p>\n\n\n\n<p><sup>1<\/sup> Tractant-se de l&#8217;aire humit, \u00e9s la temperatura que hauria de tenir l&#8217;aire perfectament sec perqu\u00e8, a la mateixa pressi\u00f3, tingu\u00e9s la mateixa densitat que l&#8217;aire humit en q\u00fcesti\u00f3.<\/p>\n","protected":false},"excerpt":{"rendered":"<p>L&#8217;Assaig d&#8217;un Vocabulari Meteorol\u00f2gic Catal\u00e0 d&#8217;Eduard Fontser\u00e9 defineix la pressi\u00f3 com la \u201cfor\u00e7a per unitat de superf\u00edcie\u201d i en concret la pressi\u00f3 atmosf\u00e8rica com \u201cla pressi\u00f3 de l&#8217;aire deguda al seu pes i que es mesura amb el bar\u00f2metre\u201d. Moltes de les EMA de la Xemec mesuren aquesta variable meteorol\u00f2gica. Per tal que els diferents [&hellip;]<\/p>\n","protected":false},"author":4,"featured_media":0,"parent":1826,"menu_order":0,"comment_status":"closed","ping_status":"closed","template":"template-sidebar.php","meta":{"_mi_skip_tracking":false,"_monsterinsights_sitenote_active":false,"_monsterinsights_sitenote_note":"","_monsterinsights_sitenote_category":0},"_links":{"self":[{"href":"https:\/\/www.meteo.cat\/wpweb\/wp-json\/wp\/v2\/pages\/637"}],"collection":[{"href":"https:\/\/www.meteo.cat\/wpweb\/wp-json\/wp\/v2\/pages"}],"about":[{"href":"https:\/\/www.meteo.cat\/wpweb\/wp-json\/wp\/v2\/types\/page"}],"author":[{"embeddable":true,"href":"https:\/\/www.meteo.cat\/wpweb\/wp-json\/wp\/v2\/users\/4"}],"replies":[{"embeddable":true,"href":"https:\/\/www.meteo.cat\/wpweb\/wp-json\/wp\/v2\/comments?post=637"}],"version-history":[{"count":11,"href":"https:\/\/www.meteo.cat\/wpweb\/wp-json\/wp\/v2\/pages\/637\/revisions"}],"predecessor-version":[{"id":29647,"href":"https:\/\/www.meteo.cat\/wpweb\/wp-json\/wp\/v2\/pages\/637\/revisions\/29647"}],"up":[{"embeddable":true,"href":"https:\/\/www.meteo.cat\/wpweb\/wp-json\/wp\/v2\/pages\/1826"}],"wp:attachment":[{"href":"https:\/\/www.meteo.cat\/wpweb\/wp-json\/wp\/v2\/media?parent=637"}],"curies":[{"name":"wp","href":"https:\/\/api.w.org\/{rel}","templated":true}]}}