{"id":484,"date":"2014-12-18T12:05:59","date_gmt":"2014-12-18T12:05:59","guid":{"rendered":"http:\/\/\/wpweb\/?page_id=484"},"modified":"2023-06-15T08:42:19","modified_gmt":"2023-06-15T08:42:19","slug":"publicacions-divulgatives","status":"publish","type":"page","link":"https:\/\/www.meteo.cat\/wpweb\/divulgacio\/publicacions\/publicacions-divulgatives\/","title":{"rendered":"Publicacions divulgatives"},"content":{"rendered":"\n<h2>Publicacions breus<\/h2>\n\n\n\n<ul class=\"FW_sLlistaComu llistaCol\"><li><a class=\"pdf\" href=\"https:\/\/static-m.meteo.cat\/wordpressweb\/wp-content\/uploads\/2014\/11\/18114749\/XRAD.pdf\">La Xarxa de Radars (XRAD)<\/a>&nbsp;[PDF,1,38 MB.]. Edici\u00f3 2013<\/li><li><a class=\"pdf\" href=\"https:\/\/static-m.meteo.cat\/wordpressweb\/wp-content\/uploads\/2014\/11\/18120559\/Les_Estacions_XEMA.pdf\">Les Estacions Meteorol\u00f2giques Autom\u00e0tiques (XEMA)<\/a>&nbsp;[PDF,1,70 MB.]. Edici\u00f3 2011<\/li><li><a class=\"pdf\" href=\"https:\/\/static-m.meteo.cat\/wordpressweb\/wp-content\/uploads\/2014\/11\/18120559\/Els-Llamps.pdf\">Els Llamps<\/a>&nbsp;[PDF,1,27 MB.]. Edici\u00f3 2008<\/li><li><a href=\"https:\/\/static-m.meteo.cat\/wordpressweb\/wp-content\/uploads\/2021\/11\/30120345\/manual-destil.pdf\">Manual d&#8217;estil<\/a>&nbsp;[PDF,3,48 MB.]. Edici\u00f3 2008<\/li><li><a class=\"pdf\" href=\"https:\/\/static-m.meteo.cat\/wordpressweb\/wp-content\/uploads\/2014\/11\/18120559\/Radiosondatge.pdf\">El Radiosondatge<\/a>&nbsp;[PDF,12,54 MB.]. Edici\u00f3 2005<\/li><\/ul>\n\n\n\n<h2>Altres publicacions<\/h2>\n\n\n\n<ul><li><a href=\"https:\/\/static-m.meteo.cat\/smc100\/wp-content\/uploads\/2021\/07\/19071612\/100-ANYS-MIRANT-EL-CEL_HR-1.pdf\">100 anys mirant el cel<\/a> [PDF, 290 MB]. Edici\u00f3 2021. Institut d\u2019Estudis Catalans i Servei Meteorol\u00f2gic de Catalunya, Barcelona<\/li><li>La petita hist\u00f2ria del Servei Meteorol\u00f2gic de Catalunya. Edici\u00f3 2020. Editorial Mediterr\u00e0nia, Barcelona.<\/li><li>Aix\u00f2 \u00e9s la meteorologia. Edici\u00f3 2007. Editorial Mediterr\u00e0nia, Barcelona.<\/li><\/ul>\n\n\n\n<p><\/p>\n","protected":false},"excerpt":{"rendered":"<p>Publicacions breus La Xarxa de Radars (XRAD)&nbsp;[PDF,1,38 MB.]. Edici\u00f3 2013 Les Estacions Meteorol\u00f2giques Autom\u00e0tiques (XEMA)&nbsp;[PDF,1,70 MB.]. Edici\u00f3 2011 Els Llamps&nbsp;[PDF,1,27 MB.]. Edici\u00f3 2008 Manual d&#8217;estil&nbsp;[PDF,3,48 MB.]. Edici\u00f3 2008 El Radiosondatge&nbsp;[PDF,12,54 MB.]. Edici\u00f3 2005 Altres publicacions 100 anys mirant el cel [PDF, 290 MB]. Edici\u00f3 2021. Institut d\u2019Estudis Catalans i Servei Meteorol\u00f2gic de Catalunya, Barcelona La [&hellip;]<\/p>\n","protected":false},"author":2,"featured_media":0,"parent":190,"menu_order":2,"comment_status":"closed","ping_status":"closed","template":"template-sidebar.php","meta":{"_mi_skip_tracking":false,"_monsterinsights_sitenote_active":false,"_monsterinsights_sitenote_note":"","_monsterinsights_sitenote_category":0},"_links":{"self":[{"href":"https:\/\/www.meteo.cat\/wpweb\/wp-json\/wp\/v2\/pages\/484"}],"collection":[{"href":"https:\/\/www.meteo.cat\/wpweb\/wp-json\/wp\/v2\/pages"}],"about":[{"href":"https:\/\/www.meteo.cat\/wpweb\/wp-json\/wp\/v2\/types\/page"}],"author":[{"embeddable":true,"href":"https:\/\/www.meteo.cat\/wpweb\/wp-json\/wp\/v2\/users\/2"}],"replies":[{"embeddable":true,"href":"https:\/\/www.meteo.cat\/wpweb\/wp-json\/wp\/v2\/comments?post=484"}],"version-history":[{"count":37,"href":"https:\/\/www.meteo.cat\/wpweb\/wp-json\/wp\/v2\/pages\/484\/revisions"}],"predecessor-version":[{"id":38204,"href":"https:\/\/www.meteo.cat\/wpweb\/wp-json\/wp\/v2\/pages\/484\/revisions\/38204"}],"up":[{"embeddable":true,"href":"https:\/\/www.meteo.cat\/wpweb\/wp-json\/wp\/v2\/pages\/190"}],"wp:attachment":[{"href":"https:\/\/www.meteo.cat\/wpweb\/wp-json\/wp\/v2\/media?parent=484"}],"curies":[{"name":"wp","href":"https:\/\/api.w.org\/{rel}","templated":true}]}}