{"id":35991,"date":"2022-11-17T16:48:22","date_gmt":"2022-11-17T16:48:22","guid":{"rendered":"https:\/\/www.meteo.cat\/wpweb\/?page_id=35991"},"modified":"2022-12-15T11:11:16","modified_gmt":"2022-12-15T11:11:16","slug":"la-temperatura-a-catalunya-lany-2050","status":"publish","type":"page","link":"https:\/\/www.meteo.cat\/wpweb\/climatologia\/canvi-climatic-i-evolucio-futura-del-clima\/la-temperatura-a-catalunya-lany-2050\/","title":{"rendered":"La temperatura a Catalunya l&#8217;any 2050"},"content":{"rendered":"\n<p>Aqu\u00ed trobareu resumides les principals projeccions per a la temperatura i els seus \u00edndexs clim\u00e0tics relacionats, per a l\u2019horitz\u00f3 2050, segons dos conjunts de simulacions regionalitzades desenvolupades des de l&#8217;SMC: les projeccions <strong>regionalitzades estad\u00edsticament a 1 km de resoluci<\/strong>\u00f3 (ESCAT-2020), i les simulacions<strong> regionalitzades din\u00e0micament a 10 km de resoluci\u00f3<\/strong> (ESCAT)..<\/p>\n\n\n\n<p>Les variacions projectades dels escenaris ESCAT-2020 dels camps mitjans de temperatura i diversos \u00edndexs clim\u00e0tics relacionats per al per\u00edode 2021-2050 poden ser utilitzades per a aquells investigadors i centres de recerca que ho desitgin, pr\u00e8via petici\u00f3 a <a rel=\"noreferrer noopener\" href=\"m&#97;&#x69;&#x6c;t&#111;&#x3a;&#x64;a&#100;&#x65;&#x73;&#46;&#109;&#x65;&#x74;e&#111;&#x63;&#x61;t&#64;&#103;&#x65;&#x6e;c&#97;&#x74;&#x2e;c&#97;&#x74;\" target=\"_blank\"><strong>&#100;&#x61;d&#x65;&#x73;&#46;&#x6d;e&#x74;&#x65;&#111;&#x63;a&#x74;&#x40;&#103;&#x65;n&#x63;&#x61;&#116;&#x2e;c&#x61;&#x74;<\/strong><\/a> <\/p>\n\n\n\n<nav class=\"ancores\" id=\"inici\">\n<a href=\"#1km\">Escenaris regionalitzats a 1 km ESCAT-2020<\/a>\n<a href=\"#10km\">Escenaris regionalitzats a 10 km ESCAT<\/a>\n<\/nav>\n\n\n\n<div style=\"height:50px\" aria-hidden=\"true\" class=\"wp-block-spacer\"><\/div>\n\n\n\n<h2 class=\"text-color\" id=\"1km\">Escenaris regionalitzats a 1 km ESCAT-2020<\/h2>\n\n\n\n<h3><strong>Resum<\/strong><\/h3>\n\n\n\n<ul><li><strong>La temperatura mitjana anual<\/strong> (TMA) s\u2019espera que augmenti cap a mitjans del segle XXI, respecte del per\u00edode 1971-2000, independentment de l\u2019escenari considerat. Tots els escenaris presenten una tend\u00e8ncia estad\u00edsticament significativa <strong>entre +0,7 i +2,1 \u00baC<\/strong> en 45 anys i un augment de la variabilitat interanual, tot i que sobreestimada per les simulacions. Geogr\u00e0ficament, els majors increments projectats es localitzen al Pirineu, i sobretot als cims del Pirineu occidental. En canvi, els menors increments es trobarien a la fa\u00e7ana litoral.<\/li><\/ul>\n\n\n\n<ul><li><strong>Estacionalment<\/strong> es projecten canvis en el mateix sentit i tamb\u00e9 independentment de l\u2019escenari d\u2019emissions considerats. <strong>Els m\u00e0xims augments de temperatura es projecten per a la tardor, seguida per l\u2019estiu<\/strong>, amb augments de la temperatura mitjana que podrien ser superiors als +4 \u00baC a l\u2019Aran, i els menors durant l\u2019hivern. \u00c9s probable que tots aquests valors acabin sent menys elevats, tenint en compte que el model sobreestima la variaci\u00f3 de la temperatura mitjana anual durant el per\u00edode 2006-2018 (per\u00edode de solapament entre observacions i projeccions).<\/li><\/ul>\n\n\n\n<ul><li>En relaci\u00f3 als <strong>extrems de temperatura<\/strong>, tamb\u00e9 es projecta un augment de la m\u00e0xima (TX) i m\u00ednima (TN) di\u00e0ria, de fins a +4 i +3,5 \u00baC cap al 2050, segons l\u2019escenari m\u00e9s intensiu en emissions (RCP8.5), respectivament. Tamb\u00e9 augmentarien considerablement el n\u00famero de nits tropicals (TN \u2265 20 \u00baC) i t\u00f2rrides (TN \u2265 25 \u00baC) a la zona litoral, aix\u00ed com els dies c\u00e0lids (TX \u2265 30 \u00baC), t\u00f2rrids (TX \u2265 35 \u00baC) i lliures de gla\u00e7ades (TN \u2265 2 \u00baC) a l\u2019interior i la zona prelitoral, mentre que els dies de gla\u00e7ada (TN \u2264 0 \u00baC) i de fredor (TM \u2264 10 \u00baC) es reduirien notablement a l\u2019alta muntanya aix\u00ed com algunes zones de l\u2019interior i del prelitoral. A m\u00e9s a m\u00e9s, a zones de la franja litoral podrien deixar d\u2019enregistrar gla\u00e7ades.<\/li><\/ul>\n\n\n\n<div style=\"height:20px\" aria-hidden=\"true\" class=\"wp-block-spacer\"><\/div>\n\n\n\n<h3>Evoluci\u00f3 temporal i variaci\u00f3 territorial<\/h3>\n\n\n\n<p>Els resultats es mostren en forma gr\u00e0fica i cartogr\u00e0fica. Pel que fa a l\u2019evoluci\u00f3 temporal 1971-2050 s\u2019ofereixen les gr\u00e0fiques de tend\u00e8ncia conjunta per a Catalunya, per a tres \u00e0mbits territorials (litoral i prelitoral, interior i Pirineu) i per al percentil 50 de les simulacions per a cada escenari (RCP4.5 i RCP8.5).<\/p>\n\n\n\n<form class=\"smc-combobox line\" name=\"graph\" onsubmit=\"jsDropDown('k2ful', '2020', this)\">\n<label for=\"var1\">\u00c0mbit\/Variable:<\/label> \n<select name=\"2020\" id=\"var1\">\n<option selected=\"selected\" value=\"09\/25175519\/evol-anomalies-anual_TM-ANALEGS_OBSvsCTROLRCPs_1km_19712050\">Catalunya &#8211; Temperatura mitjana anual (\u00baC)<\/option>\n<option value=\"09\/25175515\/evol-anomalies-anual_LIT_TM-ANALEGS_OBSvsCTROLRCPs_1km_19712050\">Litoral i prelitoral &#8211; Temperatura mitjana anual (\u00baC)<\/option>\n<option value=\"09\/25175513\/evol-anomalies-anual_INT_TM-ANALEGS_OBSvsCTROLRCPs_1km_19712050\">Interior &#8211; Temperatura mitjana anual (\u00baC)<\/option>\n<option value=\"09\/25175517\/evol-anomalies-anual_PIR_TM-ANALEGS_OBSvsCTROLRCPs_1km_19712050\">Pirineu &#8211; Temperatura mitjana anual (\u00baC)<\/option>\n<\/select>\n<input type=\"submit\" value=\"Mostra imatge\" class=\"go\">\n<\/form>\n\n\n\n<img loading=\"lazy\" id=\"k2ful\" src=\"https:\/\/static-m.meteo.cat\/wordpressweb\/wp-content\/uploads\/2020\/09\/25175519\/evol-anomalies-anual_TM-ANALEGS_OBSvsCTROLRCPs_1km_19712050.png\" alt=\"Imatge seleccionada\" width=\"700\" height=\"510\">\n\n\n\n<p><strong>Llegenda<\/strong>:<\/p>\n\n\n\n<ul><li>CTROL, simulacions de control<\/li><li>P5, P50 i P95, percentils 5, 50 (o mediana) i 95 de les simulacions regionalitzades desenvolupades<\/li><li>OBS, mitjana de les observacions disponibles per al per\u00edode 1971-2018 i \u00e0rea considerada. Totes les s\u00e8ries utilitzades provenen del BAIC.<\/li><\/ul>\n\n\n\n<div style=\"height:20px\" aria-hidden=\"true\" class=\"wp-block-spacer\"><\/div>\n\n\n\n<form class=\"smc-combobox line\" name=\"graph\" onsubmit=\"jsDropDown('ttful', '2020', this)\">\n<label for=\"var2\">Variable\/Escenari:<\/label> \n<select name=\"2020\" id=\"var2\">\n<option selected=\"selected\" value=\"09\/25181136\/vari_TM-CAT-ANALEGS_covap50_RCP45-20212050vs19712000-01km-17-ANUAL\">Variaci\u00f3 temperatura mitjana anual (2021-2050 vs 1971-2000) &#8211; Escenari RCP4.5\/Percentil 50 de totes les simulacions (\u00baC)<\/option>\n<option value=\"09\/25181133\/vari_TM-CAT-ANALEGS_covap50_RCP45-20212050vs19712000-01km-13-DGF\">Variaci\u00f3 temperatura mitjana hivern (2021-2050 vs 1971-2000) &#8211; Escenari RCP4.5\/Percentil 50 de totes les simulacions (\u00baC)<\/option>\n<option value=\"09\/25181134\/vari_TM-CAT-ANALEGS_covap50_RCP45-20212050vs19712000-01km-14-MAM\">Variaci\u00f3 temperatura mitjana primavera (2021-2050 vs 1971-2000) &#8211; Escenari RCP4.5\/Percentil 50 de totes les simulacions (\u00baC)<\/option>\n<option value=\"09\/25181134\/vari_TM-CAT-ANALEGS_covap50_RCP45-20212050vs19712000-01km-15-JJA\">Variaci\u00f3 temperatura mitjana estiu (2021-2050 vs 1971-2000) &#8211; Escenari RCP4.5\/Percentil 50 de totes les simulacions (\u00baC)<\/option>\n<option value=\"09\/25181135\/vari_TM-CAT-ANALEGS_covap50_RCP45-20212050vs19712000-01km-16-SON\">Variaci\u00f3 temperatura mitjana tardor (2021-2050 vs 1971-2000) &#8211; Escenari RCP4.5\/Percentil 50 de totes les simulacions (\u00baC)<\/option>\n<option value=\"09\/25181138\/vari_TM-CAT-ANALEGS_covap50_RCP85-20212050vs19712000-01km-17-ANUAL\">Variaci\u00f3 temperatura mitjana anual (2021-2050 vs 1971-2000) &#8211; Escenari RCP8.5\/Percentil 50 de totes les simulacions (\u00baC)<\/option>\n<option value=\"09\/25181136\/vari_TM-CAT-ANALEGS_covap50_RCP85-20212050vs19712000-01km-13-DGF\">Variaci\u00f3 temperatura mitjana hivern (2021-2050 vs 1971-2000) &#8211; Escenari RCP8.5\/Percentil 50 de totes les simulacions (\u00baC)<\/option>\n<option value=\"09\/25181136\/vari_TM-CAT-ANALEGS_covap50_RCP85-20212050vs19712000-01km-14-MAM\">Variaci\u00f3 temperatura mitjana primavera (2021-2050 vs 1971-2000) &#8211; Escenari RCP8.5\/Percentil 50 de totes les simulacions (\u00baC)<\/option>\n<option value=\"09\/25181137\/vari_TM-CAT-ANALEGS_covap50_RCP85-20212050vs19712000-01km-15-JJA\">Variaci\u00f3 temperatura mitjana estiu (2021-2050 vs 1971-2000) &#8211; Escenari RCP8.5\/Percentil 50 de totes les simulacions (\u00baC)<\/option>\n<option value=\"09\/25181137\/vari_TM-CAT-ANALEGS_covap50_RCP85-20212050vs19712000-01km-16-SON\">Variaci\u00f3 temperatura mitjana tardor (2021-2050 vs 1971-2000) &#8211; Escenari RCP8.5\/Percentil 50 de totes les simulacions (\u00baC)<\/option>\n<\/select>\n<input type=\"submit\" value=\"Mostra imatge\" class=\"go\">\n<\/form>\n\n\n\n<img loading=\"lazy\" id=\"ttful\" src=\"https:\/\/static-m.meteo.cat\/wordpressweb\/wp-content\/uploads\/2020\/09\/25181136\/vari_TM-CAT-ANALEGS_covap50_RCP45-20212050vs19712000-01km-17-ANUAL.png\" alt=\"Imatge seleccionada\" width=\"800\" height=\"618\">\n\n\n\n<div style=\"height:20px\" aria-hidden=\"true\" class=\"wp-block-spacer\"><\/div>\n\n\n\n<h3><strong>M\u00e9s informaci\u00f3<\/strong><\/h3>\n\n\n\n<ul><li><a href=\"https:\/\/static-m.meteo.cat\/wordpressweb\/wp-content\/uploads\/2020\/09\/29205506\/Projeccions_ESCAT_2020_FINAL.pdf\">Informe complet de les projeccions ESCAT-2020<\/a> <span class=\"has-vermell-access-color has-text-color\"><strong>(NOU)<\/strong><\/span><\/li><li><a href=\"https:\/\/static-m.meteo.cat\/wordpressweb\/wp-content\/uploads\/2020\/09\/30142018\/Resum_Projeccions_ESCAT_2020.pdf\">Resum executiu de les projeccions ESCAT-2020<\/a> <span class=\"has-vermell-access-color has-text-color\"><strong>(NOU)<\/strong><\/span><\/li><\/ul>\n\n\n\n<div style=\"height:50px\" aria-hidden=\"true\" class=\"wp-block-spacer\"><\/div>\n\n\n\n<h2 class=\"text-color\" id=\"10km\"><strong>Escenaris regionalitzats a 10 km ESCAT (2012)<\/strong><\/h2>\n\n\n\n<h3>Resum<\/h3>\n\n\n\n<ul><li><strong>La temperatura mitjana anual<\/strong> (TMA) s\u2019espera que augmenti cap a mitjans del segle XXI respecte 1971-2000, independentment de l\u2019escenari considerat. Tots els escenaris presenten una tend\u00e8ncia estad\u00edsticament significativa <strong>entre +0,4 i +1,4 \u00baC<\/strong> en 50 anys i un augment de la variabilitat interanual respecte el per\u00edode de control, tot i que sobreestimada per les simulacions. Les observacions presenten una dispersi\u00f3 (s=0,4 \u00baC) per a 2001-2013 en front d&#8217;s~0,7 \u00baC per a les diferents projeccions regionalitzades. Geogr\u00e0ficament, existeix un gradient latitudinal i altitudinal en la variaci\u00f3 projectada de temperatura, sent major a m\u00e9s altitud i\/o latitud. El Pirineu seria la zona m\u00e9s afectada, independentment de l\u2019escenari considerat.<\/li><\/ul>\n\n\n\n<ul><li><strong>Estacionalment<\/strong>, es projecten canvis en el mateix sentit i tamb\u00e9 independentment de l\u2019escenari d\u2019emissions considerats. <strong>El m\u00e0xim augment de temperatura es projecta per a l\u2019estiu<\/strong>, amb un increment que podria ser proper als 3 \u00baC a l\u2019Aran. \u00c9s probable que tots aquests valors acabin sent encara un poc m\u00e9s elevats, tenint en compte que el model subestima la variaci\u00f3 de la temperatura mitjana anual durant el per\u00edode 2001-2011.<\/li><\/ul>\n\n\n\n<ul><li>En relaci\u00f3 als <strong>extrems de temperatura<\/strong>, tamb\u00e9 es projecta un augment de la m\u00e0xim (TX) i m\u00ednim (TN) di\u00e0ria, de fins a +3,5 \u00baC i +1,5 \u00baC cap al 2050, respectivament. Mentre s\u2019espera que el nombre de mesos c\u00e0lids augmenti d\u2019una manera considerable durant els propers 30 anys, la freq\u00fc\u00e8ncia d\u2019ocurr\u00e8ncia dels mesos molt freds seria semblant a l\u2019observada en el per\u00edode de refer\u00e8ncia (1971-2000). Tamb\u00e9 augmentarien considerablement el n\u00famero de nits tropicals (TN \u2265 20 \u00baC) a la zona litoral i prelitoral, mentre que els dies de gla\u00e7ada (TN \u2264 0 \u00baC) es reduirien notablement a l\u2019alta muntanya.<\/li><\/ul>\n\n\n\n<div style=\"height:20px\" aria-hidden=\"true\" class=\"wp-block-spacer\"><\/div>\n\n\n\n<h3>Evoluci\u00f3 temporal i variaci\u00f3 territorial<\/h3>\n\n\n\n<p>Els resultats es mostren en forma gr\u00e0fica i cartogr\u00e0fica. Pel que fa a l&#8217;evoluci\u00f3 temporal 1971-2050 s&#8217;ofereixen les gr\u00e0fiques de tend\u00e8ncia conjunta per a Catalunya, per a tres \u00e0mbits territorials (litoral i pre-litoral, interior i Pirineu) i per a una mitjana dels tres escenaris (A2, B1 i A1B).<\/p>\n\n\n\n<form class=\"smc-combobox line\" name=\"graph\" onsubmit=\"jsDropDown('kkful', '2015', this)\">\n<label for=\"var3\">\u00c0mbit\/Variable:<\/label> \n<select name=\"2015\" id=\"var3\">\n<option selected=\"selected\" value=\"05\/27115139\/TMA-ESCAT-19712050-CAT\">Catalunya &#8211; Temperatura mitjana anual (\u00baC)<\/option>\n<option value=\"05\/27115133\/TMA-ESCAT-19712050-LIT\">Litoral i prelitoral &#8211; Temperatura mitjana anual (\u00baC)<\/option>\n<option value=\"05\/27115136\/TMA-ESCAT-19712050-INT\">Interior &#8211; Temperatura mitjana anual (\u00baC)<\/option>\n<option value=\"05\/27115130\/TMA-ESCAT-19712050-PIR\">Pirineu &#8211; Temperatura mitjana anual (\u00baC)<\/option>\n<\/select>\n<input type=\"submit\" value=\"Mostra imatge\" class=\"go\">\n<\/form>\n\n\n\n<img loading=\"lazy\" id=\"kkful\" src=\"https:\/\/static-m.meteo.cat\/wordpressweb\/wp-content\/uploads\/2015\/05\/27115139\/TMA-ESCAT-19712050-CAT.png\" alt=\"Imatge seleccionada\" width=\"700\" height=\"510\">\n\n\n\n<p><strong>Llegenda<\/strong>:<\/p>\n\n\n\n<ul><li>CTL_s1, simulaci\u00f3 de control s1.<\/li><li>CTL_s3, simulaci\u00f3 de control s3.<\/li><li>p5, p50 i p95, percentils 5, 50 (o mediana) i 95 de les simulacions regionalitzades desenvolupades.<\/li><li>OBS, mitjana de les observacions disponibles per al per\u00edode 1971-2014 i \u00e0rea considerada. Totes les s\u00e8ries utilitzades provenen del BAIC.<\/li><\/ul>\n\n\n\n<div style=\"height:50px\" aria-hidden=\"true\" class=\"wp-block-spacer\"><\/div>\n\n\n\n<form class=\"smc-combobox line\" name=\"graph\" onsubmit=\"jsDropDown('t2ful', '2015',this)\">\n<label for=\"var4\">Variable\/Escenari:<\/label> \n<select name=\"2015\" id=\"var4\">\n<option selected=\"selected\" value=\"05\/27092535\/vari_TM-WRF-EH5OMs1__A2-20212050vs19712000-10km-pixlin\">Variaci\u00f3 temperatura mitjana anual (2021-2050 vs 1971-2000) &#8211; Escenari A2\/Simulaci\u00f3 1 (\u00baC)<\/option>\n<option value=\"05\/27092540\/vari_TM-WRF-EH5OMs1_A1B-20212050vs19712000-10km-pixlin\">Variaci\u00f3 temperatura mitjana anual (2021-2050 vs 1971-2000) &#8211; Escenari A1B\/Simulaci\u00f3 1 (\u00baC)<\/option>\n<option value=\"05\/27092538\/vari_TM-WRF-EH5OMs1__B1-20212050vs19712000-10km-pixlin\">Variaci\u00f3 temperatura mitjana anual (2021-2050 vs 1971-2000) &#8211; Escenari B1\/Simulaci\u00f3 1 (\u00baC)<\/option>\n<option value=\"05\/27092542\/vari_TM-WRF-EH5OMs3__A2-20212050vs19712000-10km-pixlin\">Variaci\u00f3 temperatura mitjana anual (2021-2050 vs 1971-2000) &#8211; Escenari A2\/Simulaci\u00f3 3 (\u00baC)<\/option>\n<option value=\"05\/27092546\/vari_TM-WRF-EH5OMs3_A1B-20212050vs19712000-10km-pixlin\">Variaci\u00f3 temperatura mitjana anual (2021-2050 vs 1971-2000) &#8211; Escenari A1B\/Simulaci\u00f3 3 (\u00baC)<\/option>\n<option value=\"05\/27092544\/vari_TM-WRF-EH5OMs3__B1-20212050vs19712000-10km-pixlin\">Variaci\u00f3 temperatura mitjana anual (2021-2050 vs 1971-2000) &#8211; Escenari B1\/Simulaci\u00f3 3 (\u00baC)<\/option>\n<option value=\"05\/27092553\/vari_TM-WRF-EH5OMst_P95-20212050vs19712000-10km-pixlin\">Variaci\u00f3 temperatura mitjana anual (2021-2050 vs 1971-2000) &#8211; Percentil 95 de tots els escenaris (\u00baC)<\/option>\n<option value=\"05\/27092551\/vari_TM-WRF-EH5OMst_P50-20212050vs19712000-10km-pixlin\">Variaci\u00f3 temperatura mitjana anual (2021-2050 vs 1971-2000) &#8211; Percentil 50 de tots els escenaris (\u00baC)<\/option>\n<option value=\"05\/27092548\/vari_TM-WRF-EH5OMst_P05-20212050vs19712000-10km-pixlin\">Variaci\u00f3 temperatura mitjana anual (2021-2050 vs 1971-2000) &#8211; Percentil 5 de tots els escenaris (\u00baC)<\/option>\n<\/select>\n<input type=\"submit\" value=\"Mostra imatge\" class=\"go\">\n<\/form>\n\n\n\n<img loading=\"lazy\" id=\"t2ful\" src=\"https:\/\/static-m.meteo.cat\/wordpressweb\/wp-content\/uploads\/2015\/05\/27092535\/vari_TM-WRF-EH5OMs1__A2-20212050vs19712000-10km-pixlin.png\" alt=\"Imatge seleccionada\" width=\"650\" height=\"550\">\n\n\n\n<div style=\"height:30px\" aria-hidden=\"true\" class=\"wp-block-spacer\"><\/div>\n\n\n\n<h3 class=\"FW_sEditPro\">M\u00e9s informaci\u00f3<\/h3>\n\n\n\n<ul><li> Gon\u00e7alves M, <strong>Barrera-Escoda A<\/strong>, Guerreiro D, Baldasano JM, <strong>Cunillera J<\/strong> (2014): <a href=\"http:\/\/link.springer.com\/article\/10.1007%2Fs10584-013-0994-y\">Seasonal to yearly assessment of temperature and precipitation trends in the North Western Mediterranean Basin by dynamical dowscaling of climate scenarios at high resolution (1971-2050)<\/a>. Climate Change, <strong>122<\/strong>, 243-256.<\/li><li> <strong>Barrera-Escoda A<\/strong>, Gon\u00e7alves M, Guerreiro D, <strong>Cunillera J<\/strong>, Baldasano JM (2014): <a href=\"http:\/\/link.springer.com\/article\/10.1007\/s10584-013-1027-6\">Projections of temperature and precipitation extremes in the North Western Mediterranean Basin by dynamical downscaling of climate scenarios at high resolution (1971-2050)<\/a>. Climate Change, <strong>122<\/strong>, 567-582.<\/li><\/ul>\n","protected":false},"excerpt":{"rendered":"<p>Aqu\u00ed trobareu resumides les principals projeccions per a la temperatura i els seus \u00edndexs clim\u00e0tics relacionats, per a l\u2019horitz\u00f3 2050, segons dos conjunts de simulacions regionalitzades desenvolupades des de l&#8217;SMC: les projeccions regionalitzades estad\u00edsticament a 1 km de resoluci\u00f3 (ESCAT-2020), i les simulacions regionalitzades din\u00e0micament a 10 km de resoluci\u00f3 (ESCAT).. Les variacions projectades dels [&hellip;]<\/p>\n","protected":false},"author":7,"featured_media":0,"parent":35970,"menu_order":3,"comment_status":"closed","ping_status":"closed","template":"template-sidebar.php","meta":{"_mi_skip_tracking":false,"_monsterinsights_sitenote_active":false,"_monsterinsights_sitenote_note":"","_monsterinsights_sitenote_category":0},"_links":{"self":[{"href":"https:\/\/www.meteo.cat\/wpweb\/wp-json\/wp\/v2\/pages\/35991"}],"collection":[{"href":"https:\/\/www.meteo.cat\/wpweb\/wp-json\/wp\/v2\/pages"}],"about":[{"href":"https:\/\/www.meteo.cat\/wpweb\/wp-json\/wp\/v2\/types\/page"}],"author":[{"embeddable":true,"href":"https:\/\/www.meteo.cat\/wpweb\/wp-json\/wp\/v2\/users\/7"}],"replies":[{"embeddable":true,"href":"https:\/\/www.meteo.cat\/wpweb\/wp-json\/wp\/v2\/comments?post=35991"}],"version-history":[{"count":4,"href":"https:\/\/www.meteo.cat\/wpweb\/wp-json\/wp\/v2\/pages\/35991\/revisions"}],"predecessor-version":[{"id":36555,"href":"https:\/\/www.meteo.cat\/wpweb\/wp-json\/wp\/v2\/pages\/35991\/revisions\/36555"}],"up":[{"embeddable":true,"href":"https:\/\/www.meteo.cat\/wpweb\/wp-json\/wp\/v2\/pages\/35970"}],"wp:attachment":[{"href":"https:\/\/www.meteo.cat\/wpweb\/wp-json\/wp\/v2\/media?parent=35991"}],"curies":[{"name":"wp","href":"https:\/\/api.w.org\/{rel}","templated":true}]}}