{"id":32036,"date":"2021-07-02T10:23:44","date_gmt":"2021-07-02T10:23:44","guid":{"rendered":"https:\/\/www.meteo.cat\/wpweb\/?page_id=32036"},"modified":"2025-06-29T10:37:44","modified_gmt":"2025-06-29T10:37:44","slug":"fons-historic-documental","status":"publish","type":"page","link":"https:\/\/www.meteo.cat\/wpweb\/climatologia\/fons-historic-documental\/","title":{"rendered":"Fons hist\u00f2ric documental"},"content":{"rendered":"\n<p>Des de la seva creaci\u00f3 l&#8217;any 1921, el Servei Meteorol\u00f2gic de Catalunya va generar un gran fons de documentaci\u00f3 escrita, publicacions impreses, cartografia i fotografies; a m\u00e9s, va recopilar documentaci\u00f3 d\u2019institucions i arxius previs. El gener de 1939, amb l\u2019entrada de les tropes franquistes a Catalunya, l\u2019SMC va ser clausurat i tot el material fou requisat. No va ser fins al 1984 que l\u2019<span lang=\"es\">Instituto&nbsp;Nacional de&nbsp;Meteorolog\u00eda<\/span>, hereva del servei meteorol\u00f2gic espanyol&nbsp;de l\u2019\u00e8poca,&nbsp;va retornar el fons, que va ser dipositat a la Cartoteca del llavors Institut Cartogr\u00e0fic de Catalunya (ICC), ara Institut Cartogr\u00e0fic i Geol\u00f2gic de Catalunya (ICGC).<\/p>\n\n\n\n<p>D&#8217;en\u00e7\u00e0 de la reinstauraci\u00f3 de l\u2019SMC el 2002, un dels objectius ha estat la recuperaci\u00f3&nbsp;i preservaci\u00f3&nbsp;de la documentaci\u00f3&nbsp;meteorol\u00f2gica i clim\u00e0tica del passat. Amb aquesta voluntat, s\u2019han dut a terme campanyes de digitalitzaci\u00f3 del seu Fons Hist\u00f2ric, en col\u00b7laboraci\u00f3 amb l\u2019ICGC, que han perm\u00e8s la posterior catalogaci\u00f3 i publicaci\u00f3. Igualment, ha impulsat diverses iniciatives de digitalitzaci\u00f3 en fons dipositats a arxius p\u00fablics i privats.<\/p>\n\n\n\n<div style=\"height:20px\" aria-hidden=\"true\" class=\"wp-block-spacer\"><\/div>\n\n\n\n<div class=\"wp-block-columns\">\n<div class=\"wp-block-column\" style=\"flex-basis:100%\">\n<div class=\"wp-block-columns\">\n<div class=\"wp-block-column\" style=\"flex-basis:100%\"><\/div>\n<\/div>\n<\/div>\n<\/div>\n\n\n\n<h2>Observacions dels fars de la Costa Brava (1853-1956). <span class=\"has-inline-color has-vermell-access-color\">NOVETAT<\/span><\/h2>\n\n\n\n<div class=\"wp-block-columns\">\n<div class=\"wp-block-column\">\n<p>L&#8217;any 2025, l&#8217;SMC digitalitza el fons documental dels fars de la Costa Brava, que est\u00e0 dipositat a l&#8217;Arxiu Hist\u00f2ric de Girona (AHG). El fons compr\u00e8n dades de nou fars (el Port de la Selva, Cap de Creus, Cadaqu\u00e9s, Roses, Illes Medes, Sant Sebasti\u00e0, Palam\u00f3s, Sant Feliu de Gu\u00edxols i Tossa de Mar) i cobrint un per\u00edode temporal extrem de m\u00e9s de cent anys. La documentaci\u00f3 inclou els quaderns d&#8217;observaci\u00f3 meteorol\u00f2gica di\u00e0ria, els informes de boira i de tempesta, i correspond\u00e8ncia, entre d&#8217;altres. El conjunt de la col\u00b7lecci\u00f3 cont\u00e9 44.168 imatges.<\/p>\n\n\n\n<div style=\"height:10px\" aria-hidden=\"true\" class=\"wp-block-spacer\"><\/div>\n\n\n\n<p class=\"icon-link-arrow\"><a href=\"https:\/\/arxiusenlinia.cultura.gencat.cat\/#\/s\/1746807432065\">Acc\u00e9s a la col\u00b7lecci\u00f3: Observacions meteorol\u00f2giques dels fars (Arxius en L\u00ednia)<\/a><\/p>\n<\/div>\n\n\n\n<div class=\"wp-block-column\">\n<div class=\"wp-block-image\"><figure class=\"aligncenter size-large is-resized\"><img loading=\"lazy\" src=\"https:\/\/static-m.meteo.cat\/wordpressweb\/wp-content\/uploads\/2025\/05\/09162051\/Sant_Sebastia_Gen_1875_01-713x1024.jpg\" alt=\"\" class=\"wp-image-43288\" width=\"320\" height=\"460\"\/><figcaption>Full d&#8217;observacions meteorol\u00f2giques del Far de Sant Sebasti\u00e0 (Palafrugell) del gener de 1875<\/figcaption><\/figure><\/div>\n<\/div>\n<\/div>\n\n\n\n<div style=\"height:10px\" aria-hidden=\"true\" class=\"wp-block-spacer\"><\/div>\n\n\n\n<h2>Observatori Meteorol\u00f2gic de Girona (1911-1978)<\/h2>\n\n\n\n<div class=\"wp-block-columns\">\n<div class=\"wp-block-column\">\n<p>L&#8217;any 2021, l&#8217;SMC va finan\u00e7ar la digitalitzaci\u00f3 del fons documental de l&#8217;Observatori Meteorol\u00f2gic de Girona, dipositat a l&#8217;Arxiu Hist\u00f2ric de Girona. El fons compr\u00e8n el per\u00edode 1911-1978 i inclou fulls i llibretes d&#8217;observaci\u00f3 meteorol\u00f2gica, correspond\u00e8ncia i documentaci\u00f3 administrativa, i gr\u00e0fiques diverses.<\/p>\n\n\n\n<div style=\"height:10px\" aria-hidden=\"true\" class=\"wp-block-spacer\"><\/div>\n\n\n\n<p class=\"icon-link-arrow\"><a href=\"http:\/\/arxiusenlinia.cultura.gencat.cat\/ArxiusEnLinia\/fitxaFons.do?primera=si&amp;pos=0&amp;total=1&amp;page=1&amp;cerca=avan&amp;tipusUnitatCerca=0&amp;tipusUnitatCerca=1&amp;selecimatges=1&amp;contingut=&amp;dataInici=&amp;dataFi=&amp;dataConcreta=0&amp;codiDescOno=&amp;codiDescOno2=&amp;relDescOno=&amp;codiDescTema=&amp;codiDescTema2=&amp;relDescTema=&amp;codiDescTopo=&amp;llocPrecis=&amp;codiAutor=&amp;titol=&amp;tipusdoc=&amp;tipusfons=&amp;nomfons=Observatori%20Meteorol%F2gic%20de%20Girona&amp;unitatInici=&amp;unitatFi=&amp;sign=&amp;desc=&amp;unic=&amp;codigrup=AHG&amp;arxiuFiltre=&amp;codigrupSelect=AHG&amp;codiarxiu=170&amp;codifons=287&amp;idarxiu=170&amp;idfons=287&amp;obrir=false&amp;codiProcCerca=&amp;codiClassCerca=&amp;codiSerieCerca=&amp;tipusdoc1=&amp;tipusdoc2=&amp;tipusdoc3=&amp;tipusdoc4=&amp;tipusdoc5=&amp;suport=&amp;proces=&amp;cromia=&amp;format=&amp;codiReportatge=&amp;projecte=&amp;tecSuport=&amp;codiEntGeneradora=\" target=\"_blank\" rel=\"noreferrer noopener nofollow\">Acc\u00e9s a la col\u00b7lecci\u00f3: observatori meteorol\u00f2gic de Girona<\/a><\/p>\n<\/div>\n\n\n\n<div class=\"wp-block-column\">\n<div class=\"wp-block-image\"><figure class=\"aligncenter size-large is-resized\"><img loading=\"lazy\" src=\"https:\/\/static-m.meteo.cat\/wordpressweb\/wp-content\/uploads\/2022\/01\/26130204\/1700287200000060005-1024x744.jpg\" alt=\"\" class=\"wp-image-33306\" width=\"417\" height=\"301\"\/><figcaption>Full d&#8217;observacions meteorol\u00f2giques corresponent a febrer de 1916<\/figcaption><\/figure><\/div>\n<\/div>\n<\/div>\n\n\n\n<div style=\"height:10px\" aria-hidden=\"true\" class=\"wp-block-spacer\"><\/div>\n\n\n\n<h2>Cartes del Temps (1921-1939)<\/h2>\n\n\n\n<div class=\"wp-block-columns\">\n<div class=\"wp-block-column\">\n<p>Col\u00b7lecci\u00f3 que recull la publicaci\u00f3 que l\u2019SMC elaborava di\u00e0riament per conformar la previsi\u00f3 meteorol\u00f2gica.&nbsp;Entre altra informaci\u00f3, contenien&nbsp;mapes del temps&nbsp;d\u2019Europa occidental, dades meteorol\u00f2giques observades&nbsp;a diversos indrets de&nbsp;Catalunya&nbsp;i&nbsp;la previsi\u00f3 per a les pr\u00f2ximes hores. Durant la Guerra Civil (1936-1939) es van generar&nbsp;Cartes espec\u00edfiques per&nbsp;a&nbsp;l\u2019aviaci\u00f3&nbsp;militar&nbsp;que s\u2019emetien cinc cops al dia. Aquesta col\u00b7lecci\u00f3 cont\u00e9 prop de 23.000 imatges.<\/p>\n\n\n\n<div style=\"height:10px\" aria-hidden=\"true\" class=\"wp-block-spacer\"><\/div>\n\n\n\n<p class=\"icon-link-arrow\"><a href=\"https:\/\/mdc.csuc.cat\/digital\/collection\/CdT\">Acc\u00e9s a la col\u00b7lecci\u00f3: Cartes del temps<\/a><\/p>\n<\/div>\n\n\n\n<div class=\"wp-block-column\">\n<div class=\"wp-block-image\"><figure class=\"aligncenter size-full\"><img src=\"https:\/\/static-m.meteo.cat\/wordpresswebpre\/wp-content\/uploads\/2021\/06\/30101151\/cartes-del-temps-web.jpg\" alt=\"Exemple de carta del temps del 1923\" class=\"wp-image-30199\"\/><figcaption>Carta del temps del 17 de juliol de 1923<\/figcaption><\/figure><\/div>\n<\/div>\n<\/div>\n\n\n\n<div style=\"height:10px\" aria-hidden=\"true\" class=\"wp-block-spacer\"><\/div>\n\n\n\n<h2>Fotografies de n\u00favols (1921-1937)<\/h2>\n\n\n\n<div class=\"wp-block-columns\">\n<div class=\"wp-block-column\">\n<p>Amb la voluntat d\u2019aprofundir en els estudis sobre nefologia, aquesta col\u00b7lecci\u00f3 recull de moment 1.000&nbsp;imatges de n\u00favols preses principalment des de l\u2019antiga seu de l\u2019SMC a Barcelona.&nbsp;D\u2019aquestes, vint-i-tres&nbsp;fotografies&nbsp;es van integrar a&nbsp;l\u2019Atles internacional dels n\u00favols i dels estats del cel&nbsp;publicat en dues versions, els anys 1930 i 1932. &nbsp;<\/p>\n\n\n\n<div style=\"height:10px\" aria-hidden=\"true\" class=\"wp-block-spacer\"><\/div>\n\n\n\n<p class=\"icon-link-arrow\"><a href=\"https:\/\/transcriu.bnc.cat\/\" rel=\"nofollow\">Acc\u00e9s a la col\u00b7lecci\u00f3: fotografies de n\u00favols<\/a><\/p>\n<\/div>\n\n\n\n<div class=\"wp-block-column\">\n<div class=\"wp-block-image\"><figure class=\"aligncenter size-full\"><img src=\"https:\/\/static-m.meteo.cat\/wordpresswebpre\/wp-content\/uploads\/2021\/06\/30101631\/fotografies-nuvols-web.jpg\" alt=\"Foto n\u00favols.\" class=\"wp-image-30201\"\/><figcaption>Fotografia de n\u00favols. Correspon a la s\u00e8rie d\u2019observacions nefol\u00f2giques fetes pel Servei Meteorol\u00f2gic de Catalunya<\/figcaption><\/figure><\/div>\n<\/div>\n<\/div>\n\n\n\n<div style=\"height:10px\" aria-hidden=\"true\" class=\"wp-block-spacer\"><\/div>\n\n\n\n<div style=\"height:13px\" aria-hidden=\"true\" class=\"wp-block-spacer\"><\/div>\n\n\n\n<h2>Observacions del Tur\u00f3 de l&#8217;Home (1932-1938)<\/h2>\n\n\n\n<div class=\"wp-block-columns\">\n<div class=\"wp-block-column\">\n<p>En el marc de la celebraci\u00f3 del 2n Any Polar Internacional (1932-1933), l\u2019SMC va construir&nbsp;l\u2019any 1932&nbsp;un observatori&nbsp;meteorol\u00f2gic&nbsp;al cim del Tur\u00f3 de l\u2019Home, al mass\u00eds del Montseny.&nbsp;La col\u00b7lecci\u00f3 compr\u00e8n els quaderns d\u2019observaci\u00f3, on es recullen les lectures de diversos instruments i les observacions visuals, com ara l\u2019estat del cel o la visibilitat, i que es feien tres cops al dia. En total, aquesta col\u00b7lecci\u00f3 compr\u00e8n 4.806 imatges.<\/p>\n\n\n\n<div style=\"height:10px\" aria-hidden=\"true\" class=\"wp-block-spacer\"><\/div>\n\n\n\n<p class=\"icon-link-arrow\"><a href=\"https:\/\/mdc.csuc.cat\/digital\/collection\/TdH\">Acc\u00e9s a la col\u00b7lecci\u00f3: observacions del Tur\u00f3 de l&#8217;Home<\/a><\/p>\n<\/div>\n\n\n\n<div class=\"wp-block-column\">\n<div class=\"wp-block-image\"><figure class=\"aligncenter size-full\"><img src=\"https:\/\/static-m.meteo.cat\/wordpresswebpre\/wp-content\/uploads\/2021\/06\/30101418\/Turo-de-lHome-web.jpg\" alt=\"Exemple d'observaci\u00f3 de 1932 al Tur\u00f3 de l'Home\" class=\"wp-image-30200\"\/><figcaption>Observaci\u00f3 del 12 de novembre de 1932 a l&#8217;Observatori del Tur\u00f3 de l&#8217;Home<\/figcaption><\/figure><\/div>\n<\/div>\n<\/div>\n\n\n\n<div style=\"height:1px\" aria-hidden=\"true\" class=\"wp-block-spacer\"><\/div>\n\n\n\n<div style=\"height:20px\" aria-hidden=\"true\" class=\"wp-block-spacer\"><\/div>\n\n\n\n<p>Aquestes col\u00b7leccions s\u00f3n accessibles a trav\u00e9s de diversos portals documentals en l\u00ednia: el portal <a rel=\"noreferrer noopener\" href=\"https:\/\/smc.us7.list-manage.com\/track\/click?u=20bad17a56e568ea7fd59cd7d&amp;id=a93030a39b&amp;e=f447c64a7b\" target=\"_blank\"><strong>Mem\u00f2ria Digital de Catalunya<\/strong><\/a>, del CSUC, el portal <a rel=\"noreferrer noopener\" href=\"https:\/\/smc.us7.list-manage.com\/track\/click?u=20bad17a56e568ea7fd59cd7d&amp;id=999696b776&amp;e=f447c64a7b\" target=\"_blank\"><strong>Transcriu-me<\/strong>,<\/a> impulsat per la Biblioteca de Catalunya i el web <strong><a rel=\"noreferrer noopener\" href=\"http:\/\/arxiusenlinia.cultura.gencat.cat\/\" target=\"_blank\">Arxius en L\u00ednia<\/a><\/strong>, del Departament de Cultura de la Generalitat de Catalunya.<\/p>\n\n\n\n<p><\/p>\n","protected":false},"excerpt":{"rendered":"<p>Des de la seva creaci\u00f3 l&#8217;any 1921, el Servei Meteorol\u00f2gic de Catalunya va generar un gran fons de documentaci\u00f3 escrita, publicacions impreses, cartografia i fotografies; a m\u00e9s, va recopilar documentaci\u00f3 d\u2019institucions i arxius previs. El gener de 1939, amb l\u2019entrada de les tropes franquistes a Catalunya, l\u2019SMC va ser clausurat i tot el material fou [&hellip;]<\/p>\n","protected":false},"author":7,"featured_media":0,"parent":3110,"menu_order":6,"comment_status":"closed","ping_status":"closed","template":"template-sidebar.php","meta":{"_mi_skip_tracking":false,"_monsterinsights_sitenote_active":false,"_monsterinsights_sitenote_note":"","_monsterinsights_sitenote_category":0},"_links":{"self":[{"href":"https:\/\/www.meteo.cat\/wpweb\/wp-json\/wp\/v2\/pages\/32036"}],"collection":[{"href":"https:\/\/www.meteo.cat\/wpweb\/wp-json\/wp\/v2\/pages"}],"about":[{"href":"https:\/\/www.meteo.cat\/wpweb\/wp-json\/wp\/v2\/types\/page"}],"author":[{"embeddable":true,"href":"https:\/\/www.meteo.cat\/wpweb\/wp-json\/wp\/v2\/users\/7"}],"replies":[{"embeddable":true,"href":"https:\/\/www.meteo.cat\/wpweb\/wp-json\/wp\/v2\/comments?post=32036"}],"version-history":[{"count":18,"href":"https:\/\/www.meteo.cat\/wpweb\/wp-json\/wp\/v2\/pages\/32036\/revisions"}],"predecessor-version":[{"id":43980,"href":"https:\/\/www.meteo.cat\/wpweb\/wp-json\/wp\/v2\/pages\/32036\/revisions\/43980"}],"up":[{"embeddable":true,"href":"https:\/\/www.meteo.cat\/wpweb\/wp-json\/wp\/v2\/pages\/3110"}],"wp:attachment":[{"href":"https:\/\/www.meteo.cat\/wpweb\/wp-json\/wp\/v2\/media?parent=32036"}],"curies":[{"name":"wp","href":"https:\/\/api.w.org\/{rel}","templated":true}]}}