{"id":232,"date":"2025-06-17T10:45:46","date_gmt":"2025-06-17T10:45:46","guid":{"rendered":"http:\/\/\/wpweb\/?page_id=232"},"modified":"2026-04-28T11:05:12","modified_gmt":"2026-04-28T11:05:12","slug":"activitats-educatives","status":"publish","type":"page","link":"https:\/\/www.meteo.cat\/wpweb\/serveis\/activitats-educatives\/","title":{"rendered":"Activitats i recursos educatius"},"content":{"rendered":"\n<p>Ets docent i vols recursos per treballar el temps i el clima?<\/p>\n\n\n\n<p>Vols saber com observem el cel les dones i els homes del temps? Saps distingir un esclafit d\u2019un tornado? Sents curiositat per saber com es fa una predicci\u00f3 meteorol\u00f2gica? Est\u00e0s organitzant alguna acci\u00f3 per reduir les emissions associades al canvi clim\u00e0tic a la teva escola o comunitat? <\/p>\n\n\n\n<p>Aqu\u00ed trobar\u00e0s diverses propostes que t\u2019ajudaran a resoldre aquestes i&nbsp; d\u2019altres preguntes relacionades amb la meteorologia i la climatologia. N\u2019hi ha per triar i remenar, en diferents formats (situaci\u00f3 d\u2019aprenentatge, taller, q\u00fcestionari, joc, aprenentatge servei, webinar, maletes pedag\u00f2giques, etc&#8230;) i per a diferents nivells, des d\u2019educaci\u00f3 infantil fins a p\u00fablic en general.<\/p>\n\n\n\n<p>Aquesta iniciativa \u00e9s impulsada parcialment pel projecte del <a href=\"https:\/\/canviclimatic.gencat.cat\/ca\/ambits\/Llei_canvi_climatic\/el-fons-climatic\/index.html\" target=\"_blank\" rel=\"noreferrer noopener\">Fons Clim\u00e0tic<\/a> \u201cPreservaci\u00f3 de la continu\u00eftat i qualitat de les s\u00e8ries clim\u00e0tiques i fenol\u00f2giques referents de Catalunya\u201d de la Generalitat de Catalunya.<\/p>\n\n\n\n<p>Tria la teva activitat per tema, per edat o per tipus d\u2019activitat, i si no trobes el que busques en aquesta primera proposta, envia\u2019ns un correu a <a href=\"&#x6d;&#97;&#x69;&#x6c;t&#x6f;&#58;e&#x64;&#117;c&#x61;&#99;&#x69;&#x6f;&#46;&#x6d;&#101;t&#x65;&#111;c&#x61;&#116;&#x40;&#x67;&#101;&#x6e;&#x63;a&#x74;&#46;c&#x61;&#116;\">&#101;&#100;&#x75;c&#97;&#x63;&#x69;o&#46;&#x6d;&#x65;t&#101;&#x6f;c&#97;&#x74;&#x40;g&#101;&#x6e;&#x63;a&#116;&#x2e;c&#97;&#x74;<\/a> i recollirem la teva idea per desenvolupar nous materials.<\/p>\n\n\n\n<p>Les activitats que requereixin pres\u00e8ncia de personal de l\u2019SMC es limiten a <strong>un m\u00e0xim de dues per centre<\/strong>. Aquestes activitats estan subjectes a la disponibilitat dels t\u00e8cnics de l&#8217;SMC i es realitzaran en horari de mat\u00ed.<\/p>\n\n\n\n<nav class=\"menu_ancores\" id=\"inici\" aria-label=\"Opcions de p\u00e0gina\">\n<ul>\n<li><a href=\"\/wpweb\/serveis\/activitats-educatives\/\"><i class=\"icon-link\" aria-hidden=\"true\"><\/i>Activitats educatives<\/a><\/li>\n<li><a href=\"\/wpweb\/serveis\/activitats-educatives\/recursos-educatius\/\"><i class=\"icon-link\" aria-hidden=\"true\"><\/i>Recursos educatius<\/a><\/li>\n<\/ul>\n<\/nav>\n\n\n\n<div style=\"height:20px\" aria-hidden=\"true\" class=\"wp-block-spacer\"><\/div>\n\n\n\n<h3>Cerca activitats per etapa educativa<\/h3>\n\n\n\n<form class=\"smc-combobox\">\n    <label for=\"optone\">Etapa educativa: <\/label>\n    <select id=\"optone\" name=\"optone\">\n        <option selected=\"selected\" value=\"init\">Seleccioneu l&#8217;etapa educativa<\/option>\n        <option value=\"0\">Infantil<\/option>\n        <option value=\"1\">Cicle inicial prim\u00e0ria<\/option>\n        <option value=\"2\">Cicle mitj\u00e0 prim\u00e0ria<\/option>\n        <option value=\"3\">Cicle superior prim\u00e0ria<\/option>\n        <option value=\"4\">ESO<\/option>\n        <option value=\"5\">Batxillerat<\/option>\n        <option value=\"6\">Educaci\u00f3 especial<\/option>\n        <option value=\"7\">Formaci\u00f3 de monitoratge en el lleure<\/option>\n        <option value=\"8\">Ciutadania<\/option>\n    <\/select>\n\n    <label for=\"opttwo\">Activitat:<\/label>\n    <select id=\"opttwo\" name=\"opttwo\" disabled=\"\">\n        <option value=\"init\">Seleccioneu l&#8217;activitat<\/option>\n    <\/select>\n\n    <button id=\"go\" type=\"button\">Anar a l&#8217;activitat<\/button>\n<\/form>\n\n\n\n<h4 id=\"meteo\">Meteorologia<\/h4>\n\n\n\n<figure class=\"wp-block-table sortable\"><table class=\"has-fixed-layout\"><thead><tr><th class=\"has-text-align-left\" data-align=\"left\">Activitat<\/th><th class=\"has-text-align-center\" data-align=\"center\"><\/th><th class=\"has-text-align-left\" data-align=\"left\">P\u00fablic<\/th><th class=\"has-text-align-left\" data-align=\"left\">Tipus d&#8217;activitat<\/th><th class=\"has-text-align-left\" data-align=\"left\">Autogestionada o amb intervenci\u00f3 de personal de l\u2019SMC<\/th><\/tr><\/thead><tbody><tr><td class=\"has-text-align-left\" data-align=\"left\"><a href=\"\/wpweb\/serveis\/activitats-educatives\/un-regal-del-cel\/\">Un regal del cel<\/a><\/td><td class=\"has-text-align-center\" data-align=\"center\"><img src=\"https:\/\/static-m.meteo.cat\/wordpressweb\/wp-content\/uploads\/2025\/04\/14153258\/regal_cel_100.jpg\" alt=\"\"><\/td><td class=\"has-text-align-left\" data-align=\"left\">Infantil<\/td><td class=\"has-text-align-left\" data-align=\"left\">Projecte<\/td><td class=\"has-text-align-left\" data-align=\"left\">Autogestionada<\/td><\/tr><tr><td class=\"has-text-align-left\" data-align=\"left\"><a href=\"\/wpweb\/serveis\/activitats-educatives\/petits-observadors-i-observadores\/\">Petits observadors i observadores<\/a><\/td><td class=\"has-text-align-center\" data-align=\"center\"><img src=\"https:\/\/static-m.meteo.cat\/wordpressweb\/wp-content\/uploads\/2025\/04\/24082209\/petits_obs_100.jpg\" alt=\"\"><\/td><td class=\"has-text-align-left\" data-align=\"left\">Infantil<\/td><td class=\"has-text-align-left\" data-align=\"left\">Desenvolupament de l\u2019h\u00e0bit d\u2019observaci\u00f3<\/td><td class=\"has-text-align-left\" data-align=\"left\">Autogestionada<\/td><\/tr><tr><td class=\"has-text-align-left\" data-align=\"left\"><a href=\"\/wpweb\/serveis\/activitats-educatives\/observem-el-cel\/\">Observem el cel<\/a><\/td><td class=\"has-text-align-center\" data-align=\"center\"><img src=\"https:\/\/static-m.meteo.cat\/wordpressweb\/wp-content\/uploads\/2025\/04\/24082916\/observem_100.jpg\" alt=\"\"><\/td><td class=\"has-text-align-left\" data-align=\"left\">Prim\u00e0ria<\/td><td class=\"has-text-align-left\" data-align=\"left\">Situaci\u00f3 aprenentatge<\/td><td class=\"has-text-align-left\" data-align=\"left\">Autogestionada<\/td><\/tr><tr><td class=\"has-text-align-left\" data-align=\"left\"><a href=\"\/wpweb\/serveis\/activitats-educatives\/tots-els-nuvols-porten-pluja\/\">Tots els n\u00favols porten pluja?<\/a><\/td><td class=\"has-text-align-center\" data-align=\"center\"><img src=\"https:\/\/static-m.meteo.cat\/wordpressweb\/wp-content\/uploads\/2025\/04\/14154314\/tots_nuvols_pluja_100.jpg\" alt=\"\"><\/td><td class=\"has-text-align-left\" data-align=\"left\">Cicle inicial prim\u00e0ria<\/td><td class=\"has-text-align-left\" data-align=\"left\">Situaci\u00f3 aprenentatge<\/td><td class=\"has-text-align-left\" data-align=\"left\">Autogestionada<\/td><\/tr><tr><td class=\"has-text-align-left\" data-align=\"left\"><a href=\"\/wpweb\/serveis\/activitats-educatives\/tots-els-nuvols-son-iguals\/\">Tots els n\u00favols s\u00f3n iguals?<\/a><\/td><td class=\"has-text-align-center\" data-align=\"center\"><img class=\"wp-image-34505\" style=\"width: 100px;\" src=\"https:\/\/static-m.meteo.cat\/wordpressweb\/wp-content\/uploads\/2025\/05\/28110053\/tots_nuvols_iguals_100.png\" alt=\"\"><\/td><td class=\"has-text-align-left\" data-align=\"left\">Cicle mitj\u00e0 prim\u00e0ria<\/td><td class=\"has-text-align-left\" data-align=\"left\">Situaci\u00f3 aprenentatge (amb experiments)<\/td><td class=\"has-text-align-left\" data-align=\"left\">Autogestionada <\/td><\/tr><tr><td class=\"has-text-align-left\" data-align=\"left\"><a href=\"\/wpweb\/serveis\/activitats-educatives\/xerrada-dintroduccio-a-la-meteorologia\/\">Xerrada d&#8217;introducci\u00f3 a la meteorologia<\/a><\/td><td class=\"has-text-align-center\" data-align=\"center\"><img class=\"wp-image-34150\" style=\"width: 100px;\" src=\"https:\/\/static-m.meteo.cat\/wordpresswebpre\/wp-content\/uploads\/2025\/04\/03080946\/intro_meteo_100_100.jpg\" alt=\"\"><\/td><td class=\"has-text-align-left\" data-align=\"left\">Cicle mitj\u00e0 prim\u00e0ria<br>Cicle superior prim\u00e0ria<br>ESO<\/td><td class=\"has-text-align-left\" data-align=\"left\">Xerrada divulgativa<\/td><td class=\"has-text-align-left\" data-align=\"left\">Presencial amb t\u00e8cnic\/a de l&#8217;SMC<\/td><\/tr><tr><td class=\"has-text-align-left\" data-align=\"left\"><a href=\"\/wpweb\/serveis\/activitats-educatives\/taller-dinstruments-meteorologics\/\">Taller d\u2019instruments meteorol\u00f2gics<\/a><\/td><td class=\"has-text-align-center\" data-align=\"center\"><img src=\"https:\/\/static-m.meteo.cat\/wordpressweb\/wp-content\/uploads\/2025\/04\/24083422\/taller_instruments_100.jpg\" alt=\"\"><\/td><td class=\"has-text-align-left\" data-align=\"left\">Cicle mitj\u00e0 prim\u00e0ria<br>Cicle superior prim\u00e0ria<\/td><td class=\"has-text-align-left\" data-align=\"left\">Presentaci\u00f3 i taller<\/td><td class=\"has-text-align-left\" data-align=\"left\">Autogestionada \/ Presencial amb t\u00e8cnic\/a de l&#8217;SMC<\/td><\/tr><tr><td class=\"has-text-align-left\" data-align=\"left\"><a href=\"\/wpweb\/serveis\/activitats-educatives\/com-es-fa-una-prediccio-meteorologica\/\">Com es fa una predicci\u00f3 meteorol\u00f2gica?<\/a><\/td><td class=\"has-text-align-center\" data-align=\"center\"><img src=\"https:\/\/static-m.meteo.cat\/wordpressweb\/wp-content\/uploads\/2025\/05\/28124927\/com_es_fa_prediccio_100.png\" alt=\"\"><\/td><td class=\"has-text-align-left\" data-align=\"left\">Cicle mitj\u00e0 prim\u00e0ria<br>Cicle superior prim\u00e0ria<br>ESO<\/td><td class=\"has-text-align-left\" data-align=\"left\">Webinar<\/td><td class=\"has-text-align-left\" data-align=\"left\">En l\u00ednia amb t\u00e8cnic\/a de l&#8217;SMC<\/td><\/tr><\/tbody><\/table><\/figure>\n\n\n\n<a href=\"#inici\" title=\"Puja\" class=\"go-top\">Puja<\/a>\n\n\n\n<h4 id=\"clima\">Clima i astronomia<\/h4>\n\n\n\n<figure class=\"wp-block-table sortable\"><table class=\"has-fixed-layout\"><thead><tr><th class=\"has-text-align-left\" data-align=\"left\">Activitat<\/th><th class=\"has-text-align-center\" data-align=\"center\"><\/th><th class=\"has-text-align-left\" data-align=\"left\">P\u00fablic<\/th><th class=\"has-text-align-left\" data-align=\"left\">Tipus d&#8217;activitat<\/th><th class=\"has-text-align-left\" data-align=\"left\">Autogestionada o amb intervenci\u00f3 de personal de l\u2019SMC<\/th><\/tr><\/thead><tbody><tr><td class=\"has-text-align-left\" data-align=\"left\"><a href=\"\/wpweb\/serveis\/activitats-educatives\/les-estacions-de-lany-ed-infantil\/\">Les estacions de l\u2019any (Infantil)<\/a><\/td><td class=\"has-text-align-center\" data-align=\"center\"><img src=\"https:\/\/static-m.meteo.cat\/wordpressweb\/wp-content\/uploads\/2025\/04\/24105749\/estacions_infantil_100.jpg\" alt=\"\"><\/td><td class=\"has-text-align-left\" data-align=\"left\">Infantil<\/td><td class=\"has-text-align-left\" data-align=\"left\">Maleta pedag\u00f2gica<\/td><td class=\"has-text-align-left\" data-align=\"left\">Autogestionada<\/td><\/tr><tr><td class=\"has-text-align-left\" data-align=\"left\"><a href=\"\/wpweb\/serveis\/activitats-educatives\/les-estacions-de-lany-ed-primaria\/\">Les estacions de l&#8217;any (Prim\u00e0ria)<\/a><\/td><td class=\"has-text-align-center\" data-align=\"center\"><img src=\"https:\/\/static-m.meteo.cat\/wordpressweb\/wp-content\/uploads\/2025\/05\/22100426\/estacions_primaria_100.png\" alt=\"\"><\/td><td class=\"has-text-align-left\" data-align=\"left\">Cicle superior prim\u00e0ria<\/td><td class=\"has-text-align-left\" data-align=\"left\">Maleta pedag\u00f2gica<\/td><td class=\"has-text-align-left\" data-align=\"left\">Autogestionada<\/td><\/tr><\/tbody><\/table><\/figure>\n\n\n\n<a href=\"#inici\" title=\"Puja\" class=\"go-top\">Puja<\/a>\n\n\n\n<h4 id=\"canvi\">Canvi clim\u00e0tic<\/h4>\n\n\n\n<figure class=\"wp-block-table sortable\"><table class=\"has-fixed-layout\"><thead><tr><th class=\"has-text-align-left\" data-align=\"left\">Activitat<\/th><th class=\"has-text-align-center\" data-align=\"center\"><\/th><th class=\"has-text-align-left\" data-align=\"left\">P\u00fablic<\/th><th class=\"has-text-align-left\" data-align=\"left\">Tipus d&#8217;activitat<\/th><th class=\"has-text-align-left\" data-align=\"left\">Autogestionada o amb intervenci\u00f3 de personal de l\u2019SMC<\/th><\/tr><\/thead><tbody><tr><td class=\"has-text-align-left\" data-align=\"left\"><a href=\"\/wpweb\/serveis\/activitats-educatives\/taller-de-canvi-climatic-vivim-en-un-hivernacle\/\">Taller de canvi clim\u00e0tic: vivim en un hivernacle?<\/a><\/td><td class=\"has-text-align-center\" data-align=\"center\"><img src=\"https:\/\/static-m.meteo.cat\/wordpressweb\/wp-content\/uploads\/2025\/05\/22114416\/hivernacle_100.png\" alt=\"\"><\/td><td class=\"has-text-align-left\" data-align=\"left\">Cicle mitj\u00e0 prim\u00e0ria<br>Cicle superior prim\u00e0ria<\/td><td class=\"has-text-align-left\" data-align=\"left\">Taller d\u2019experiments<\/td><td class=\"has-text-align-left\" data-align=\"left\">Autogestionada \/ Presencial amb t\u00e8cnic\/a de l&#8217;SMC<\/td><\/tr><tr><td class=\"has-text-align-left\" data-align=\"left\"><a href=\"\/wpweb\/serveis\/activitats-educatives\/recondueix-el-clima\/\">Recondueix el clima<\/a><\/td><td class=\"has-text-align-center\" data-align=\"center\"><img class=\"wp-image-34517\" style=\"width: 100px;\" src=\"https:\/\/static-m.meteo.cat\/wordpressweb\/wp-content\/uploads\/2025\/05\/22081828\/recondueix_100.png\" alt=\"\"><\/td><td class=\"has-text-align-left\" data-align=\"left\">ESO<\/td><td class=\"has-text-align-left\" data-align=\"left\">Aprenentatge-servei<\/td><td class=\"has-text-align-left\" data-align=\"left\">Autogestionada<\/td><\/tr><tr><td class=\"has-text-align-left\" data-align=\"left\"><a href=\"\/wpweb\/serveis\/activitats-educatives\/taller-de-canvi-climatic-canvi-o-emergencia\/\">Taller de canvi clim\u00e0tic: canvi o emerg\u00e8ncia?<\/a><\/td><td class=\"has-text-align-center\" data-align=\"center\"><img src=\"https:\/\/static-m.meteo.cat\/wordpressweb\/wp-content\/uploads\/2025\/05\/22120003\/canvi_emerge_100.png\" alt=\"\"><\/td><td class=\"has-text-align-left\" data-align=\"left\">ESO<\/td><td class=\"has-text-align-left\" data-align=\"left\">Taller d\u2019experiments<\/td><td class=\"has-text-align-left\" data-align=\"left\">Autogestionada \/ Presencial amb t\u00e8cnic\/a de l&#8217;SMC<\/td><\/tr><tr><td class=\"has-text-align-left\" data-align=\"left\"><a href=\"\/wpweb\/serveis\/activitats-educatives\/xerrada-de-canvi-climatic\/\">Xerrada de canvi clim\u00e0tic<\/a><\/td><td class=\"has-text-align-center\" data-align=\"center\"><img class=\"wp-image-34156\" style=\"width: 100px;\" src=\"https:\/\/static-m.meteo.cat\/wordpressweb\/wp-content\/uploads\/2025\/05\/22093258\/xerrada_cc_100.png\" alt=\"\"><\/td><td class=\"has-text-align-left\" data-align=\"left\">3r i 4t ESO <br>BATX<\/td><td class=\"has-text-align-left\" data-align=\"left\">Xerrada divulgativa<\/td><td class=\"has-text-align-left\" data-align=\"left\">Presencial amb t\u00e8cnic\/a de l&#8217;SMC<\/td><\/tr><\/tbody><\/table><\/figure>\n\n\n\n<a href=\"#inici\" title=\"Puja\" class=\"go-top\">Puja<\/a>\n\n\n\n<h4 id=\"extrems\">Fen\u00f2mens extrems i perills meteorol\u00f2gics<\/h4>\n\n\n\n<figure class=\"wp-block-table sortable\"><table class=\"has-fixed-layout\"><thead><tr><th class=\"has-text-align-left\" data-align=\"left\">Activitat<\/th><th class=\"has-text-align-center\" data-align=\"center\"><\/th><th class=\"has-text-align-left\" data-align=\"left\">P\u00fablic<\/th><th class=\"has-text-align-left\" data-align=\"left\">Tipus d&#8217;activitat<\/th><th class=\"has-text-align-left\" data-align=\"left\">Autogestionada o amb intervenci\u00f3 de personal de l\u2019SMC<\/th><\/tr><\/thead><tbody><tr><td class=\"has-text-align-left\" data-align=\"left\"><a href=\"\/wpweb\/serveis\/activitats-educatives\/el-poder-de-la-natura-ed-primaria\/\">El poder de la natura (educaci\u00f3 prim\u00e0ria)<\/a><\/td><td class=\"has-text-align-center\" data-align=\"center\"><img class=\"wp-image-34505\" style=\"width: 100px;\" src=\"https:\/\/static-m.meteo.cat\/wordpressweb\/wp-content\/uploads\/2025\/04\/24100904\/poder_primaria_100.jpg\" alt=\"\"><\/td><td class=\"has-text-align-left\" data-align=\"left\">Cicle superior de prim\u00e0ria<\/td><td class=\"has-text-align-left\" data-align=\"left\">Joc de taula<\/td><td class=\"has-text-align-left\" data-align=\"left\">Autogestionada<\/td><\/tr><tr><td class=\"has-text-align-left\" data-align=\"left\"><a href=\"\/wpweb\/serveis\/activitats-educatives\/el-poder-de-la-natura-eso\/\">El poder de la natura (ESO)<\/a><\/td><td class=\"has-text-align-center\" data-align=\"center\"><img src=\"https:\/\/static-m.meteo.cat\/wordpressweb\/wp-content\/uploads\/2025\/05\/22090113\/poder_natura_eso_100.png\" alt=\"\"><\/td><td class=\"has-text-align-left\" data-align=\"left\">ESO<\/td><td class=\"has-text-align-left\" data-align=\"left\">Joc de taula<\/td><td class=\"has-text-align-left\" data-align=\"left\">Autogestionada<\/td><\/tr><tr><td class=\"has-text-align-left\" data-align=\"left\"><a href=\"\/wpweb\/serveis\/activitats-educatives\/com-cal-actuar-davant-dels-fenomens-meteo-extrems\/\" target=\"_blank\" rel=\"noreferrer noopener\">Com cal actuar davant dels fen\u00f2mens meteorol\u00f2gics extrems?<\/a><\/td><td class=\"has-text-align-center\" data-align=\"center\"><img src=\"https:\/\/static-m.meteo.cat\/wordpresswebpre\/wp-content\/uploads\/2025\/04\/11095423\/actuar_extrem_eso_100.jpg\" alt=\"\"><\/td><td class=\"has-text-align-left\" data-align=\"left\">ESO<br>Formaci\u00f3 de monitoratge en el lleure<\/td><td class=\"has-text-align-left\" data-align=\"left\">Q\u00fcestionari de preguntes<\/td><td class=\"has-text-align-left\" data-align=\"left\">Autogestionada<\/td><\/tr><\/tbody><\/table><\/figure>\n\n\n\n<a href=\"#inici\" title=\"Puja\" class=\"go-top\">Puja<\/a>\n\n\n\n<h4 id=\"historia\">Hist\u00f2ria de la meteorologia<\/h4>\n\n\n\n<figure class=\"wp-block-table sortable\"><table class=\"has-fixed-layout\"><thead><tr><th class=\"has-text-align-left\" data-align=\"left\">Activitat<\/th><th class=\"has-text-align-center\" data-align=\"center\"><\/th><th class=\"has-text-align-left\" data-align=\"left\">P\u00fablic<\/th><th class=\"has-text-align-left\" data-align=\"left\">Tipus d&#8217;activitat<\/th><th class=\"has-text-align-left\" data-align=\"left\">Autogestionada o amb intervenci\u00f3 de personal de l\u2019SMC<\/th><\/tr><\/thead><tbody><tr><td class=\"has-text-align-left\" data-align=\"left\"><a href=\"\/wpweb\/serveis\/activitats-educatives\/passejada-meteorologica-per-barcelona\/\">Passejada meteorol\u00f2gica per Barcelona<\/a><\/td><td class=\"has-text-align-center\" data-align=\"center\"><img class=\"wp-image-34472\" style=\"width: 100px;\" src=\"https:\/\/static-m.meteo.cat\/wordpressweb\/wp-content\/uploads\/2025\/05\/22104046\/passejada_100.png\" alt=\"\"><\/td><td class=\"has-text-align-left\" data-align=\"left\">Ciutadania<\/td><td class=\"has-text-align-left\" data-align=\"left\">Passejada hist\u00f2rica<\/td><td class=\"has-text-align-left\" data-align=\"left\">Presentaci\u00f3 amb t\u00e8cnic\/a de l\u2019SMC<\/td><\/tr><\/tbody><\/table><\/figure>\n\n\n\n<a href=\"#inici\" title=\"Puja\" class=\"go-top\">Puja<\/a>\n\n\n\n<h4 id=\"fenologia\">Fenologia<\/h4>\n\n\n\n<div class=\"wp-block-columns\">\n<div class=\"wp-block-column\" style=\"flex-basis:100%\">\n<div class=\"wp-block-columns\">\n<div class=\"wp-block-column\" style=\"flex-basis:100%\">\n<figure class=\"wp-block-table sortable\"><table class=\"has-fixed-layout\"><thead><tr><th class=\"has-text-align-left\" data-align=\"left\"><strong>Activitat<\/strong><\/th><th class=\"has-text-align-center\" data-align=\"center\"><\/th><th class=\"has-text-align-left\" data-align=\"left\"><strong>P\u00fablic<\/strong><\/th><th class=\"has-text-align-left\" data-align=\"left\"><strong>Tipus d&#8217;activitat<\/strong><\/th><th class=\"has-text-align-left\" data-align=\"left\"><strong>Autogestionada o amb intervenci\u00f3 de personal de l\u2019SMC<\/strong><\/th><\/tr><\/thead><tbody><tr><td class=\"has-text-align-left\" data-align=\"left\"><a href=\"\/wpweb\/serveis\/activitats-educatives\/el-rellotge-de-la-natura\/\">El rellotge de la natura<\/a><br><\/td><td class=\"has-text-align-center\" data-align=\"center\"><img src=\"https:\/\/static-m.meteo.cat\/wordpressweb\/wp-content\/uploads\/2025\/05\/28131139\/rellotge_100.jpg\" alt=\"\" style=\"width: 100px;\"><\/td><td class=\"has-text-align-left\" data-align=\"left\">ESO<br>Educaci\u00f3 especial<\/td><td class=\"has-text-align-left\" data-align=\"left\">Situaci\u00f3 aprenentatge<\/td><td class=\"has-text-align-left\" data-align=\"left\">Autogestionada<\/td><\/tr><\/tbody><\/table><\/figure>\n\n\n\n<a href=\"#inici\" title=\"Puja\" class=\"go-top\">Puja<\/a>\n<\/div>\n<\/div>\n<\/div>\n<\/div>\n\n\n\n<h4>Descoberta dels sons de la natura i consci\u00e8ncia del soroll<\/h4>\n\n\n\n<figure class=\"wp-block-table sortable\"><table class=\"has-fixed-layout\"><thead><tr><th class=\"has-text-align-left\" data-align=\"left\">Activitat<\/th><th class=\"has-text-align-center\" data-align=\"center\"><\/th><th class=\"has-text-align-left\" data-align=\"left\">P\u00fablic<\/th><th class=\"has-text-align-left\" data-align=\"left\">Tipus d&#8217;activitat<\/th><th class=\"has-text-align-left\" data-align=\"left\">Autogestionada o amb intervenci\u00f3 de personal de l\u2019SMC<\/th><\/tr><\/thead><tbody><tr><td class=\"has-text-align-left\" data-align=\"left\"><a href=\"\/wpweb\/serveis\/activitats-educatives\/els-sons-del-cel\/\">Els sons del cel<\/a><\/td><td class=\"has-text-align-center\" data-align=\"center\"><img class=\"wp-image-34158\" style=\"width: 100px;\" src=\"https:\/\/static-m.meteo.cat\/wordpresswebpre\/wp-content\/uploads\/2025\/04\/03081556\/sons_cel_100_100.jpg\" alt=\"\"><\/td><td class=\"has-text-align-left\" data-align=\"left\">Cicle superior prim\u00e0ria<\/td><td class=\"has-text-align-left\" data-align=\"left\">Projecte educatiu<\/td><td class=\"has-text-align-left\" data-align=\"left\">Presencial (activitat conjunta amb Palau de la M\u00fasica, ISGlobal i Museu de Ci\u00e8ncies Naturals)<\/td><\/tr><\/tbody><\/table><\/figure>\n\n\n\n<p><\/p>\n\n\n\n<a href=\"#inici\" title=\"Puja\" class=\"go-top\">Puja<\/a>\n\n\n\n<p><\/p>\n","protected":false},"excerpt":{"rendered":"<p>Ets docent i vols recursos per treballar el temps i el clima? Vols saber com observem el cel les dones i els homes del temps? Saps distingir un esclafit d\u2019un tornado? Sents curiositat per saber com es fa una predicci\u00f3 meteorol\u00f2gica? Est\u00e0s organitzant alguna acci\u00f3 per reduir les emissions associades al canvi clim\u00e0tic a la [&hellip;]<\/p>\n","protected":false},"author":5,"featured_media":0,"parent":226,"menu_order":3,"comment_status":"closed","ping_status":"closed","template":"template-sidebar.php","meta":{"_mi_skip_tracking":false,"_monsterinsights_sitenote_active":false,"_monsterinsights_sitenote_note":"","_monsterinsights_sitenote_category":0},"_links":{"self":[{"href":"https:\/\/www.meteo.cat\/wpweb\/wp-json\/wp\/v2\/pages\/232"}],"collection":[{"href":"https:\/\/www.meteo.cat\/wpweb\/wp-json\/wp\/v2\/pages"}],"about":[{"href":"https:\/\/www.meteo.cat\/wpweb\/wp-json\/wp\/v2\/types\/page"}],"author":[{"embeddable":true,"href":"https:\/\/www.meteo.cat\/wpweb\/wp-json\/wp\/v2\/users\/5"}],"replies":[{"embeddable":true,"href":"https:\/\/www.meteo.cat\/wpweb\/wp-json\/wp\/v2\/comments?post=232"}],"version-history":[{"count":148,"href":"https:\/\/www.meteo.cat\/wpweb\/wp-json\/wp\/v2\/pages\/232\/revisions"}],"predecessor-version":[{"id":45416,"href":"https:\/\/www.meteo.cat\/wpweb\/wp-json\/wp\/v2\/pages\/232\/revisions\/45416"}],"up":[{"embeddable":true,"href":"https:\/\/www.meteo.cat\/wpweb\/wp-json\/wp\/v2\/pages\/226"}],"wp:attachment":[{"href":"https:\/\/www.meteo.cat\/wpweb\/wp-json\/wp\/v2\/media?parent=232"}],"curies":[{"name":"wp","href":"https:\/\/api.w.org\/{rel}","templated":true}]}}