{"id":1830,"date":"2014-11-25T11:57:40","date_gmt":"2014-11-25T11:57:40","guid":{"rendered":"http:\/\/\/wpweb\/?page_id=1830"},"modified":"2020-10-19T07:09:33","modified_gmt":"2020-10-19T07:09:33","slug":"rosa-dels-vents","status":"publish","type":"page","link":"https:\/\/www.meteo.cat\/wpweb\/divulgacio\/la-prediccio-meteorologica\/escales-de-vent-i-mar\/rosa-dels-vents\/","title":{"rendered":"Rosa dels vents"},"content":{"rendered":"\n<p class=\"FW_sEditPro\">Els vents es diferencien segons la direcci\u00f3 des de la que bufen. Per conveni sempre es pr\u00e8n la direcci\u00f3 d&#8217;all\u00e0 on v\u00e9nen. Per a denominar un cert vent, o b\u00e9 es parla del sector geogr\u00e0fic concret des d&#8217;on bufa, o b\u00e9 se li d\u00f3na un nom propi. A Catalunya existeixen molts noms per a designar els vents, depenent tant de l&#8217;\u00e0mbit geogr\u00e0fic com de les situacions meteorol\u00f2giques concretes.<\/p>\n\n\n\n<figure class=\"wp-block-image\"><a href=\"https:\/\/static-m.meteo.cat\/wordpressweb\/wp-content\/uploads\/2014\/11\/25114416\/rosa-dels-vents.jpg\"><img loading=\"lazy\" width=\"200\" height=\"192\" src=\"https:\/\/static-m.meteo.cat\/wordpressweb\/wp-content\/uploads\/2014\/11\/25114416\/rosa-dels-vents.jpg\" alt=\"rosa dels vents\" class=\"wp-image-1833\"\/><\/a><\/figure>\n\n\n\n<p>Els noms gen\u00e8rics que prenen a la rosa dels vents s\u00f3n els seg\u00fcents:<\/p>\n\n\n\n<table class=\"wp-block-table sortable\"><thead><tr><th>Nom del Vent<\/th><th>Sectors (en graus sexagesimals) que corresponen a cada vent<\/th><\/tr><\/thead><tbody><tr><td>Vent del nord o tramuntana (N):<\/td><td>de 337.5\u00b0 a 22.5\u00b0<\/td><\/tr><tr><td>Vent del nord-est o gregal (NE):<\/td><td>de 22.5\u00b0 a 67.5\u00b0<\/td><\/tr><tr><td>Vent de l&#8217;est o llevant (E):<\/td><td>de 67.5\u00b0 a 112.5\u00b0<\/td><\/tr><tr><td>Vent del sud-est o xaloc (SE):<\/td><td>de 112.5\u00b0 a 157.5\u00b0<\/td><\/tr><tr><td>Vent del sud o migjorn (S):<\/td><td>de 157.5\u00b0 a 202.5\u00b0<\/td><\/tr><tr><td>Vent del sud-oest, llebeig o garb\u00ed (SW)*:<\/td><td>de 202.5\u00b0 a 247.5\u00b0<\/td><\/tr><tr><td>Vent de l&#8217;oest o ponent (W):<\/td><td>de 247.5\u00b0 a 292.5\u00b0<\/td><\/tr><tr><td>Vent del nord-oest o mestral (NW):<\/td><td>de 292.5\u00b0 a 337.5\u00b0<\/td><\/tr><\/tbody><\/table>\n\n\n\n<p>(*) El llebeig correspon al vent del SW impulsat per les situacions depression\u00e0ries, mentre que el nom de garb\u00ed \u00e9s millor deixar-lo per a la marinada que a Catalunya pr\u00e8n aquesta direcci\u00f3 (SW o SSW) en molts trams de la costa.<\/p>\n\n\n\n<p><strong>De vegades, quan la direcci\u00f3 del vent oscil\u00b7la en :<\/strong><\/p>\n\n\n\n<ul><li> Vent de component nord (entre 315\u00b0 i 45\u00b0) <\/li><li> Vent de component est (entre 45\u00b0 i 135\u00b0)  <\/li><li>Vent de component sud (entre 135\u00b0 i 225\u00b0) <\/li><li> Vent de component oest (entre 225\u00b0 i 315\u00b0) <\/li><\/ul>\n","protected":false},"excerpt":{"rendered":"<p>Els vents es diferencien segons la direcci\u00f3 des de la que bufen. Per conveni sempre es pr\u00e8n la direcci\u00f3 d&#8217;all\u00e0 on v\u00e9nen. Per a denominar un cert vent, o b\u00e9 es parla del sector geogr\u00e0fic concret des d&#8217;on bufa, o b\u00e9 se li d\u00f3na un nom propi. A Catalunya existeixen molts noms per a designar [&hellip;]<\/p>\n","protected":false},"author":2,"featured_media":0,"parent":130,"menu_order":1,"comment_status":"closed","ping_status":"open","template":"","meta":{"_mi_skip_tracking":false,"_monsterinsights_sitenote_active":false,"_monsterinsights_sitenote_note":"","_monsterinsights_sitenote_category":0},"_links":{"self":[{"href":"https:\/\/www.meteo.cat\/wpweb\/wp-json\/wp\/v2\/pages\/1830"}],"collection":[{"href":"https:\/\/www.meteo.cat\/wpweb\/wp-json\/wp\/v2\/pages"}],"about":[{"href":"https:\/\/www.meteo.cat\/wpweb\/wp-json\/wp\/v2\/types\/page"}],"author":[{"embeddable":true,"href":"https:\/\/www.meteo.cat\/wpweb\/wp-json\/wp\/v2\/users\/2"}],"replies":[{"embeddable":true,"href":"https:\/\/www.meteo.cat\/wpweb\/wp-json\/wp\/v2\/comments?post=1830"}],"version-history":[{"count":16,"href":"https:\/\/www.meteo.cat\/wpweb\/wp-json\/wp\/v2\/pages\/1830\/revisions"}],"predecessor-version":[{"id":29080,"href":"https:\/\/www.meteo.cat\/wpweb\/wp-json\/wp\/v2\/pages\/1830\/revisions\/29080"}],"up":[{"embeddable":true,"href":"https:\/\/www.meteo.cat\/wpweb\/wp-json\/wp\/v2\/pages\/130"}],"wp:attachment":[{"href":"https:\/\/www.meteo.cat\/wpweb\/wp-json\/wp\/v2\/media?parent=1830"}],"curies":[{"name":"wp","href":"https:\/\/api.w.org\/{rel}","templated":true}]}}