{"id":1826,"date":"2014-11-25T11:17:22","date_gmt":"2014-11-25T11:17:22","guid":{"rendered":"http:\/\/\/wpweb\/?page_id=1826"},"modified":"2023-03-07T09:54:05","modified_gmt":"2023-03-07T09:54:05","slug":"informacio-sobre-les-dades-meteorologiques-de-les-ema-que-es-mostren-al-web","status":"publish","type":"page","link":"https:\/\/www.meteo.cat\/wpweb\/divulgacio\/equipaments-meteorologics\/estacions-meteorologiques-automatiques\/xarxa-destacions-meteorologiques-automatiques-xema\/informacio-sobre-les-dades-meteorologiques-de-les-ema-que-es-mostren-al-web\/","title":{"rendered":"Informaci\u00f3 sobre les dades meteorol\u00f2giques de les EMA que es mostren al web"},"content":{"rendered":"\n<p>En aquest web i per a cadascuna de les EMA es presenten nom\u00e9s les anomenades dades de per\u00edode de les variables meteorol\u00f2giques principals:<\/p>\n\n\n\n<ul><li>Temperatura (T), en graus Celsius (\u00b0C)<\/li><li>Precipitaci\u00f3 (PPT), en mil\u00b7l\u00edmetres (mm), unitat equivalent a litres per metre quadrat<\/li><li>Velocitat del vent (VV), en metres per segon (m\/s), i Direcci\u00f3 del vent (DV), en graus<\/li><li>Humitat relativa (HR), en tant per cent (%)<\/li><li>Irradi\u00e0ncia solar global (RS), en watts per metre quadrat (W\/m2)<\/li><li>Pressi\u00f3 atmosf\u00e8rica (P), en hectopascals (hPa)<\/li><li>Gruix de neu (GN) al terra (cm)<\/li><\/ul>\n\n\n\n<h2>En relaci\u00f3 amb la presentaci\u00f3 temporal de les dades<\/h2>\n\n\n\n<p>Totes les dades corresponen a l&#8217;hora donada en Temps Universal (T.U.)<br><\/p>\n\n\n\n<p>Horari d&#8217;estiu: hora oficial = T.U. + 2 hores<br><\/p>\n\n\n\n<p>Horari d&#8217;hivern: hora oficial = T.U. + 1 hora<\/p>\n\n\n\n<h2>En relaci\u00f3 amb l\u2019adquisici\u00f3 i generaci\u00f3 de les dades<\/h2>\n\n\n\n<p>De forma general la freq\u00fc\u00e8ncia d&#8217;adquisici\u00f3 ha d&#8217;assegurar la bona representativitat dels canvis significatius per a cada variable meteorol\u00f2gica que es vol mesurar.<br>Per a la temperatura, la humitat relativa, la radiaci\u00f3 solar, la velocitat del vent i la direcci\u00f3 del vent, es fa un mostreig de valors secundals per a la posterior fabricaci\u00f3 de dades mitjanes minutals (cada segon es pren una mesura i cada minut es fa la mitjana de totes les mesures, tenint en compte que en el cas de la direcci\u00f3 i velocitat del vent, les mitjanes s&#8217;han de fer vectorials).<br><\/p>\n\n\n\n<p>Despr\u00e9s, amb les mitjanes minutals es generen les anomenades <b>dades de per\u00edode<\/b> les quals s\u00f3n semihor\u00e0ries (SH) o hor\u00e0ries (H) en funci\u00f3 de si es calculen fent la mitjana de 30 o 60 valors minutals respectivament. Actualment totes les estacions de la XEMA proprocionen dades de per\u00edode semihor\u00e0ries.<br><\/p>\n\n\n\n<p>A banda, tamb\u00e9 es disposa de la ratxa m\u00e0xima de vent de per\u00edode, que s&#8217;obt\u00e9 amb el m\u00e0xim valor en un minut de la mitjana vectorial de la velocitat del vent de tres valors secundals en el per\u00edode corresponent. La direcci\u00f3 de la ratxa m\u00e0xima s&#8217;obt\u00e9 de la mitjana vectorial de la direcci\u00f3 del vent de les mostres que proporcionen la ratxa m\u00e0xima.<br><\/p>\n\n\n\n<p>Finalment la dada de per\u00edode de precipitaci\u00f3 \u00e9s el resultat de sumar tots els valors de precipitaci\u00f3 registrats en el per\u00edode corresponent.<br><\/p>\n\n\n\n<p>Totes les dades de per\u00edode queden emmagatzemades a la Base de dades meteorol\u00f2giques de Catalunya, de la mateixa forma que les anomenades dades extremes di\u00e0ries. <\/p>\n\n\n\n<p>Aquestes es corresponen amb el valor m\u00e0xim i\/o m\u00ednim diari de les dades minutals per a la T, HR, RS i P. Pel vent, el valor extrem diari es correspon amb la dada m\u00e0xima de la ratxa m\u00e0xima de vent de per\u00edode<\/p>\n\n\n\n<h2>En relaci\u00f3 amb les dades de pressi\u00f3 atmosf\u00e8rica<\/h2>\n\n\n\n<p>Les dades de pressi\u00f3 atmosf\u00e8rica que es mostren al web s\u00f3n <a href=\"https:\/\/www.meteo.cat\/wpweb\/divulgacio\/estacions-meteorologiques-automatiques\/xarxa-destacions-meteorologiques-automatiques-xema\/informacio-sobre-les-dades-meteorologiques-de-les-ema-que-es-mostren-al-web\/reduccio-de-la-pressio-atmosferica-a-un-nivell-de-referencia\/\">redu\u00efdes a nivell de mar<\/a> a totes les EMA, menys en aquelles que es troben situades a una altitud superior als 1.500 metres, per les quals les dades de pressi\u00f3 atmosf\u00e8rica es redueixen a aquesta altitud.<\/p>\n\n\n\n<h2>En relaci\u00f3 amb les dades de vent<\/h2>\n\n\n\n<p>Les estacions meteorol\u00f2giques de la XEMA poden mesurar el vent a 2, a 6 o a 10 metres d\u2019altura, segons el seu empla\u00e7ament i la seva aplicaci\u00f3. L\u2019altura en la qual es mesura el vent apareix a la fitxa de cada estaci\u00f3. En aquest web es mostraran les dades de vent a 10 m sempre que es disposi de la mesura del vent a aquesta al\u00e7ada. Des del punt de vista purament meteorol\u00f2gic, l\u2019altura recomanable per mesurar el vent \u00e9s de 10 metres, i el motiu principal per mesurar-lo a 2 o a 6 metres \u00e9s la necessitat de con\u00e8ixer el valor del vent a aquestes altures per a diferents aplicacions concretes com s\u00f3n el c\u00e0lcul del risc d\u2019incendis forestals o el c\u00e0lcul de l\u2019evapotranspiraci\u00f3 de refer\u00e8ncia, entre d\u2019altres. Si es volen comparar velocitats del vent de diferents estacions, s\u2019hauran de fer els c\u00e0lculs necessaris per fer l\u2019estudi sempre a un mateix nivell de refer\u00e8ncia (que es recomana que sigui el de 10 metres per damunt del terra).<br><\/p>\n\n\n\n<p>Finalment, i per requeriments instrumentals, es considera vent en calma aquell amb una velocitat inferior a 0.5 m\/s.<\/p>\n\n\n\n<h2>En relaci\u00f3 amb el control de qualitat de les dades<\/h2>\n\n\n\n<p>Aquestes dades poden visualitzar-se de forma automatitzada abans que s\u2019efectu\u00ef cap control de qualitat des del Servei Meteorol\u00f2gic de Catalunya, el qual es du a terme a posteriori. Les dades apareixeran en color vermell quan estiguin pendents de validaci\u00f3,i un cop superin certs controls de qualitat aquestes apareixeran en negre.<\/p>\n\n\n\n<p>Malgrat que el SMC realitza tots els esfor\u00e7os en portar a terme el proc\u00e9s de control de la qualitat de les dades, no pot assegurar que per motius t\u00e8cnics de proced\u00e8ncia diversa no puguin apar\u00e8ixer dades err\u00f2nies. Per aquest motiu, davant la necessitat d&#8217;assegurar la validesa d&#8217;una dada, es recomana que aquesta sigui sol\u00b7licitada al SMC pel&nbsp;procediment establert a tal efecte.<\/p>\n","protected":false},"excerpt":{"rendered":"<p>En aquest web i per a cadascuna de les EMA es presenten nom\u00e9s les anomenades dades de per\u00edode de les variables meteorol\u00f2giques principals: Temperatura (T), en graus Celsius (\u00b0C) Precipitaci\u00f3 (PPT), en mil\u00b7l\u00edmetres (mm), unitat equivalent a litres per metre quadrat Velocitat del vent (VV), en metres per segon (m\/s), i Direcci\u00f3 del vent (DV), [&hellip;]<\/p>\n","protected":false},"author":4,"featured_media":0,"parent":1813,"menu_order":3,"comment_status":"closed","ping_status":"open","template":"template-sidebar.php","meta":{"_mi_skip_tracking":false,"_monsterinsights_sitenote_active":false,"_monsterinsights_sitenote_note":"","_monsterinsights_sitenote_category":0},"_links":{"self":[{"href":"https:\/\/www.meteo.cat\/wpweb\/wp-json\/wp\/v2\/pages\/1826"}],"collection":[{"href":"https:\/\/www.meteo.cat\/wpweb\/wp-json\/wp\/v2\/pages"}],"about":[{"href":"https:\/\/www.meteo.cat\/wpweb\/wp-json\/wp\/v2\/types\/page"}],"author":[{"embeddable":true,"href":"https:\/\/www.meteo.cat\/wpweb\/wp-json\/wp\/v2\/users\/4"}],"replies":[{"embeddable":true,"href":"https:\/\/www.meteo.cat\/wpweb\/wp-json\/wp\/v2\/comments?post=1826"}],"version-history":[{"count":9,"href":"https:\/\/www.meteo.cat\/wpweb\/wp-json\/wp\/v2\/pages\/1826\/revisions"}],"predecessor-version":[{"id":37434,"href":"https:\/\/www.meteo.cat\/wpweb\/wp-json\/wp\/v2\/pages\/1826\/revisions\/37434"}],"up":[{"embeddable":true,"href":"https:\/\/www.meteo.cat\/wpweb\/wp-json\/wp\/v2\/pages\/1813"}],"wp:attachment":[{"href":"https:\/\/www.meteo.cat\/wpweb\/wp-json\/wp\/v2\/media?parent=1826"}],"curies":[{"name":"wp","href":"https:\/\/api.w.org\/{rel}","templated":true}]}}