{"id":18098,"date":"2015-01-09T09:27:40","date_gmt":"2015-01-09T08:27:40","guid":{"rendered":"http:\/\/10.116.16.72\/test\/?p=2017"},"modified":"2022-01-26T09:11:27","modified_gmt":"2022-01-26T09:11:27","slug":"1985-01-05_30-anys-de-la-gran-fredorada-de-gener-de-1985","status":"publish","type":"page","link":"https:\/\/www.meteo.cat\/wpweb\/divulgacio\/publicacions\/efemerides\/1985-01-05_30-anys-de-la-gran-fredorada-de-gener-de-1985\/","title":{"rendered":"30 anys de la Gran Fredorada de gener de 1985"},"content":{"rendered":"\n<p><strong> PUBLICADA EL 09\/01\/1985 <\/strong><\/p>\n\n\n\n<p>Aquesta setmana es compleixen 30 anys de la <strong>Gran Fredorada de gener de 1985<\/strong> que va afectar a tot el pa\u00eds entre els dies 5 i 17. Va ser la segona onada de fred m\u00e9s important de tot el segle XX a Catalunya i la resta de la pen\u00ednsula Ib\u00e8rica, i la m\u00e9s important des de l\u2019onada de fred de febrer de 1956. Des d\u2019aleshores no hi hagut cap onada de fred que hagi superat els valors m\u00ednims de la Fredorada de 1985. Molts tarongers i oliveres varen morir per l\u2019intens fred assolint-se temperatures inferiors als <strong>-20 \u00b0C<\/strong> en zones de la <strong>Catalunya Central, <\/strong>les <strong>Terres de Ponent <\/strong>i el <strong>Pirineu<\/strong>. Puntualment varen produir-se nevades intenses fins a nivell de mar al sud de la <strong>Costa Brava <\/strong>registrant-se <strong>37 cm<\/strong> a <strong>Calella de Palafrugell<\/strong> el <strong>13 de gener de 1985<\/strong>.<\/p>\n\n\n\n<div class=\"wp-block-image\"><figure class=\"aligncenter\"><a href=\"https:\/\/static-m.meteo.cat\/content\/blog\/2015\/01\/FIG01-Manresa-Fredorada-GEN1985.jpg\"><img src=\"https:\/\/static-m.meteo.cat\/content\/blog\/2015\/01\/FIG01-Manresa-Fredorada-GEN1985.jpg\" alt=\"FIG01-Manresa-Fredorada-GEN1985\" class=\"wp-image-2024\"\/><\/a><figcaption>Imatge g\u00e8lida d&#8221;una casa del barri Vell de Manresa els dies de la fredorada de gener de 1985 (Font: Instituci\u00f3 Catalana d\u2019Hist\u00f2ria Natural, ICHN; Foto de Jordi Badia).<\/figcaption><\/figure><\/div>\n\n\n\n<h2><strong>Descripci\u00f3 general<\/strong><\/h2>\n\n\n\n<p>L\u2019onada de fred va comen\u00e7ar el <strong>5 de gener <\/strong>i es va allargar fins al <strong>17 de gener<\/strong>, com a conseq\u00fc\u00e8ncia de dues invasions consecutives d\u2019aire siberi\u00e0 procedent del Nord-est d\u2019Europa. Coincidint amb l\u2019inici de l\u2019onada de fred es va produir una curta per\u00f2 forta nevada la nit de Reis que va agafar pr\u00e0cticament a tot arreu amb gruixos entre <strong>1 i 15 cm<\/strong>. Fins i tot la ciutat de Barcelona va quedar tota blanca amb una capa d\u2019entre <strong>1 i 7 cm <\/strong>aquella nit de Reis. Els dies posteriors van tornar a produir-se nevades per\u00f2 de car\u00e0cter a\u00efllat a diferents punts del pa\u00eds acumulant-s\u2019hi entre <strong>1 i 10 cm<\/strong>. Entre l\u201911 i el 15 de gener, coincidint amb la segona entrada d\u2019aire fred, una nova tongada de nevades, localment m\u00e9s intenses, va tornar a deixar blanc gran part del pa\u00eds amb gruixos m\u00e0xims d\u2019entre <strong>20 i 50 cm<\/strong> a diferents punts del territori: <strong>30 cm<\/strong> a <strong>Jafre <\/strong>i <strong>23 cm<\/strong> a <strong>Arenys de Mar <\/strong>el <strong>dia 12<\/strong>, <strong>37 cm<\/strong> a <strong>Calella de Palafrugell<\/strong> el <strong>dia 13<\/strong>, <strong>45 cm<\/strong> al <strong>Tur\u00f3 de l\u2019Home<\/strong> el <strong>dia 14<\/strong> i <strong>25 cm<\/strong> a <strong>Sant Feliu de Gu\u00edxols<\/strong> el <strong>dia 15<\/strong>. Aquesta vegada la neu nom\u00e9s va agafar a la part alta de la ciutat de Barcelona.<\/p>\n\n\n\n<p>Durant la fredorada va arribar a gla\u00e7ar a tot el pa\u00eds aix\u00ed com a la resta de territoris de parla catalana. Fins i tot al centre de la ciutat de Barcelona, indret molt poc propens a gla\u00e7ar,&nbsp;van registrar-se diversos dies amb m\u00ednimes negatives. La major part de la pen\u00ednsula Ib\u00e8rica i les Illes Balears enregistraren entre el 15-16 de gener de 1985 les temperatures m\u00e9s baixes del mes i algunes estacions la m\u00e9s baixa observada en qualsevol dia de gener des de la seva posada en funcionament. El dia 17 una ventada va despla\u00e7ar l&#8221;aire fred i sec continental passant a dominar un massa d\u2019aire atl\u00e0ntic m\u00e9s temperat i humit finalitzant aix\u00ed l&#8221;onada de fred.<\/p>\n\n\n\n<p>Els valors m\u00ednims de temperatura van assolir-se tant a alta muntanya com a la depressi\u00f3 Central, ja que la cont\u00ednua entrada d\u2019aire fred va facilitar que se n\u2019acumul\u00e9s molt especialment a les fondalades de l\u2019interior i que tinguessin lloc inversions t\u00e8rmiques molt marcades quan encalmava el vent. La temperatura m\u00e9s baixa registrada a la <strong>Xarxa d\u2019Observadors de Catalunya<\/strong> va ser a <strong>l\u2019Estaci\u00f3 d\u2019esqu\u00ed de Vallter 2000<\/strong>, a uns 2.164 m d\u2019altitud, amb <strong>&nbsp;<\/strong><strong>-23 <\/strong><strong>\u00b0C<\/strong> el <strong>15 de gener de 1985. <\/strong>A cavall de la Noguera i l&#8217;Urgell, aix\u00ed com al Bages, les temperatures van ser puntualment inferiors als <strong>-21 <\/strong><strong>\u00b0C<\/strong>. Malauradament als anys 80 del segle passat nom\u00e9s hi havia dues estacions per damunt dels 2.000 m, per\u00f2 \u00e9s molt probable que a les cotes m\u00e9s altes del Pirineu els valors m\u00ednims durant aquesta gran fredorada superessin els <strong>-25 <\/strong><strong>\u00b0C<\/strong>.<\/p>\n\n\n\n<p>A continuaci\u00f3 s\u2019ofereix &nbsp;un llistat amb els valors m\u00ednims de temperatura inferiors o iguals a -15 \u00b0C de gener de 1985 a la <strong>Xarxa d\u2019Observadors de Catalunya:<\/strong><\/p>\n\n\n\n<div class=\"wp-block-image\"><figure class=\"aligncenter\"><a href=\"https:\/\/static-m.meteo.cat\/content\/blog\/2015\/01\/FIG02-Taula-TAN-GEN1985-Inferiors-m15.jpg\" target=\"_blank\" rel=\"https:\/\/static-m.meteo.cat\/content\/blog\/2015\/01\/fig02-taula-tan-gen1985-inferiors-m15.jpg noopener noreferrer\"><img src=\"https:\/\/static-m.meteo.cat\/content\/blog\/2015\/01\/FIG02-Taula-TAN-GEN1985-Inferiors-m15-632x1024.jpg\" alt=\"FIG02-Taula-TAN-GEN1985-Inferiors-m15\" class=\"wp-image-2025\"\/><\/a><\/figure><\/div>\n\n\n\n<p>Al litoral tamb\u00e9 es van donar gla\u00e7ades importants, tal i com es pot apreciar al seg\u00fcent llistat de valors m\u00ednims de temperatura m\u00e9s extrems (inferiors o iguals als -5 \u00b0C) de gener de 1985 assolits en aquesta zona segons la <strong>Xarxa d\u2019Observadors de Catalunya<\/strong>:<\/p>\n\n\n\n<div class=\"wp-block-image\"><figure class=\"aligncenter\"><a href=\"https:\/\/static-m.meteo.cat\/content\/blog\/2015\/01\/FIG03-Taula-TAN-GEN1985-Litoral-m5.jpg\"><img src=\"https:\/\/static-m.meteo.cat\/content\/blog\/2015\/01\/FIG03-Taula-TAN-GEN1985-Litoral-m5-1024x746.jpg\" alt=\"FIG03-Taula-TAN-GEN1985-Litoral-m5\" class=\"wp-image-2026\"\/><\/a><\/figure><\/div>\n\n\n\n<h2><strong>Situaci\u00f3 meteorol\u00f2gica<\/strong><\/h2>\n\n\n\n<p>Durant aquells dies de gener de 1985 es van produir dues invasions d\u2019aire siberi\u00e0 a Catalunya, la primera d\u2019elles amb un valor m\u00ednim de <strong>-14 <\/strong><strong>\u00b0C<\/strong> a 850 hPa el <strong>dia 6<\/strong> i <strong>-15 <\/strong><strong>\u00b0C<\/strong> el <strong>dia 9<\/strong>; i la segona amb <strong>-16 <\/strong><strong>\u00b0C<\/strong> el <strong>dia 15<\/strong>. Durant 13 dies consecutius la temperatura a 850 hPa va estar per sota de -5 \u00b0C sobre la vertical de Catalunya. L\u2019entrada d\u2019aquestes masses d\u2019aire tan fred es va veure afavorida per la pres\u00e8ncia d\u2019un potent anticicl\u00f3 situat inicialment a Isl\u00e0ndia, el qual va anar despla\u00e7ant-se i enfortint-se cap a les Illes Brit\u00e0niques i posteriorment Escandin\u00e0via amb pressions superiors a <strong>1044 hPa<\/strong> el <strong>dia 15<\/strong>. L\u2019anticicl\u00f3 va comportar, en superf\u00edcie i 850 hPa, una circulaci\u00f3 de vents de component entre nord i est. Aquesta circulaci\u00f3 es va veure refor\u00e7ada per una \u00e0mplia zona de baixes pressions a tota la Mediterr\u00e0nia, des de l\u2019Atl\u00e0ntic fins al Pr\u00f2xim Orient. La situaci\u00f3 es va perllongar durant gaireb\u00e9 dues setmanes facilitant la cont\u00ednua arribada d\u2019aire fred siberi\u00e0 al nostre territori. Depenent de si la proced\u00e8ncia del vent era m\u00e9s continental o m\u00e9s mar\u00edtima, aquesta circulaci\u00f3 va poder afavorir les nevades comentades, tant la nit i dia de Reis, com entre els dies 11 i 15. Els valors m\u00e9s baixos a les diferents estacions manuals es van donar coincidint amb una de les dues puntes de l\u2019entrada d\u2019aire fred, o b\u00e9 els dies 7-9 o b\u00e9 els dies 14-16. El debilitament i moviment m\u00e9s cap al nord de l\u2019anticicl\u00f3 escandinau i l\u2019apropament d\u2019una profunda borrasca a la pen\u00ednsula Ib\u00e8rica amb vents del sud-oest va tallar l\u2019entrada d\u2019aire fred a Catalunya, despla\u00e7ant la massa d\u2019aire fred i sec continental i donant per finalitzada la fredorada.<\/p>\n\n\n\n<p>En els seg\u00fcents mapes es mostren les rean\u00e0lisis del 20CRP (<a>NCAR-NCEP, EUA<\/a>) per al 05\/01\/1985 a les 18UTC (mapes de l\u2019esquerra) i 15\/01\/1985 a les 00 UTC (mapes de la dreta) dels camps d\u2019al\u00e7ada geopotencial i temperatura a 500 hPa (imatges superiors) i a 850 hPa (imatges centrals), aix\u00ed com els camps de pressi\u00f3 al nivell del mar en superf\u00edcie i de temperatura a 2 m (imatges inferiors). S&#8221;han escollit aquests dos dies per ser els m\u00e9s representatius de l\u2019onada de fred: el primer coincideix amb l\u2019inici de la fredorada i les nevades generalitzades, i el segon indica la m\u00e0xima entrada d\u2019aire fred a 850 hPa.<\/p>\n\n\n\n<div class=\"wp-block-image\"><figure class=\"aligncenter\"><a href=\"https:\/\/static-m.meteo.cat\/content\/blog\/2015\/01\/FIG04-REANALISIS-20CRP-19850105-15.jpg\" target=\"_blank\" rel=\"https:\/\/static-m.meteo.cat\/content\/blog\/2015\/01\/fig04-reanalisis-20crp-19850105-15.jpg noopener noreferrer\"><img src=\"https:\/\/static-m.meteo.cat\/content\/blog\/2015\/01\/FIG04-REANALISIS-20CRP-19850105-15-737x1024.jpg\" alt=\"FIG04-REANALISIS-20CRP-19850105 15\" class=\"wp-image-2027\"\/><\/a><\/figure><\/div>\n\n\n\n<p>Les dues onades de fred del mes de gener de 1985 van comportar una important <strong>anomalia t\u00e8rmica<\/strong> a 850 hPa a la pen\u00ednsula Ib\u00e8rica, sobretot al seu quadrant nord-est, i a gran part d\u2019Europa. Tamb\u00e9 destaca una important <strong>anomalia de l\u2019al\u00e7ada geopotencial<\/strong> a 850 hPa, que \u00e9s positiva sobre Isl\u00e0ndia i negativa a gran part del sud i centre d\u2019Europa. Es van assolir valors mensuals de temperatura a 850 hPa inferiors a 4,5 \u00b0C respecte la mitjana clim\u00e0tica del per\u00edode 1948-2014, sobre la vertical de Catalunya; i inferiors als 6 \u00b0C al sud de Finl\u00e0ndia. El camp mitj\u00e0 de l\u2019al\u00e7ada geopotencial a 850 hPa tamb\u00e9 mostra un clar domini en la circulaci\u00f3 de vents de component nord a l\u2019Europa Occidental, afavorint-se aix\u00ed l\u2019entrada d\u2019aire fred polar o siberi\u00e0 cap a l\u2019Europa Occidental i la pen\u00ednsula Ib\u00e8rica durant gran part del mes. Aquesta configuraci\u00f3 \u00e9s molt diferent a la predominant durant el mes de gener a tota l\u2019Europa Occidental, amb una circulaci\u00f3 de vents de component majorit\u00e0riament de l\u2019oest.<\/p>\n\n\n\n<p>A continuaci\u00f3 es mostren les <a>rean\u00e0lisis de l\u2019NCAR-NCEP<\/a> dels camps mitjans mensuals de l\u2019al\u00e7ada geopotencial i la temperatura a 850 hPa per als valors mitjans de tots els geners (1948-2014, imatge superior), valors mitjans de gener de 1985 (imatge central) i les anomalies de gener de 1985 respecte la mitjana clim\u00e0tica del per\u00edode 1948-2014 (imatge inferior):<\/p>\n\n\n\n<div class=\"wp-block-image\"><figure class=\"aligncenter\"><a href=\"https:\/\/static-m.meteo.cat\/content\/blog\/2015\/01\/FIG05-REANALISIS-NNRP-GEN1985.jpg\" target=\"_blank\" rel=\"https:\/\/static-m.meteo.cat\/content\/blog\/2015\/01\/fig05-reanalisis-nnrp-gen1985.jpg noopener noreferrer\"><img src=\"https:\/\/static-m.meteo.cat\/content\/blog\/2015\/01\/FIG05-REANALISIS-NNRP-GEN1985-415x1024.jpg\" alt=\"FIG05-REANALISIS-NNRP-GEN1985\" class=\"wp-image-2028\"\/><\/a><\/figure><\/div>\n\n\n\n<h2><strong>Danys produ\u00efts<\/strong><\/h2>\n\n\n\n<p>La Gran Fredorada de 1985 es coneix tamb\u00e9 amb el nom de <strong><em>rebenta-canonades<\/em><\/strong> perqu\u00e8 la congelaci\u00f3 de l\u2019aigua a les canonades va causar el trencament de les mateixes a moltes llars del pa\u00eds, comportant fins i tot el tall de subministrament. Tamb\u00e9 es van produir talls de subministrament el\u00e8ctric produ\u00efts per la gran demanda de consum derivada del fred intens.<\/p>\n\n\n\n<p>A la Catalunya Central, les Terres de Ponent i el Pirineu varen estar dues setmanes sota la neu i el gla\u00e7, amb moltes riberes i cursos d\u2019aigua congelats. Per exemple, a la ciutat de Girona el brollador, el canal de la Devesa i una part del riu Onyar, van romandre gla\u00e7ats al llarg de 12 dies. A la ciutat de Lleida va gla\u00e7ar (m\u00e0ximes inferiors o iguals a 0 \u00b0C) durant vuit dies consecutius, del 6 al 13 de gener.&nbsp; Fins i tot a la part alta de la ciutat de Barcelona van gla\u00e7ar-se molts carrers produint-se un total de 154 accidents de tr\u00e0nsit que van deixar una setantena de ferits.<\/p>\n\n\n\n<p>Els danys a l\u2019agricultura varen ser molt importants, ja que el fred va provocar la mort d\u2019arbres fruiters com ara tarongers de les Terres de l\u2019Ebre i sobretot del Pa\u00eds Valenci\u00e0, oliveres de la Catalunya Central i les Terres de Ponent o fins i tot pins al Bages. La dada m\u00e9s negativa, per\u00f2, s\u00f3n les trenta-vuit persones que van morir per congelaci\u00f3 en el conjunt de l\u2019estat espanyol, on les p\u00e8rdues agr\u00edcoles globals es van valorar en uns 40.000 milions de les antigues pessetes (uns 241 milions d\u2019euros), concentrades b\u00e0sicament al Pa\u00eds Valenci\u00e0 i M\u00farcia.<\/p>\n","protected":false},"excerpt":{"rendered":"<p>PUBLICADA EL 09\/01\/1985 Aquesta setmana es compleixen 30 anys de la Gran Fredorada de gener de 1985 que va afectar a tot el pa\u00eds entre els dies 5 i 17. Va ser la segona onada de fred m\u00e9s important de tot el segle XX a Catalunya i la resta de la pen\u00ednsula Ib\u00e8rica, i la [&hellip;]<\/p>\n","protected":false},"author":7,"featured_media":0,"parent":18384,"menu_order":0,"comment_status":"open","ping_status":"open","template":"template-sidebar.php","meta":{"_mi_skip_tracking":false,"_monsterinsights_sitenote_active":false,"_monsterinsights_sitenote_note":"","_monsterinsights_sitenote_category":0},"_links":{"self":[{"href":"https:\/\/www.meteo.cat\/wpweb\/wp-json\/wp\/v2\/pages\/18098"}],"collection":[{"href":"https:\/\/www.meteo.cat\/wpweb\/wp-json\/wp\/v2\/pages"}],"about":[{"href":"https:\/\/www.meteo.cat\/wpweb\/wp-json\/wp\/v2\/types\/page"}],"author":[{"embeddable":true,"href":"https:\/\/www.meteo.cat\/wpweb\/wp-json\/wp\/v2\/users\/7"}],"replies":[{"embeddable":true,"href":"https:\/\/www.meteo.cat\/wpweb\/wp-json\/wp\/v2\/comments?post=18098"}],"version-history":[{"count":4,"href":"https:\/\/www.meteo.cat\/wpweb\/wp-json\/wp\/v2\/pages\/18098\/revisions"}],"predecessor-version":[{"id":33292,"href":"https:\/\/www.meteo.cat\/wpweb\/wp-json\/wp\/v2\/pages\/18098\/revisions\/33292"}],"up":[{"embeddable":true,"href":"https:\/\/www.meteo.cat\/wpweb\/wp-json\/wp\/v2\/pages\/18384"}],"wp:attachment":[{"href":"https:\/\/www.meteo.cat\/wpweb\/wp-json\/wp\/v2\/media?parent=18098"}],"curies":[{"name":"wp","href":"https:\/\/api.w.org\/{rel}","templated":true}]}}