{"id":1635,"date":"2014-11-21T09:03:02","date_gmt":"2014-11-21T09:03:02","guid":{"rendered":"http:\/\/\/wpweb\/?page_id=1635"},"modified":"2024-03-06T06:34:24","modified_gmt":"2024-03-06T06:34:24","slug":"cc-cirrocumuls","status":"publish","type":"page","link":"https:\/\/www.meteo.cat\/wpweb\/divulgacio\/equipaments-meteorologics\/observadors-meteorologics\/manual-de-lobservador\/generes-de-nuvols\/cc-cirrocumuls\/","title":{"rendered":"Cc -Cirroc\u00famulus"},"content":{"rendered":"\n<h2>Definici\u00f3<\/h2>\n\n\n\n<p>Tipus de n\u00favols alts que es presenten sempre agrupats en formacions regulars (bancs) de di\u00e0metre individual inferior a 1\u00ba i formats, gaireb\u00e9 exclusivament, per cristalls de gla\u00e7.<br><\/p>\n\n\n\n<p>No tenen ombra pr\u00f2pia i s\u00f3n de color blanc molt n\u00edtid.<br><\/p>\n\n\n\n<p>El contorn de cada n\u00favol acostuma a ser ben delimitat i les formes m\u00e9s habituals s\u00f3n similars a llenties o ametlles.<br><\/p>\n\n\n\n<p>Estan formats gaireb\u00e9 del tot per cristalls de gla\u00e7 i la seva transpar\u00e8ncia es deu a l\u2019estat de dispersi\u00f3 d\u2019aquests cristalls.<br>Acostumen a ser prou transparents per deixar veure la posici\u00f3 del sol i de la lluna quan passen davant seu. Per la mateixa ra\u00f3, s\u00f3n dif\u00edcils de distingir a la nit.<br><\/p>\n\n\n\n<p>S\u2019associen a corones i irisacions.<\/p>\n\n\n\n<h2>Consells per a l\u2019observaci\u00f3<\/h2>\n\n\n\n<p>\u00c9s molt habitual trobar-los associats als cirrus i cirroestratus, dels quals s\u00f3n una evoluci\u00f3.<br><\/p>\n\n\n\n<p>Aquests n\u00favols agrupats mostren un aspecte amb ondulacions com el rastre de l\u2019onatge a la sorra de la platja.<br><\/p>\n\n\n\n<p>Mirant les seves formacions en direcci\u00f3 a l\u2019origen del vent, si darrere seu els n\u00favols s\u00f3n cada cop m\u00e9s espessos, pot indicar l\u2019arribada d\u2019un front fred, i, per tant, de precipitacions. Si no \u00e9s aix\u00ed, el bon temps est\u00e0 assegurat.<br><\/p>\n\n\n\n<p>No produeixen mai precipitaci\u00f3 i no s\u00f3n gaire habituals al nostre pa\u00eds.<\/p>\n\n\n\n<h2>Fotografies<\/h2>\n\n\n\n<div class=\"wp-block-image\"><figure class=\"aligncenter\"><a href=\"https:\/\/static-m.meteo.cat\/wordpressweb\/wp-content\/uploads\/2014\/11\/21084223\/BIG_568565615022712_00.jpg\"><img loading=\"lazy\" width=\"700\" height=\"470\" src=\"https:\/\/static-m.meteo.cat\/wordpressweb\/wp-content\/uploads\/2014\/11\/21084223\/BIG_568565615022712_00.jpg\" alt=\"Cirroc\u00famuls.\" class=\"wp-image-2939\"\/><\/a><figcaption>G\u00e8neres de n\u00favols Cirroc\u00famulus. Autor: Alfons Puertas<\/figcaption><\/figure><\/div>\n","protected":false},"excerpt":{"rendered":"<p>Definici\u00f3 Tipus de n\u00favols alts que es presenten sempre agrupats en formacions regulars (bancs) de di\u00e0metre individual inferior a 1\u00ba i formats, gaireb\u00e9 exclusivament, per cristalls de gla\u00e7. No tenen ombra pr\u00f2pia i s\u00f3n de color blanc molt n\u00edtid. El contorn de cada n\u00favol acostuma a ser ben delimitat i les formes m\u00e9s habituals s\u00f3n [&hellip;]<\/p>\n","protected":false},"author":4,"featured_media":0,"parent":1326,"menu_order":0,"comment_status":"closed","ping_status":"open","template":"template-sidebar.php","meta":{"_mi_skip_tracking":false,"_monsterinsights_sitenote_active":false,"_monsterinsights_sitenote_note":"","_monsterinsights_sitenote_category":0},"_links":{"self":[{"href":"https:\/\/www.meteo.cat\/wpweb\/wp-json\/wp\/v2\/pages\/1635"}],"collection":[{"href":"https:\/\/www.meteo.cat\/wpweb\/wp-json\/wp\/v2\/pages"}],"about":[{"href":"https:\/\/www.meteo.cat\/wpweb\/wp-json\/wp\/v2\/types\/page"}],"author":[{"embeddable":true,"href":"https:\/\/www.meteo.cat\/wpweb\/wp-json\/wp\/v2\/users\/4"}],"replies":[{"embeddable":true,"href":"https:\/\/www.meteo.cat\/wpweb\/wp-json\/wp\/v2\/comments?post=1635"}],"version-history":[{"count":9,"href":"https:\/\/www.meteo.cat\/wpweb\/wp-json\/wp\/v2\/pages\/1635\/revisions"}],"predecessor-version":[{"id":39907,"href":"https:\/\/www.meteo.cat\/wpweb\/wp-json\/wp\/v2\/pages\/1635\/revisions\/39907"}],"up":[{"embeddable":true,"href":"https:\/\/www.meteo.cat\/wpweb\/wp-json\/wp\/v2\/pages\/1326"}],"wp:attachment":[{"href":"https:\/\/www.meteo.cat\/wpweb\/wp-json\/wp\/v2\/media?parent=1635"}],"curies":[{"name":"wp","href":"https:\/\/api.w.org\/{rel}","templated":true}]}}