{"id":1626,"date":"2014-11-21T08:58:24","date_gmt":"2014-11-21T08:58:24","guid":{"rendered":"http:\/\/\/wpweb\/?page_id=1626"},"modified":"2020-10-19T07:17:18","modified_gmt":"2020-10-19T07:17:18","slug":"nuvols","status":"publish","type":"page","link":"https:\/\/www.meteo.cat\/wpweb\/divulgacio\/equipaments-meteorologics\/observadors-meteorologics\/manual-de-lobservador\/generes-de-nuvols\/nuvols\/","title":{"rendered":"N\u00favols"},"content":{"rendered":"\n<h2>Definici\u00f3<\/h2>\n\n\n\n<p>Un n\u00favol \u00e9s una porci\u00f3 d\u2019aire enterbolida pel vapor d\u2019aigua condensat en forma de gotes d\u2019aigua o de gla\u00e7 (unes 1.000 per cm3), de mida molt petita (un di\u00e0metre com\u00fa \u00e9s 0,01 mm), la qual cosa vol dir que la dist\u00e0ncia mitjana entre les gotes \u00e9s d\u20191 mm.<\/p>\n\n\n\n<p>La mida de les gotes d\u2019aigua i dels cristalls de gla\u00e7 dels n\u00favols afavoreix que es mantinguin en suspensi\u00f3 en l\u2019aire o facin una caiguda molt lenta.<\/p>\n\n\n\n<p>Diversos tipus de n\u00favols comparteixen en el seu si gotes d\u2019aigua i cristalls de gla\u00e7.<\/p>\n\n\n\n<p>Es formen per la <strong>condensaci\u00f3<\/strong> (pas de gas a l\u00edquid) o la <strong>sublimaci\u00f3<\/strong> (de gas a s\u00f2lid) del vapor d\u2019aigua que hi ha a l\u2019atmosfera, provinent de l\u2019evaporaci\u00f3 per escalfament de les masses d\u2019aigua superficials: oceans, mars, rius, etc.<\/p>\n\n\n\n<p>La pres\u00e8ncia en l\u2019aire de petites part\u00edcules de pols de diferent origen afavoreix l\u2019aparici\u00f3 de les gotes d\u2019aigua i dels cristalls de gla\u00e7. Aquestes part\u00edcules s\u00f3n anomenades nuclis de <strong>condensaci\u00f3<\/strong>.<\/p>\n\n\n\n<p>Per l\u2019altura de la seva base, els n\u00favols es classifiquen en alts, mitjans i baixos.<\/p>\n\n\n\n<p>L\u2019altura dels n\u00favols augmenta durant el dia i disminueix a la nit. L\u2019altura sol ser major a l\u2019estiu que a l\u2019hivern. Aquestes oscil\u2022lacions s\u2019expliquen per la variaci\u00f3 de la temperatura di\u00e0ria i estacional.<\/p>\n\n\n\n<h2>Consells per a l\u2019observaci\u00f3<\/h2>\n\n\n\n<p>Els 10 g\u00e8neres de n\u00favols existents se subdivideixen en esp\u00e8cies, varietats i detalls accidentals que donen lloc a diversos tipus dins del mateix g\u00e8nere.<\/p>\n\n\n\n<p>Gaireb\u00e9 tots els n\u00favols es troben en la capa inferior de l\u2019atmosfera, la <strong>troposfera<\/strong>. Tan sols s\u00f3n fora d\u2019aquesta zona els <strong>n\u00favols nacrats<\/strong> i els <strong>noctilucents<\/strong>.<\/p>\n\n\n\n<p>L\u2019altura de la base dels n\u00favols \u00e9s un dels millors detalls per identificar-los:<\/p>\n\n\n\n<ul><li> N\u00favols alts (base entre 6 i 12 km): cirrus, cirrostrats i cirroc\u00famuls.<\/li><li> N\u00favols mitjans (base entre 2 i 6 km): altostrats, altoc\u00famuls i nimbostrats (aquests s\u00f3n els \u00fanics que poden classificar-se com a mitjans i baixos).<\/li><li> N\u00favols baixos (base entre 600 m i 1.500 m): estratoc\u00famuls, estrats, c\u00famuls, cumulonimbus i nimbostrats.<\/li><\/ul>\n\n\n\n<p>A banda d\u2019identificar els n\u00favols, cal indicar la fracci\u00f3 de cel cobert, expressada en octes o vuitenes parts.<\/p>\n\n\n\n<p>Si en una observaci\u00f3 els n\u00favols presents s\u00f3n inferiors a una octa, cal posar 1 igualment. Per indicar el zero, cal que el cel estigui absolutament ras.<\/p>\n\n\n\n<p>En cas d\u2019observar el cel gaireb\u00e9 tapat, per\u00f2 amb algun punt de clariana, cal posar 7 octes; el 8 es reserva nom\u00e9s per a quan \u00e9s absolutament tapat.<\/p>\n\n\n\n<p>Si l\u2019observador realitza la seva tasca des d\u2019un lloc elevat es pot trobar amb n\u00favols visibles per sota del seu nivell. En aquest cas, s\u2019han de consignar a part, per\u00f2 no s\u2019han de sumar en el nombre d\u2019octes de cel cobert.<\/p>\n\n\n\n<p>En el mateix cas anterior d\u2019observacions en llocs enlairats, es pot donar el cas que en el moment de l\u2019observaci\u00f3 l\u2019indret estigui totalment o parcialment envoltat de n\u00favols i, per tant, amb molt poca visibilitat. En aquests casos s\u2019ha d\u2019anotar com a boira.<\/p>\n\n\n\n<p>En una observaci\u00f3 de n\u00favols, tots els que siguin visibles s\u2019han d\u2019anotar en algun dels deu g\u00e8neres definits.<\/p>\n\n\n\n<h2>Fotografies<\/h2>\n\n\n\n<div class=\"wp-block-columns has-2-columns\">\n<div class=\"wp-block-column\">\n<div class=\"wp-block-image\"><figure class=\"aligncenter\"><a href=\"https:\/\/static-m.meteo.cat\/wordpressweb\/wp-content\/uploads\/2014\/11\/21085824\/BIG_506535615022712_00.jpg\"><img loading=\"lazy\" width=\"300\" height=\"225\" src=\"https:\/\/static-m.meteo.cat\/wordpressweb\/wp-content\/uploads\/2014\/11\/21085824\/BIG_506535615022712_00-300x225.jpg\" alt=\"Altoc\u00famuls i cirrostrats\" class=\"wp-image-2610\"\/><\/a><figcaption>G\u00e8neres de n\u00favols Altoc\u00famuls en primer terme i al fons, amb cirrostrats en tot l\u2019horitz\u00f3 amb halo solar. Autor: Josep Paret<\/figcaption><\/figure><\/div>\n\n\n\n<div class=\"wp-block-image\"><figure class=\"aligncenter\"><a href=\"https:\/\/static-m.meteo.cat\/wordpressweb\/wp-content\/uploads\/2014\/11\/21085824\/BIG_599545615022712_00.jpg\"><img loading=\"lazy\" width=\"300\" height=\"225\" src=\"https:\/\/static-m.meteo.cat\/wordpressweb\/wp-content\/uploads\/2014\/11\/21085824\/BIG_599545615022712_00-300x225.jpg\" alt=\"C\u00famuls i cumulonimbus\" class=\"wp-image-2611\"\/><\/a><figcaption>   G\u00e8neres de n\u00favols C\u00famuls, en primer terme, i cumulonimbus amb cortines de precipitaci\u00f3, al fons. Autor: Josep Pareta <\/figcaption><\/figure><\/div>\n<\/div>\n\n\n\n<div class=\"wp-block-column\">\n<div class=\"wp-block-image\"><figure class=\"aligncenter\"><a href=\"https:\/\/static-m.meteo.cat\/wordpressweb\/wp-content\/uploads\/2014\/11\/21085824\/BIG_959535615022712_00.jpg\"><img loading=\"lazy\" width=\"300\" height=\"225\" src=\"https:\/\/static-m.meteo.cat\/wordpressweb\/wp-content\/uploads\/2014\/11\/21085824\/BIG_959535615022712_00-300x225.jpg\" alt=\"Cirroc\u00famuls i cirrus\" class=\"wp-image-2612\"\/><\/a><figcaption>G\u00e8neres de n\u00favols Cirroc\u00famuls i cirrus. Autor: Alfred Marin\u00e9<\/figcaption><\/figure><\/div>\n\n\n\n<div class=\"wp-block-image\"><figure class=\"aligncenter\"><a href=\"https:\/\/static-m.meteo.cat\/wordpressweb\/wp-content\/uploads\/2014\/11\/21085824\/BIG_068555615022712_00.jpg\"><img loading=\"lazy\" width=\"300\" height=\"200\" src=\"https:\/\/static-m.meteo.cat\/wordpressweb\/wp-content\/uploads\/2014\/11\/21085824\/BIG_068555615022712_00-300x200.jpg\" alt=\"Estratoc\u00famuls i altostrats\" class=\"wp-image-2609\"\/><\/a><figcaption>G\u00e8neres de n\u00favols Estratoc\u00famuls al centre i fons. En primer terme altostrats, a la cantonada esquerra superior. Autora: Aida Garriga<\/figcaption><\/figure><\/div>\n<\/div>\n<\/div>\n","protected":false},"excerpt":{"rendered":"<p>Definici\u00f3 Un n\u00favol \u00e9s una porci\u00f3 d\u2019aire enterbolida pel vapor d\u2019aigua condensat en forma de gotes d\u2019aigua o de gla\u00e7 (unes 1.000 per cm3), de mida molt petita (un di\u00e0metre com\u00fa \u00e9s 0,01 mm), la qual cosa vol dir que la dist\u00e0ncia mitjana entre les gotes \u00e9s d\u20191 mm. La mida de les gotes d\u2019aigua [&hellip;]<\/p>\n","protected":false},"author":4,"featured_media":0,"parent":1326,"menu_order":0,"comment_status":"closed","ping_status":"open","template":"template-sidebar.php","meta":{"_mi_skip_tracking":false,"_monsterinsights_sitenote_active":false,"_monsterinsights_sitenote_note":"","_monsterinsights_sitenote_category":0},"_links":{"self":[{"href":"https:\/\/www.meteo.cat\/wpweb\/wp-json\/wp\/v2\/pages\/1626"}],"collection":[{"href":"https:\/\/www.meteo.cat\/wpweb\/wp-json\/wp\/v2\/pages"}],"about":[{"href":"https:\/\/www.meteo.cat\/wpweb\/wp-json\/wp\/v2\/types\/page"}],"author":[{"embeddable":true,"href":"https:\/\/www.meteo.cat\/wpweb\/wp-json\/wp\/v2\/users\/4"}],"replies":[{"embeddable":true,"href":"https:\/\/www.meteo.cat\/wpweb\/wp-json\/wp\/v2\/comments?post=1626"}],"version-history":[{"count":9,"href":"https:\/\/www.meteo.cat\/wpweb\/wp-json\/wp\/v2\/pages\/1626\/revisions"}],"predecessor-version":[{"id":29090,"href":"https:\/\/www.meteo.cat\/wpweb\/wp-json\/wp\/v2\/pages\/1626\/revisions\/29090"}],"up":[{"embeddable":true,"href":"https:\/\/www.meteo.cat\/wpweb\/wp-json\/wp\/v2\/pages\/1326"}],"wp:attachment":[{"href":"https:\/\/www.meteo.cat\/wpweb\/wp-json\/wp\/v2\/media?parent=1626"}],"curies":[{"name":"wp","href":"https:\/\/api.w.org\/{rel}","templated":true}]}}