{"id":1562,"date":"2014-11-21T08:22:50","date_gmt":"2014-11-21T08:22:50","guid":{"rendered":"http:\/\/\/wpweb\/?page_id=1562"},"modified":"2020-10-21T08:50:38","modified_gmt":"2020-10-21T08:50:38","slug":"observacions-de-lestat-de-la-mar","status":"publish","type":"page","link":"https:\/\/www.meteo.cat\/wpweb\/divulgacio\/equipaments-meteorologics\/observadors-meteorologics\/manual-de-lobservador\/estat-de-la-mar\/observacions-de-lestat-de-la-mar\/","title":{"rendered":"Observacions de l&#8217;estat de la mar"},"content":{"rendered":"\n<h2>Observacions de l\u2019estat de la mar<\/h2>\n\n\n\n<p>En el quadre seg\u00fcent es detalla l\u2019Escala de Douglas de definici\u00f3 de l\u2019estat de la mar, com a m\u00e8tode estandarditzat adm\u00e8s internacionalment d\u2019informaci\u00f3 sobre l\u2019al\u00e7ada de les onades.<\/p>\n\n\n\n<table class=\"sortable uvi\" summary=\"Escala Douglas\">\n<thead>\n<tr>\n<th class=\"w5\" scope=\"col\" width=\"20\">Grau<\/th>\n<th class=\"w10\" scope=\"col\" width=\"81\">Catal\u00e0<\/th>\n<th class=\"w10\" scope=\"col\" width=\"87\">Al\u00e7ada de les onades<\/th>\n<th class=\"w15\" scope=\"col\" width=\"108\">S\u00edmbol usat al web<\/th>\n<th class=\"w15\" scope=\"col\" width=\"150\">Descripci\u00f3<\/th>\n<\/tr>\n<\/thead>\n<tbody>\n<tr class=\"odd\">\n<td>0<\/td>\n<td>mar plana<\/td>\n<td>0 m<\/td>\n<td class=\"center\"><img src=\"https:\/\/static-m.meteo.cat\/assets-w3\/images\/meteors\/mar\/50.svg\" alt=\"mar plana\" width=\"50\"><\/td>\n<td>Mar llisa com un mirall<\/td>\n<\/tr>\n<tr class=\"even\">\n<td>1<\/td>\n<td>mar arrissada<\/td>\n<td>0-10 m<\/td>\n<td class=\"center\"><img src=\"https:\/\/static-m.meteo.cat\/assets-w3\/images\/meteors\/mar\/51.svg\" alt=\"mar arrissada\" width=\"50\"><\/td>\n<td>Petites onades que no arriben a trencar<\/td>\n<\/tr>\n<tr class=\"odd\">\n<td>2<\/td>\n<td>marejol<\/td>\n<td>10 &#8211; 50 cm<\/td>\n<td class=\"center\"><img src=\"https:\/\/static-m.meteo.cat\/assets-w3\/images\/meteors\/mar\/52.svg\" alt=\"marejol\" width=\"50\"><\/td>\n<td>Onades curtes per\u00f2 ben&nbsp; marcades, comencen a trencar-se les crestes<\/td>\n<\/tr>\n<tr class=\"even\">\n<td>3<\/td>\n<td class=\"odd\">maror<\/td>\n<td class=\"odd\">0.5 &#8211; 1.25 m<\/td>\n<td class=\"center\"><img src=\"https:\/\/static-m.meteo.cat\/assets-w3\/images\/meteors\/mar\/53.svg\" alt=\"maror\" width=\"50\"><\/td>\n<td class=\"odd\">Augmenta l&#8217;onatge dificultant la navegaci\u00f3 d&#8217;embarcacions petites sense coberta. Onades llargues amb puntes d&#8217;escuma blanca. En trencar produeixen una remor que s&#8217;extingeix r\u00e0pidament<\/td>\n<\/tr>\n<tr class=\"odd\">\n<td>4<\/td>\n<td class=\"even\">forta maror<\/td>\n<td class=\"even\">1.25 &#8211; 2.5 m<\/td>\n<td class=\"center\"><img src=\"https:\/\/static-m.meteo.cat\/assets-w3\/images\/meteors\/mar\/54.svg\" alt=\"forta maror\" width=\"50\"><\/td>\n<td class=\"even\">La mida de les onades impossibilita navegar de forma segura a les petites embarcacions sense coberta. Onades m\u00e9s llargues amb crestes d&#8217;escuma blanca per tot arreu. La mar trenca amb una remor constant<\/td>\n<\/tr>\n<tr class=\"even\">\n<td>5<\/td>\n<td class=\"odd\">maregassa<\/td>\n<td class=\"odd\">2.5 &#8211; 4 m<\/td>\n<td class=\"center\"><img src=\"https:\/\/static-m.meteo.cat\/assets-w3\/images\/meteors\/mar\/55.svg\" alt=\"maregassa\" width=\"50\"><\/td>\n<td class=\"odd\">L&#8217;escuma on trenquen les onades \u00e9s arrossegada en la direcci\u00f3 del vent i cobreix una gran superf\u00edcie. Augmenta la broma marina. Onades altes. La mar, en trencar produeix una remor sorda<\/td>\n<\/tr>\n<tr class=\"odd\">\n<td>6<\/td>\n<td class=\"even\">mar brava<\/td>\n<td class=\"even\">4 &#8211; 6 m<\/td>\n<td class=\"center\"><img src=\"https:\/\/static-m.meteo.cat\/assets-w3\/images\/meteors\/mar\/56.svg\" alt=\"mar brava\" width=\"50\"><\/td>\n<td class=\"even\">La mar s\u2019esvalota. L&#8217;escuma blanca que es forma en trencar les crestes s&#8217;aglomera en bancs. La broma marina dificulta la visibilitat<\/td>\n<\/tr>\n<tr class=\"even\">\n<td>7<\/td>\n<td class=\"odd\">mar desfeta<\/td>\n<td class=\"odd\">6 &#8211; 9 m<\/td>\n<td class=\"center\"><img src=\"https:\/\/static-m.meteo.cat\/assets-w3\/images\/meteors\/mar\/57.svg\" alt=\"mar desfeta\" width=\"50\"><\/td>\n<td class=\"odd\">Augmenta l&#8217;al\u00e7ada i la longitud de les onades i les seves crestes. L&#8217;escuma s&#8217;aglomera en bandes estretes en la direcci\u00f3 del vent<\/td>\n<\/tr>\n<tr class=\"odd\">\n<td>8<\/td>\n<td class=\"even\">mar molt alta<\/td>\n<td class=\"even\">9 &#8211; 14 m<\/td>\n<td class=\"center\"><img src=\"https:\/\/static-m.meteo.cat\/assets-w3\/images\/meteors\/mar\/58.svg\" alt=\"mar molt alta\" width=\"50\"><\/td>\n<td class=\"even\">Onades grans sense direcci\u00f3 determinada. Les embarcacions de petit i mitj\u00e0 tonatge es perden de vista. Onades amb llargues crestes bolcant en cascades. La mar adquireix un aspecte blanquin\u00f3s<\/td>\n<\/tr>\n<tr class=\"even\">\n<td>9<\/td>\n<td>mar enorme<\/td>\n<td>&gt; 14 m<\/td>\n<td class=\"center\"><img src=\"https:\/\/static-m.meteo.cat\/assets-w3\/images\/meteors\/mar\/59.svg\" alt=\"mar enorme\" width=\"50\"><\/td>\n<td>L&#8217;aire s&#8217;omple d&#8217;escuma i broma marina. Mar blanca, visibilitat quasi nul\u00b7la. Les embarcacions es perden de vista en el si de les onades. La remor \u00e9s forta i ensordidora. L&#8217;aire \u00e9s ple de min\u00fascules gotetes d&#8217;aigua.<\/td>\n<\/tr>\n<\/tbody>\n<\/table>\n\n\n\n<div class=\"wp-block-image\"><figure class=\"aligncenter\"><a href=\"https:\/\/static-m.meteo.cat\/wordpressweb\/wp-content\/uploads\/2014\/11\/21084223\/BIG_318025715022712_00.jpg\"><img loading=\"lazy\" width=\"700\" height=\"394\" src=\"https:\/\/static-m.meteo.cat\/wordpressweb\/wp-content\/uploads\/2014\/11\/21084223\/BIG_318025715022712_00.jpg\" alt=\"Onada picant amb una roca\" class=\"wp-image-2951\"\/><\/a><figcaption>Estat de la mar. Autor: Sergi Corral<\/figcaption><\/figure><\/div>\n","protected":false},"excerpt":{"rendered":"<p>Observacions de l\u2019estat de la mar En el quadre seg\u00fcent es detalla l\u2019Escala de Douglas de definici\u00f3 de l\u2019estat de la mar, com a m\u00e8tode estandarditzat adm\u00e8s internacionalment d\u2019informaci\u00f3 sobre l\u2019al\u00e7ada de les onades. Grau Catal\u00e0 Al\u00e7ada de les onades S\u00edmbol usat al web Descripci\u00f3 0 mar plana 0 m Mar llisa com un mirall [&hellip;]<\/p>\n","protected":false},"author":4,"featured_media":0,"parent":1242,"menu_order":0,"comment_status":"closed","ping_status":"open","template":"template-sidebar.php","meta":{"_mi_skip_tracking":false,"_monsterinsights_sitenote_active":false,"_monsterinsights_sitenote_note":"","_monsterinsights_sitenote_category":0},"_links":{"self":[{"href":"https:\/\/www.meteo.cat\/wpweb\/wp-json\/wp\/v2\/pages\/1562"}],"collection":[{"href":"https:\/\/www.meteo.cat\/wpweb\/wp-json\/wp\/v2\/pages"}],"about":[{"href":"https:\/\/www.meteo.cat\/wpweb\/wp-json\/wp\/v2\/types\/page"}],"author":[{"embeddable":true,"href":"https:\/\/www.meteo.cat\/wpweb\/wp-json\/wp\/v2\/users\/4"}],"replies":[{"embeddable":true,"href":"https:\/\/www.meteo.cat\/wpweb\/wp-json\/wp\/v2\/comments?post=1562"}],"version-history":[{"count":9,"href":"https:\/\/www.meteo.cat\/wpweb\/wp-json\/wp\/v2\/pages\/1562\/revisions"}],"predecessor-version":[{"id":29526,"href":"https:\/\/www.meteo.cat\/wpweb\/wp-json\/wp\/v2\/pages\/1562\/revisions\/29526"}],"up":[{"embeddable":true,"href":"https:\/\/www.meteo.cat\/wpweb\/wp-json\/wp\/v2\/pages\/1242"}],"wp:attachment":[{"href":"https:\/\/www.meteo.cat\/wpweb\/wp-json\/wp\/v2\/media?parent=1562"}],"curies":[{"name":"wp","href":"https:\/\/api.w.org\/{rel}","templated":true}]}}