{"id":1532,"date":"2014-11-21T08:01:08","date_gmt":"2014-11-21T08:01:08","guid":{"rendered":"http:\/\/\/wpweb\/?page_id=1532"},"modified":"2020-10-15T10:53:47","modified_gmt":"2020-10-15T10:53:47","slug":"rosada","status":"publish","type":"page","link":"https:\/\/www.meteo.cat\/wpweb\/divulgacio\/equipaments-meteorologics\/observadors-meteorologics\/manual-de-lobservador\/fenomens-superficials-i-de-reduccio-de-la-visibilitat\/rosada\/","title":{"rendered":"Rosada"},"content":{"rendered":"\n<h2>Definici\u00f3:<\/h2>\n\n\n\n<p>Gotes d\u2019aigua que es formen sobre les superf\u00edcies refredades per la radiaci\u00f3 nocturna, per efecte de la condensaci\u00f3 directa del vapor d\u2019aigua present en la capa d\u2019aire en contacte immediat amb la superf\u00edcie i a temperatura superior a 0\u00ba C.<br><\/p>\n\n\n\n<p>Aquesta forma de pas de l\u2019aigua atmosf\u00e8rica cap a la superf\u00edcie constitueix una forma de precipitaci\u00f3 oculta o horitzontal, ja que perqu\u00e8 sigui precipitaci\u00f3 en sentit estricte, l\u2019aigua ha de passar cap a la superf\u00edcie despr\u00e9s de caure a certa velocitat.<br><\/p>\n\n\n\n<p>El proc\u00e9s es produeix tan sols dins d\u2019una estreta franja d\u2019aire immediata a la superf\u00edcie terrestre d\u2019alguns mil\u2022l\u00edmetres de gruix i pot actuar de dues maneres:<br><\/p>\n\n\n\n<ul><li>La m\u00e9s habitual \u00e9s per difusi\u00f3 del vapor d\u2019aigua des del s\u00f2l mateix cap amunt, fins a la superf\u00edcie exposada al refredament, on es condensa, \u00e9s a dir, l\u2019aigua passa de l\u2019estat gas\u00f3s al l\u00edquid per efecte de la baixada de la temperatura. Aquest mecanisme es produeix amb vent molt feble, inferior a 1 m\/s.<\/li><li>L\u2019altra manera t\u00e9 lloc quan la turbul\u00e8ncia de l\u2019aire augmenta i el vapor d\u2019aigua descendeix per transfer\u00e8ncia vertical des de l\u2019atmosfera fins a la superf\u00edcie freda, on es condensen les gotes d\u2019aigua. Aquest proc\u00e9s t\u00e9 lloc quan la velocitat mitjana del vent \u00e9s al voltant dels 3 m\/s.<\/li><li><\/li><\/ul>\n\n\n\n<p>Amb vents superiors als 3 m\/s, el contacte de l\u2019aire amb la superf\u00edcie \u00e9s esc\u00e0s i no aconsegueix refredar-se prou.<br><\/p>\n\n\n\n<p>Les rosades i els fen\u00f2mens que es tracten en aquestes fitxes (boires, gebre, gelada) tenen import\u00e0ncia ecol\u00f2gica a les zones menys plujoses del pa\u00eds, ja que les quantitats d\u2019aigua que aporten al s\u00f2l sovint s\u00f3n imprescindibles per a la superviv\u00e8ncia de la vegetaci\u00f3 durant els per\u00edodes sense pluges. A d\u2019altres climes, molt m\u00e9s \u00e0rids que els nostres, l\u2019aportaci\u00f3 d\u2019aigua al s\u00f2l mitjan\u00e7ant aquests processos, arriba a ser superior a la que \u00e9s deguda a les precipitacions en sentit estricte.<\/p>\n\n\n\n<h2>Consells per a l\u2019observaci\u00f3:<\/h2>\n\n\n\n<p>La rosada s\u2019observa de matinada, amb nits serenes i encalmades, tot i que no \u00e9s estrany veure-la tot just despr\u00e9s del crepuscle.<br><\/p>\n\n\n\n<p>\u00c9s m\u00e9s freq\u00fcent en llocs baixos i plans que en els cims de les muntanyes.<br><\/p>\n\n\n\n<p>La major part dels dies, quan surt el sol, el terra s\u2019escalfa i les gotes d\u2019aigua desapareixen r\u00e0pidament en evaporar-se. Quan l\u2019observador disposa d\u2019instrumental de mesura homologat i en bon estat de funcionament, pot constatar com un augment de la humitat absoluta i\/o un descens de la temperatura en la capa d\u2019aire m\u00e9s propera al terra s\u00f3n condicions necess\u00e0ries per a la formaci\u00f3 de la rosada.<br><\/p>\n\n\n\n<p>Cal insistir que la rosada no \u00e9s un tipus de precipitaci\u00f3 des d\u2019un n\u00favol.<br><\/p>\n\n\n\n<p>La rosada va associada a humitats relatives altes, habitualment superiors al 80%.<\/p>\n\n\n\n<h2>Fotografies<\/h2>\n\n\n\n<div class=\"wp-block-image\"><figure class=\"aligncenter\"><a href=\"https:\/\/static-m.meteo.cat\/wordpressweb\/wp-content\/uploads\/2014\/11\/21084223\/BIG_459315615022712_00.jpg\"><img loading=\"lazy\" width=\"700\" height=\"467\" src=\"https:\/\/static-m.meteo.cat\/wordpressweb\/wp-content\/uploads\/2014\/11\/21084223\/BIG_459315615022712_00.jpg\" alt=\"Rosada\" class=\"wp-image-2988\"\/><\/a><figcaption> <br>Fen\u00f2mens superficials Rosada. Autor: Jordi Per\u00f3 <\/figcaption><\/figure><\/div>\n\n\n\n<div class=\"wp-block-image\"><figure class=\"aligncenter\"><a href=\"https:\/\/static-m.meteo.cat\/wordpressweb\/wp-content\/uploads\/2014\/11\/21084223\/BIG_685301112042512_00.jpg\"><img loading=\"lazy\" width=\"700\" height=\"526\" src=\"https:\/\/static-m.meteo.cat\/wordpressweb\/wp-content\/uploads\/2014\/11\/21084223\/BIG_685301112042512_00.jpg\" alt=\"Rosada\" class=\"wp-image-2989\"\/><\/a><figcaption> <br>Fen\u00f2mens superficials: rosada. Autor: Albert Puertas <\/figcaption><\/figure><\/div>\n\n\n\n<p><\/p>\n","protected":false},"excerpt":{"rendered":"<p>Definici\u00f3: Gotes d\u2019aigua que es formen sobre les superf\u00edcies refredades per la radiaci\u00f3 nocturna, per efecte de la condensaci\u00f3 directa del vapor d\u2019aigua present en la capa d\u2019aire en contacte immediat amb la superf\u00edcie i a temperatura superior a 0\u00ba C. Aquesta forma de pas de l\u2019aigua atmosf\u00e8rica cap a la superf\u00edcie constitueix una forma [&hellip;]<\/p>\n","protected":false},"author":4,"featured_media":0,"parent":1222,"menu_order":0,"comment_status":"closed","ping_status":"open","template":"template-sidebar.php","meta":{"_mi_skip_tracking":false,"_monsterinsights_sitenote_active":false,"_monsterinsights_sitenote_note":"","_monsterinsights_sitenote_category":0},"_links":{"self":[{"href":"https:\/\/www.meteo.cat\/wpweb\/wp-json\/wp\/v2\/pages\/1532"}],"collection":[{"href":"https:\/\/www.meteo.cat\/wpweb\/wp-json\/wp\/v2\/pages"}],"about":[{"href":"https:\/\/www.meteo.cat\/wpweb\/wp-json\/wp\/v2\/types\/page"}],"author":[{"embeddable":true,"href":"https:\/\/www.meteo.cat\/wpweb\/wp-json\/wp\/v2\/users\/4"}],"replies":[{"embeddable":true,"href":"https:\/\/www.meteo.cat\/wpweb\/wp-json\/wp\/v2\/comments?post=1532"}],"version-history":[{"count":5,"href":"https:\/\/www.meteo.cat\/wpweb\/wp-json\/wp\/v2\/pages\/1532\/revisions"}],"predecessor-version":[{"id":28909,"href":"https:\/\/www.meteo.cat\/wpweb\/wp-json\/wp\/v2\/pages\/1532\/revisions\/28909"}],"up":[{"embeddable":true,"href":"https:\/\/www.meteo.cat\/wpweb\/wp-json\/wp\/v2\/pages\/1222"}],"wp:attachment":[{"href":"https:\/\/www.meteo.cat\/wpweb\/wp-json\/wp\/v2\/media?parent=1532"}],"curies":[{"name":"wp","href":"https:\/\/api.w.org\/{rel}","templated":true}]}}