{"id":1505,"date":"2014-11-21T07:25:28","date_gmt":"2014-11-21T07:25:28","guid":{"rendered":"http:\/\/\/wpweb\/?page_id=1505"},"modified":"2020-10-15T10:25:17","modified_gmt":"2020-10-15T10:25:17","slug":"halo-solar-i-lunar","status":"publish","type":"page","link":"https:\/\/www.meteo.cat\/wpweb\/divulgacio\/equipaments-meteorologics\/observadors-meteorologics\/manual-de-lobservador\/fenomens-optics\/halo-solar-i-lunar\/","title":{"rendered":"Halo solar i lunar"},"content":{"rendered":"\n<h2>Definici\u00f3:<\/h2>\n\n\n\n<p>Es tracta d\u2019un grup de fen\u00f2mens \u00f2ptics que consisteixen en cercles al voltant del Sol o la Lluna i que es deuen a la refracci\u00f3 o reflexi\u00f3 de la llum quan passa a trav\u00e9s dels cristalls de gla\u00e7 en suspensi\u00f3 a l\u2019atmosfera. No es produeixen, doncs, en n\u00favols constitu\u00efts per gotes d\u2019aigua l\u00edquida.<br><\/p>\n\n\n\n<p>El m\u00e9s habitual \u00e9s el cercle llumin\u00f3s de 22\u00ba de radi a l\u2019entorn del Sol o de la Lluna. Un altre que es pot veure de vegades \u00e9s un halo de 46\u00ba de radi, menys llumin\u00f3s i conc\u00e8ntric amb el primer.<br><\/p>\n\n\n\n<p>En rares ocasions es poden observar fen\u00f2mens \u00f2ptics en forma de columna lluminosa blanca situada en la vertical del Sol o de la Lluna, o arcs tangents a l\u2019halo circular en la part superior o inferior. En tots dos casos, aquests fen\u00f2mens tamb\u00e9 s\u2019anomenen halos.<br><\/p>\n\n\n\n<p>Quan aquest fenomen es forma per refracci\u00f3 de la llum del Sol pot mostrar colors de l\u2019espectre crom\u00e0tic, mentre que els fen\u00f2mens d\u2019halo produ\u00efts per la llum de la Lluna s\u00f3n sempre blancs.<\/p>\n\n\n\n<h2 class=\"FW_clear FW_hrBlanc\">Consells per a l\u2019observaci\u00f3:<\/h2>\n\n\n\n<p>La seva forma circular i lluminosa al voltant del Sol i de la Lluna el fa molt caracter\u00edstic i distingible.<br><\/p>\n\n\n\n<p>Els n\u00favols alts als quals van associats els halos s\u00f3n els cirrostrats, gaireb\u00e9 sempre, la qual cosa ajuda a diferenciar aquests n\u00favols dels altostrats, als quals els halos s\u00f3n gaireb\u00e9 inexistents.<br><\/p>\n\n\n\n<p>A banda dels cirrostrats, tamb\u00e9 es poden veure halos espor\u00e0dicament amb cirrus, i amb temperatures baixes s\u2019han arribat a identificar amb el cel cobert d\u2019estrats prims.<\/p>\n\n\n\n<h2 class=\"FW_clear FW_hrBlanc\">Fotografies<\/h2>\n\n\n\n<div class=\"wp-block-image\"><figure class=\"aligncenter\"><a href=\"https:\/\/static-m.meteo.cat\/wordpressweb\/wp-content\/uploads\/2014\/11\/21084223\/BIG_334265615022712_00.jpg\"><img loading=\"lazy\" width=\"300\" height=\"201\" src=\"https:\/\/static-m.meteo.cat\/wordpressweb\/wp-content\/uploads\/2014\/11\/21084223\/BIG_334265615022712_00-300x201.jpg\" alt=\"Corona solar\" class=\"wp-image-2958\"\/><\/a><figcaption>Fen\u00f2mens \u00f2ptics Halo solar. Autor: Manel Dot<\/figcaption><\/figure><\/div>\n","protected":false},"excerpt":{"rendered":"<p>Definici\u00f3: Es tracta d\u2019un grup de fen\u00f2mens \u00f2ptics que consisteixen en cercles al voltant del Sol o la Lluna i que es deuen a la refracci\u00f3 o reflexi\u00f3 de la llum quan passa a trav\u00e9s dels cristalls de gla\u00e7 en suspensi\u00f3 a l\u2019atmosfera. No es produeixen, doncs, en n\u00favols constitu\u00efts per gotes d\u2019aigua l\u00edquida. El [&hellip;]<\/p>\n","protected":false},"author":4,"featured_media":0,"parent":1207,"menu_order":2,"comment_status":"closed","ping_status":"open","template":"","meta":{"_mi_skip_tracking":false,"_monsterinsights_sitenote_active":false,"_monsterinsights_sitenote_note":"","_monsterinsights_sitenote_category":0},"_links":{"self":[{"href":"https:\/\/www.meteo.cat\/wpweb\/wp-json\/wp\/v2\/pages\/1505"}],"collection":[{"href":"https:\/\/www.meteo.cat\/wpweb\/wp-json\/wp\/v2\/pages"}],"about":[{"href":"https:\/\/www.meteo.cat\/wpweb\/wp-json\/wp\/v2\/types\/page"}],"author":[{"embeddable":true,"href":"https:\/\/www.meteo.cat\/wpweb\/wp-json\/wp\/v2\/users\/4"}],"replies":[{"embeddable":true,"href":"https:\/\/www.meteo.cat\/wpweb\/wp-json\/wp\/v2\/comments?post=1505"}],"version-history":[{"count":8,"href":"https:\/\/www.meteo.cat\/wpweb\/wp-json\/wp\/v2\/pages\/1505\/revisions"}],"predecessor-version":[{"id":28929,"href":"https:\/\/www.meteo.cat\/wpweb\/wp-json\/wp\/v2\/pages\/1505\/revisions\/28929"}],"up":[{"embeddable":true,"href":"https:\/\/www.meteo.cat\/wpweb\/wp-json\/wp\/v2\/pages\/1207"}],"wp:attachment":[{"href":"https:\/\/www.meteo.cat\/wpweb\/wp-json\/wp\/v2\/media?parent=1505"}],"curies":[{"name":"wp","href":"https:\/\/api.w.org\/{rel}","templated":true}]}}