{"id":1109,"date":"2014-11-20T10:43:24","date_gmt":"2014-11-20T10:43:24","guid":{"rendered":"http:\/\/\/wpweb\/?page_id=1109"},"modified":"2022-04-13T06:23:14","modified_gmt":"2022-04-13T06:23:14","slug":"manual-de-lobservador","status":"publish","type":"page","link":"https:\/\/www.meteo.cat\/wpweb\/divulgacio\/equipaments-meteorologics\/observadors-meteorologics\/manual-de-lobservador\/","title":{"rendered":"Manual de l&#8217;observador"},"content":{"rendered":"\n<p>Eina de consulta i de formaci\u00f3 per al col\u00b7lectiu de col\u00b7laboradors de la Xarxa d&#8217;Observadors Meteorol\u00f2gics (XOM), editat amb la finalitat d&#8217;unificar els criteris que identifiquen els fen\u00f2mens meteorol\u00f2gics i resoldre dubtes i ambig\u00fcitats comuns en la seva interpretaci\u00f3.<\/p>\n\n\n\n<p>El manual s&#8217;estructura en un conjunt de fitxes, una per a cada fenomen atmosf\u00e8ric o g\u00e8nere de n\u00favol, amb la definici\u00f3, consells per a l&#8217;observaci\u00f3 i una fotografia il\u00b7lustrativa. Algunes fitxes inclouen tamb\u00e9l&#8217;apartat &#8220;Per saber-ne m\u00e9s&#8221;, que cont\u00e9 explicacions m\u00e9s te\u00f2riques sobre meteorologia i climatologia. Al final de la publicaci\u00f3 hi ha quadres d&#8217;identificaci\u00f3 de l&#8217;al\u00e7ada de les ones i de la for\u00e7a del vent, un espai bibliogr\u00e0fic, una p\u00e0ginaamb altres fen\u00f2mens consignats als textos per\u00f2 que no disposen de fitxa pr\u00f2pia,i un \u00edndex de fotografies amb la localitzaci\u00f3 i la dataci\u00f3 de cada imatge.<\/p>\n\n\n\n<ul class=\"FW_sLlistaComu\"><li>Edici\u00f3 2011. Publicaci\u00f3 a la venda al Servei Meteorol\u00f2gic de Catalunya i a la <a href=\"http:\/\/llibreria.gencat.cat\/product_info.php?products_id=5658\">Llibreria en l\u00ednia de la Generalitat de Catalunya<\/a>.<\/li><li><a class=\"FW_titBullet FW_sLinkVermellNegreta\" title=\"Manual per als observadors\" href=\"https:\/\/static-m.meteo.cat\/wordpressweb\/wp-content\/uploads\/2014\/11\/18130754\/Manual-Observadors_b.pdf\">Manual per als observadors del Servei Meteorol\u00f2gic de Catalunya<\/a> [PDF,4,59 MB.]<\/li><\/ul>\n\n\n\n<p>El manual per als observadors del Servei Meteorol\u00f2gic de Catalunya (SMC) \u00e9s una publicaci\u00f3 destinada principalment als col\u00b7laboradors de la Xarxa d\u2019Observadors Meteorol\u00f2gics (XOM) del SMC, malgrat que el resultat final vol ser tamb\u00e9 d\u2019utilitat a qualsevol aficionat de l\u2019observaci\u00f3 meteorol\u00f2gica.<\/p>\n\n\n\n<p>El seu objectiu \u00e9s presentar els diversos fen\u00f2mens atmosf\u00e8rics de forma senzilla i entenedora, acompanyant els texts amb fotografies clares i representatives de cada fenomen, realitzades totes elles per col\u00b7laboradors de la XOM, i adjuntant quadres explicatius.<\/p>\n\n\n\n<p>Us convidem, doncs, a fer \u00fas del manual en les vostres observacions meteorol\u00f2giques i com a text de refer\u00e8ncia.<\/p>\n\n\n<ul class=\"parent-page-menu\"><li class=\"page_item page-item-1207 page_item_has_children\"><a href=\"https:\/\/www.meteo.cat\/wpweb\/divulgacio\/equipaments-meteorologics\/observadors-meteorologics\/manual-de-lobservador\/fenomens-optics\/\">Fen\u00f2mens \u00f2ptics<\/a>\n<ul class='children'>\n\t<li class=\"page_item page-item-1510\"><a href=\"https:\/\/www.meteo.cat\/wpweb\/divulgacio\/equipaments-meteorologics\/observadors-meteorologics\/manual-de-lobservador\/fenomens-optics\/corona-solar-i-lunar\/\">Corona solar i lunar<\/a><\/li>\n\t<li class=\"page_item page-item-1513\"><a href=\"https:\/\/www.meteo.cat\/wpweb\/divulgacio\/equipaments-meteorologics\/observadors-meteorologics\/manual-de-lobservador\/fenomens-optics\/irisacio\/\">Irisaci\u00f3<\/a><\/li>\n\t<li class=\"page_item page-item-1516\"><a href=\"https:\/\/www.meteo.cat\/wpweb\/divulgacio\/equipaments-meteorologics\/observadors-meteorologics\/manual-de-lobservador\/fenomens-optics\/parheli\/\">Parheli<\/a><\/li>\n\t<li class=\"page_item page-item-1519\"><a href=\"https:\/\/www.meteo.cat\/wpweb\/divulgacio\/equipaments-meteorologics\/observadors-meteorologics\/manual-de-lobservador\/fenomens-optics\/els-halos-corones-i-fenomens-associats\/\">Els halos, corones i fen\u00f2mens associats<\/a><\/li>\n\t<li class=\"page_item page-item-1524\"><a href=\"https:\/\/www.meteo.cat\/wpweb\/divulgacio\/equipaments-meteorologics\/observadors-meteorologics\/manual-de-lobservador\/fenomens-optics\/espectre-de-brocken\/\">Espectre de Brocken<\/a><\/li>\n\t<li class=\"page_item page-item-1527\"><a href=\"https:\/\/www.meteo.cat\/wpweb\/divulgacio\/equipaments-meteorologics\/observadors-meteorologics\/manual-de-lobservador\/fenomens-optics\/miratge\/\">Miratge<\/a><\/li>\n\t<li class=\"page_item page-item-1348\"><a href=\"https:\/\/www.meteo.cat\/wpweb\/divulgacio\/equipaments-meteorologics\/observadors-meteorologics\/manual-de-lobservador\/fenomens-optics\/arc-de-sant-marti\/\">Arc de Sant Mart\u00ed<\/a><\/li>\n\t<li class=\"page_item page-item-1505\"><a href=\"https:\/\/www.meteo.cat\/wpweb\/divulgacio\/equipaments-meteorologics\/observadors-meteorologics\/manual-de-lobservador\/fenomens-optics\/halo-solar-i-lunar\/\">Halo solar i lunar<\/a><\/li>\n<\/ul>\n<\/li>\n<li class=\"page_item page-item-1222 page_item_has_children\"><a href=\"https:\/\/www.meteo.cat\/wpweb\/divulgacio\/equipaments-meteorologics\/observadors-meteorologics\/manual-de-lobservador\/fenomens-superficials-i-de-reduccio-de-la-visibilitat\/\">Fen\u00f2mens superficials i de reducci\u00f3 de la visibilitat<\/a>\n<ul class='children'>\n\t<li class=\"page_item page-item-1532\"><a href=\"https:\/\/www.meteo.cat\/wpweb\/divulgacio\/equipaments-meteorologics\/observadors-meteorologics\/manual-de-lobservador\/fenomens-superficials-i-de-reduccio-de-la-visibilitat\/rosada\/\">Rosada<\/a><\/li>\n\t<li class=\"page_item page-item-1535\"><a href=\"https:\/\/www.meteo.cat\/wpweb\/divulgacio\/equipaments-meteorologics\/observadors-meteorologics\/manual-de-lobservador\/fenomens-superficials-i-de-reduccio-de-la-visibilitat\/gelada\/\">Gelada<\/a><\/li>\n\t<li class=\"page_item page-item-1538\"><a href=\"https:\/\/www.meteo.cat\/wpweb\/divulgacio\/equipaments-meteorologics\/observadors-meteorologics\/manual-de-lobservador\/fenomens-superficials-i-de-reduccio-de-la-visibilitat\/gebre\/\">Gebre<\/a><\/li>\n\t<li class=\"page_item page-item-1541\"><a href=\"https:\/\/www.meteo.cat\/wpweb\/divulgacio\/equipaments-meteorologics\/observadors-meteorologics\/manual-de-lobservador\/fenomens-superficials-i-de-reduccio-de-la-visibilitat\/boira\/\">Boira<\/a><\/li>\n\t<li class=\"page_item page-item-1544\"><a href=\"https:\/\/www.meteo.cat\/wpweb\/divulgacio\/equipaments-meteorologics\/observadors-meteorologics\/manual-de-lobservador\/fenomens-superficials-i-de-reduccio-de-la-visibilitat\/calitja\/\">Calitja<\/a><\/li>\n\t<li class=\"page_item page-item-1547\"><a href=\"https:\/\/www.meteo.cat\/wpweb\/divulgacio\/equipaments-meteorologics\/observadors-meteorologics\/manual-de-lobservador\/fenomens-superficials-i-de-reduccio-de-la-visibilitat\/fums\/\">Fums<\/a><\/li>\n\t<li class=\"page_item page-item-1550\"><a href=\"https:\/\/www.meteo.cat\/wpweb\/divulgacio\/equipaments-meteorologics\/observadors-meteorologics\/manual-de-lobservador\/fenomens-superficials-i-de-reduccio-de-la-visibilitat\/instruccions-per-a-lanotacio-dels-fenomens-de-reduccio-de-la-visibilitat\/\">Instruccions per a l&#8217;anotaci\u00f3 dels fen\u00f2mens de reducci\u00f3 de la visibilitat<\/a><\/li>\n\t<li class=\"page_item page-item-1557\"><a href=\"https:\/\/www.meteo.cat\/wpweb\/divulgacio\/equipaments-meteorologics\/observadors-meteorologics\/manual-de-lobservador\/fenomens-superficials-i-de-reduccio-de-la-visibilitat\/boirina\/\">Boirina<\/a><\/li>\n<\/ul>\n<\/li>\n<li class=\"page_item page-item-1242 page_item_has_children\"><a href=\"https:\/\/www.meteo.cat\/wpweb\/divulgacio\/equipaments-meteorologics\/observadors-meteorologics\/manual-de-lobservador\/estat-de-la-mar\/\">Estat de la mar<\/a>\n<ul class='children'>\n\t<li class=\"page_item page-item-1562\"><a href=\"https:\/\/www.meteo.cat\/wpweb\/divulgacio\/equipaments-meteorologics\/observadors-meteorologics\/manual-de-lobservador\/estat-de-la-mar\/observacions-de-lestat-de-la-mar\/\">Observacions de l&#8217;estat de la mar<\/a><\/li>\n<\/ul>\n<\/li>\n<li class=\"page_item page-item-1249 page_item_has_children\"><a href=\"https:\/\/www.meteo.cat\/wpweb\/divulgacio\/equipaments-meteorologics\/observadors-meteorologics\/manual-de-lobservador\/forca-del-vent\/\">For\u00e7a del vent<\/a>\n<ul class='children'>\n\t<li class=\"page_item page-item-1568\"><a href=\"https:\/\/www.meteo.cat\/wpweb\/divulgacio\/equipaments-meteorologics\/observadors-meteorologics\/manual-de-lobservador\/forca-del-vent\/les-observacions-de-la-forca-del-vent\/\">Les observacions de la for\u00e7a del vent<\/a><\/li>\n<\/ul>\n<\/li>\n<li class=\"page_item page-item-1261 page_item_has_children\"><a href=\"https:\/\/www.meteo.cat\/wpweb\/divulgacio\/equipaments-meteorologics\/observadors-meteorologics\/manual-de-lobservador\/meteors-relacionats-amb-la-precipitacio\/\">Meteors relacionats amb la precipitaci\u00f3<\/a>\n<ul class='children'>\n\t<li class=\"page_item page-item-1571\"><a href=\"https:\/\/www.meteo.cat\/wpweb\/divulgacio\/equipaments-meteorologics\/observadors-meteorologics\/manual-de-lobservador\/meteors-relacionats-amb-la-precipitacio\/precipitacions\/\">Precipitacions<\/a><\/li>\n\t<li class=\"page_item page-item-1574\"><a href=\"https:\/\/www.meteo.cat\/wpweb\/divulgacio\/equipaments-meteorologics\/observadors-meteorologics\/manual-de-lobservador\/meteors-relacionats-amb-la-precipitacio\/pluja\/\">Pluja<\/a><\/li>\n\t<li class=\"page_item page-item-1577\"><a href=\"https:\/\/www.meteo.cat\/wpweb\/divulgacio\/equipaments-meteorologics\/observadors-meteorologics\/manual-de-lobservador\/meteors-relacionats-amb-la-precipitacio\/plugim\/\">Plugim<\/a><\/li>\n\t<li class=\"page_item page-item-1579\"><a href=\"https:\/\/www.meteo.cat\/wpweb\/divulgacio\/equipaments-meteorologics\/observadors-meteorologics\/manual-de-lobservador\/meteors-relacionats-amb-la-precipitacio\/pluja-de-fang\/\">Pluja de fang<\/a><\/li>\n\t<li class=\"page_item page-item-1582\"><a href=\"https:\/\/www.meteo.cat\/wpweb\/divulgacio\/equipaments-meteorologics\/observadors-meteorologics\/manual-de-lobservador\/meteors-relacionats-amb-la-precipitacio\/pluja-gelant\/\">Pluja gelant<\/a><\/li>\n\t<li class=\"page_item page-item-1585\"><a href=\"https:\/\/www.meteo.cat\/wpweb\/divulgacio\/equipaments-meteorologics\/observadors-meteorologics\/manual-de-lobservador\/meteors-relacionats-amb-la-precipitacio\/xafec\/\">X\u00e0fec<\/a><\/li>\n\t<li class=\"page_item page-item-1588\"><a href=\"https:\/\/www.meteo.cat\/wpweb\/divulgacio\/equipaments-meteorologics\/observadors-meteorologics\/manual-de-lobservador\/meteors-relacionats-amb-la-precipitacio\/tempesta\/\">Tempesta<\/a><\/li>\n\t<li class=\"page_item page-item-1591\"><a href=\"https:\/\/www.meteo.cat\/wpweb\/divulgacio\/equipaments-meteorologics\/observadors-meteorologics\/manual-de-lobservador\/meteors-relacionats-amb-la-precipitacio\/torbonada\/\">Torbonada<\/a><\/li>\n\t<li class=\"page_item page-item-1594\"><a href=\"https:\/\/www.meteo.cat\/wpweb\/divulgacio\/equipaments-meteorologics\/observadors-meteorologics\/manual-de-lobservador\/meteors-relacionats-amb-la-precipitacio\/tornado-i-tromba-marina\/\">Tornado i tromba marina<\/a><\/li>\n\t<li class=\"page_item page-item-1597\"><a href=\"https:\/\/www.meteo.cat\/wpweb\/divulgacio\/equipaments-meteorologics\/observadors-meteorologics\/manual-de-lobservador\/meteors-relacionats-amb-la-precipitacio\/calamarsa\/\">Calamarsa<\/a><\/li>\n\t<li class=\"page_item page-item-1600\"><a href=\"https:\/\/www.meteo.cat\/wpweb\/divulgacio\/equipaments-meteorologics\/observadors-meteorologics\/manual-de-lobservador\/meteors-relacionats-amb-la-precipitacio\/pedra\/\">Pedra<\/a><\/li>\n\t<li class=\"page_item page-item-1603\"><a href=\"https:\/\/www.meteo.cat\/wpweb\/divulgacio\/equipaments-meteorologics\/observadors-meteorologics\/manual-de-lobservador\/meteors-relacionats-amb-la-precipitacio\/neu-granulada\/\">Neu granulada<\/a><\/li>\n\t<li class=\"page_item page-item-1606\"><a href=\"https:\/\/www.meteo.cat\/wpweb\/divulgacio\/equipaments-meteorologics\/observadors-meteorologics\/manual-de-lobservador\/meteors-relacionats-amb-la-precipitacio\/aiguaneu\/\">Aiguaneu<\/a><\/li>\n\t<li class=\"page_item page-item-1609\"><a href=\"https:\/\/www.meteo.cat\/wpweb\/divulgacio\/equipaments-meteorologics\/observadors-meteorologics\/manual-de-lobservador\/meteors-relacionats-amb-la-precipitacio\/neu\/\">Neu<\/a><\/li>\n\t<li class=\"page_item page-item-1612\"><a href=\"https:\/\/www.meteo.cat\/wpweb\/divulgacio\/equipaments-meteorologics\/observadors-meteorologics\/manual-de-lobservador\/meteors-relacionats-amb-la-precipitacio\/neu-sobre-el-terra\/\">Neu sobre terra<\/a><\/li>\n\t<li class=\"page_item page-item-1615\"><a href=\"https:\/\/www.meteo.cat\/wpweb\/divulgacio\/equipaments-meteorologics\/observadors-meteorologics\/manual-de-lobservador\/meteors-relacionats-amb-la-precipitacio\/les-precipitacions-i-els-generes-de-nuvols-associats\/\">Les precipitacions i els g\u00e8neres de n\u00favols associats<\/a><\/li>\n\t<li class=\"page_item page-item-1618\"><a href=\"https:\/\/www.meteo.cat\/wpweb\/divulgacio\/equipaments-meteorologics\/observadors-meteorologics\/manual-de-lobservador\/meteors-relacionats-amb-la-precipitacio\/llamps-i-trons-llunyans\/\">Llamps i trons llunyans<\/a><\/li>\n\t<li class=\"page_item page-item-1621\"><a href=\"https:\/\/www.meteo.cat\/wpweb\/divulgacio\/equipaments-meteorologics\/observadors-meteorologics\/manual-de-lobservador\/meteors-relacionats-amb-la-precipitacio\/foc-de-sant-elm\/\">Foc de Sant Elm<\/a><\/li>\n<\/ul>\n<\/li>\n<li class=\"page_item page-item-1326 page_item_has_children\"><a href=\"https:\/\/www.meteo.cat\/wpweb\/divulgacio\/equipaments-meteorologics\/observadors-meteorologics\/manual-de-lobservador\/generes-de-nuvols\/\">G\u00e8neres de n\u00favols<\/a>\n<ul class='children'>\n\t<li class=\"page_item page-item-1626\"><a href=\"https:\/\/www.meteo.cat\/wpweb\/divulgacio\/equipaments-meteorologics\/observadors-meteorologics\/manual-de-lobservador\/generes-de-nuvols\/nuvols\/\">N\u00favols<\/a><\/li>\n\t<li class=\"page_item page-item-1629\"><a href=\"https:\/\/www.meteo.cat\/wpweb\/divulgacio\/equipaments-meteorologics\/observadors-meteorologics\/manual-de-lobservador\/generes-de-nuvols\/ci-cirrus\/\">Ci &#8211; Cirrus<\/a><\/li>\n\t<li class=\"page_item page-item-1632\"><a href=\"https:\/\/www.meteo.cat\/wpweb\/divulgacio\/equipaments-meteorologics\/observadors-meteorologics\/manual-de-lobservador\/generes-de-nuvols\/cs-cirrostrats\/\">Cs &#8211; Cirroestratus<\/a><\/li>\n\t<li class=\"page_item page-item-1635\"><a href=\"https:\/\/www.meteo.cat\/wpweb\/divulgacio\/equipaments-meteorologics\/observadors-meteorologics\/manual-de-lobservador\/generes-de-nuvols\/cc-cirrocumuls\/\">Cc -Cirroc\u00famulus<\/a><\/li>\n\t<li class=\"page_item page-item-1638\"><a href=\"https:\/\/www.meteo.cat\/wpweb\/divulgacio\/equipaments-meteorologics\/observadors-meteorologics\/manual-de-lobservador\/generes-de-nuvols\/altostrats\/\">Altoestratus<\/a><\/li>\n\t<li class=\"page_item page-item-1641\"><a href=\"https:\/\/www.meteo.cat\/wpweb\/divulgacio\/equipaments-meteorologics\/observadors-meteorologics\/manual-de-lobservador\/generes-de-nuvols\/ac-altocumuls\/\">Ac &#8211; Altoc\u00famulus<\/a><\/li>\n\t<li class=\"page_item page-item-1644\"><a href=\"https:\/\/www.meteo.cat\/wpweb\/divulgacio\/equipaments-meteorologics\/observadors-meteorologics\/manual-de-lobservador\/generes-de-nuvols\/ns-nimbostrats\/\">Ns &#8211; Nimboestratus<\/a><\/li>\n\t<li class=\"page_item page-item-1647\"><a href=\"https:\/\/www.meteo.cat\/wpweb\/divulgacio\/equipaments-meteorologics\/observadors-meteorologics\/manual-de-lobservador\/generes-de-nuvols\/cb-cumulonimbus\/\">Cb &#8211; Cumulonimbus<\/a><\/li>\n\t<li class=\"page_item page-item-1650\"><a href=\"https:\/\/www.meteo.cat\/wpweb\/divulgacio\/equipaments-meteorologics\/observadors-meteorologics\/manual-de-lobservador\/generes-de-nuvols\/cu-cumuls\/\">Cu &#8211; C\u00famulus<\/a><\/li>\n\t<li class=\"page_item page-item-1653\"><a href=\"https:\/\/www.meteo.cat\/wpweb\/divulgacio\/equipaments-meteorologics\/observadors-meteorologics\/manual-de-lobservador\/generes-de-nuvols\/sc-estratocumuls\/\">Sc &#8211; Estratoc\u00famulus<\/a><\/li>\n\t<li class=\"page_item page-item-1656\"><a href=\"https:\/\/www.meteo.cat\/wpweb\/divulgacio\/equipaments-meteorologics\/observadors-meteorologics\/manual-de-lobservador\/generes-de-nuvols\/st-estrats\/\">St &#8211; Estratus<\/a><\/li>\n\t<li class=\"page_item page-item-1659\"><a href=\"https:\/\/www.meteo.cat\/wpweb\/divulgacio\/equipaments-meteorologics\/observadors-meteorologics\/manual-de-lobservador\/generes-de-nuvols\/diferencies-entre-generes-de-nuvols-similars\/\">Difer\u00e8ncies entre g\u00e8neres de n\u00favols similars<\/a><\/li>\n\t<li class=\"page_item page-item-1662\"><a href=\"https:\/\/www.meteo.cat\/wpweb\/divulgacio\/equipaments-meteorologics\/observadors-meteorologics\/manual-de-lobservador\/generes-de-nuvols\/els-nuvols-especials-i-particularitats-suplementaries-dalguns-generes\/\">Els n\u00favols especials i particularitats suplement\u00e0ries d&#8217;alguns g\u00e8neres<\/a><\/li>\n<\/ul>\n<\/li>\n<\/ul>\n","protected":false},"excerpt":{"rendered":"<p>Eina de consulta i de formaci\u00f3 per al col\u00b7lectiu de col\u00b7laboradors de la Xarxa d&#8217;Observadors Meteorol\u00f2gics (XOM), editat amb la finalitat d&#8217;unificar els criteris que identifiquen els fen\u00f2mens meteorol\u00f2gics i resoldre dubtes i ambig\u00fcitats comuns en la seva interpretaci\u00f3. El manual s&#8217;estructura en un conjunt de fitxes, una per a cada fenomen atmosf\u00e8ric o g\u00e8nere [&hellip;]<\/p>\n","protected":false},"author":4,"featured_media":0,"parent":144,"menu_order":0,"comment_status":"closed","ping_status":"open","template":"template-sidebar.php","meta":{"_mi_skip_tracking":false,"_monsterinsights_sitenote_active":false,"_monsterinsights_sitenote_note":"","_monsterinsights_sitenote_category":0},"_links":{"self":[{"href":"https:\/\/www.meteo.cat\/wpweb\/wp-json\/wp\/v2\/pages\/1109"}],"collection":[{"href":"https:\/\/www.meteo.cat\/wpweb\/wp-json\/wp\/v2\/pages"}],"about":[{"href":"https:\/\/www.meteo.cat\/wpweb\/wp-json\/wp\/v2\/types\/page"}],"author":[{"embeddable":true,"href":"https:\/\/www.meteo.cat\/wpweb\/wp-json\/wp\/v2\/users\/4"}],"replies":[{"embeddable":true,"href":"https:\/\/www.meteo.cat\/wpweb\/wp-json\/wp\/v2\/comments?post=1109"}],"version-history":[{"count":19,"href":"https:\/\/www.meteo.cat\/wpweb\/wp-json\/wp\/v2\/pages\/1109\/revisions"}],"predecessor-version":[{"id":34038,"href":"https:\/\/www.meteo.cat\/wpweb\/wp-json\/wp\/v2\/pages\/1109\/revisions\/34038"}],"up":[{"embeddable":true,"href":"https:\/\/www.meteo.cat\/wpweb\/wp-json\/wp\/v2\/pages\/144"}],"wp:attachment":[{"href":"https:\/\/www.meteo.cat\/wpweb\/wp-json\/wp\/v2\/media?parent=1109"}],"curies":[{"name":"wp","href":"https:\/\/api.w.org\/{rel}","templated":true}]}}